{"id":976,"date":"2025-01-07T21:16:07","date_gmt":"2025-01-07T21:16:07","guid":{"rendered":"https:\/\/www.hairtrans.net\/fr\/?page_id=976"},"modified":"2025-09-28T20:36:22","modified_gmt":"2025-09-28T20:36:22","slug":"otoplastie-esthetique-de-loreille","status":"publish","type":"page","link":"https:\/\/www.hairtrans.net\/fr\/otoplastie-esthetique-de-loreille\/","title":{"rendered":"Otoplastie (esth\u00e9tique de l&#8217;oreille)"},"content":{"rendered":"\t\t<div data-elementor-type=\"wp-page\" data-elementor-id=\"976\" class=\"elementor elementor-976\" data-elementor-post-type=\"page\">\n\t\t\t\t\t\t<section class=\"elementor-section elementor-top-section elementor-element elementor-element-1f1fae0c elementor-section-full_width elementor-section-height-default elementor-section-height-default\" data-id=\"1f1fae0c\" data-element_type=\"section\" data-e-type=\"section\" data-settings=\"{&quot;background_background&quot;:&quot;classic&quot;}\">\n\t\t\t\t\t\t\t<div class=\"elementor-background-overlay\"><\/div>\n\t\t\t\t\t\t\t<div class=\"elementor-container elementor-column-gap-default\">\n\t\t\t\t\t<div class=\"elementor-column elementor-col-100 elementor-top-column elementor-element elementor-element-f4b8450\" data-id=\"f4b8450\" data-element_type=\"column\" data-e-type=\"column\">\n\t\t\t<div class=\"elementor-widget-wrap elementor-element-populated\">\n\t\t\t\t\t\t<div class=\"elementor-element elementor-element-1fc50d27 elementor-widget elementor-widget-heading\" data-id=\"1fc50d27\" data-element_type=\"widget\" data-e-type=\"widget\" data-widget_type=\"heading.default\">\n\t\t\t\t<div class=\"elementor-widget-container\">\n\t\t\t\t\t<h1 class=\"elementor-heading-title elementor-size-default\">Otoplastie (esth\u00e9tique de l'oreille)<\/h1>\t\t\t\t<\/div>\n\t\t\t\t<\/div>\n\t\t\t\t<div class=\"elementor-element elementor-element-5e5dd268 elementor-widget elementor-widget-heading\" data-id=\"5e5dd268\" data-element_type=\"widget\" data-e-type=\"widget\" data-widget_type=\"heading.default\">\n\t\t\t\t<div class=\"elementor-widget-container\">\n\t\t\t\t\t<h2 class=\"elementor-heading-title elementor-size-default\">Life Time Chirurgie plastique<\/h2>\t\t\t\t<\/div>\n\t\t\t\t<\/div>\n\t\t\t\t<div class=\"elementor-element elementor-element-44aaff34 elementor-widget elementor-widget-text-editor\" data-id=\"44aaff34\" data-element_type=\"widget\" data-e-type=\"widget\" data-widget_type=\"text-editor.default\">\n\t\t\t\t<div class=\"elementor-widget-container\">\n\t\t\t\t\t\t\t\t\t<p class=\"font_3 wixui-rich-text__text\">L&#8217;esth\u00e9tique de l&#8217;oreille est une proc\u00e9dure chirurgicale qui corrige la forme, la taille ou la position de la structure de l&#8217;oreille. Elle est pr\u00e9f\u00e9r\u00e9e pour les probl\u00e8mes esth\u00e9tiques et fonctionnels.<\/p>\t\t\t\t\t\t\t\t<\/div>\n\t\t\t\t<\/div>\n\t\t\t\t<div class=\"elementor-element elementor-element-29e3b98 elementor-align-center elementor-widget elementor-widget-button\" data-id=\"29e3b98\" data-element_type=\"widget\" data-e-type=\"widget\" data-widget_type=\"button.default\">\n\t\t\t\t<div class=\"elementor-widget-container\">\n\t\t\t\t\t\t\t\t\t<div class=\"elementor-button-wrapper\">\n\t\t\t\t\t<a class=\"elementor-button elementor-button-link elementor-size-sm\" href=\"#get-free-consultation\">\n\t\t\t\t\t\t<span class=\"elementor-button-content-wrapper\">\n\t\t\t\t\t\t\t\t\t<span class=\"elementor-button-text\">Consultation gratuite !<\/span>\n\t\t\t\t\t<\/span>\n\t\t\t\t\t<\/a>\n\t\t\t\t<\/div>\n\t\t\t\t\t\t\t\t<\/div>\n\t\t\t\t<\/div>\n\t\t\t\t\t<\/div>\n\t\t<\/div>\n\t\t\t\t\t<\/div>\n\t\t<\/section>\n\t\t\t\t<section class=\"elementor-section elementor-top-section elementor-element elementor-element-72780341 elementor-section-boxed elementor-section-height-default elementor-section-height-default\" data-id=\"72780341\" data-element_type=\"section\" data-e-type=\"section\">\n\t\t\t\t\t\t<div class=\"elementor-container elementor-column-gap-default\">\n\t\t\t\t\t<div class=\"elementor-column elementor-col-100 elementor-top-column elementor-element elementor-element-497dcc1d\" data-id=\"497dcc1d\" data-element_type=\"column\" data-e-type=\"column\">\n\t\t\t<div class=\"elementor-widget-wrap elementor-element-populated\">\n\t\t\t\t\t\t<div class=\"elementor-element elementor-element-67dc9cf5 elementor-widget elementor-widget-text-editor\" data-id=\"67dc9cf5\" data-element_type=\"widget\" data-e-type=\"widget\" data-widget_type=\"text-editor.default\">\n\t\t\t\t<div class=\"elementor-widget-container\">\n\t\t\t\t\t\t\t\t\t<p>Le probl\u00e8me de l&#8217;oreille pro\u00e9minente est d\u00fb \u00e0 un niveau insuffisant du pli cartilagineux en forme de Y. Ce cartilage en forme de Y est situ\u00e9 dans la zone de pro\u00e9minence de l&#8217;oreille. Ce cartilage en forme de Y est situ\u00e9 dans la zone de pro\u00e9minence de l&#8217;oreille. Si le tissu cartilagineux ne se d\u00e9veloppe pas suffisamment, l&#8217;angle entre celui-ci et le cr\u00e2ne s&#8217;\u00e9largit. Par cons\u00e9quent, la protub\u00e9rance de l&#8217;oreille penche vers l&#8217;avant. En cons\u00e9quence, les oreilles prennent un aspect ouvert avec un angle plus large. L&#8217;angle entre l&#8217;oreille et la t\u00eate doit \u00eatre de 30 degr\u00e9s dans des conditions normales. Si l&#8217;on d\u00e9passe ces valeurs, des angles plus importants apparaissent. Cela indique que vous \u00eates confront\u00e9 \u00e0 un probl\u00e8me d&#8217;oreille pro\u00e9minent.<\/p>\t\t\t\t\t\t\t\t<\/div>\n\t\t\t\t<\/div>\n\t\t\t\t<div class=\"elementor-element elementor-element-7cf6661 elementor-widget elementor-widget-heading\" data-id=\"7cf6661\" data-element_type=\"widget\" data-e-type=\"widget\" data-widget_type=\"heading.default\">\n\t\t\t\t<div class=\"elementor-widget-container\">\n\t\t\t\t\t<h2 class=\"elementor-heading-title elementor-size-default\">Comment se produit la d\u00e9formation de l'oreille pro\u00e9minente ?<\/h2>\t\t\t\t<\/div>\n\t\t\t\t<\/div>\n\t\t\t\t<div class=\"elementor-element elementor-element-0e229e2 elementor-widget elementor-widget-text-editor\" data-id=\"0e229e2\" data-element_type=\"widget\" data-e-type=\"widget\" data-widget_type=\"text-editor.default\">\n\t\t\t\t<div class=\"elementor-widget-container\">\n\t\t\t\t\t\t\t\t\t<p>La d\u00e9formation de l&#8217;oreille pro\u00e9minente peut \u00eatre d\u00e9finie comme un angle important entre l&#8217;arri\u00e8re de l&#8217;oreille et la t\u00eate. Cette condition se d\u00e9veloppe g\u00e9n\u00e9ralement en raison de facteurs g\u00e9n\u00e9tiques. Toutefois, des traumatismes survenus pendant et apr\u00e8s la naissance peuvent \u00e9galement en \u00eatre \u00e0 l&#8217;origine.<\/p>\t\t\t\t\t\t\t\t<\/div>\n\t\t\t\t<\/div>\n\t\t\t\t\t<\/div>\n\t\t<\/div>\n\t\t\t\t\t<\/div>\n\t\t<\/section>\n\t\t\t\t<section class=\"elementor-section elementor-top-section elementor-element elementor-element-2e92089b elementor-section-stretched elementor-section-boxed elementor-section-height-default elementor-section-height-default\" data-id=\"2e92089b\" data-element_type=\"section\" data-e-type=\"section\" data-settings=\"{&quot;background_background&quot;:&quot;classic&quot;,&quot;stretch_section&quot;:&quot;section-stretched&quot;}\">\n\t\t\t\t\t\t<div class=\"elementor-container elementor-column-gap-default\">\n\t\t\t\t\t<div class=\"elementor-column elementor-col-100 elementor-top-column elementor-element elementor-element-166d0b4c\" data-id=\"166d0b4c\" data-element_type=\"column\" data-e-type=\"column\">\n\t\t\t<div class=\"elementor-widget-wrap elementor-element-populated\">\n\t\t\t\t\t\t<section class=\"elementor-section elementor-inner-section elementor-element elementor-element-3cc5ace4 elementor-section-boxed elementor-section-height-default elementor-section-height-default\" data-id=\"3cc5ace4\" data-element_type=\"section\" data-e-type=\"section\">\n\t\t\t\t\t\t<div class=\"elementor-container elementor-column-gap-default\">\n\t\t\t\t\t<div class=\"elementor-column elementor-col-50 elementor-inner-column elementor-element elementor-element-ca5c2cb\" data-id=\"ca5c2cb\" data-element_type=\"column\" data-e-type=\"column\">\n\t\t\t<div class=\"elementor-widget-wrap elementor-element-populated\">\n\t\t\t\t\t\t<div class=\"elementor-element elementor-element-fe63c2a elementor-widget elementor-widget-image\" data-id=\"fe63c2a\" data-element_type=\"widget\" data-e-type=\"widget\" data-widget_type=\"image.default\">\n\t\t\t\t<div class=\"elementor-widget-container\">\n\t\t\t\t\t\t\t\t\t\t\t\t\t\t\t<img fetchpriority=\"high\" decoding=\"async\" width=\"1024\" height=\"1024\" src=\"https:\/\/www.hairtrans.net\/fr\/wp-content\/uploads\/2025\/01\/2-17-1024x1024.webp\" class=\"attachment-large size-large wp-image-1758\" alt=\"\" srcset=\"https:\/\/www.hairtrans.net\/fr\/wp-content\/uploads\/2025\/01\/2-17-1024x1024.webp 1024w, https:\/\/www.hairtrans.net\/fr\/wp-content\/uploads\/2025\/01\/2-17-300x300.webp 300w, https:\/\/www.hairtrans.net\/fr\/wp-content\/uploads\/2025\/01\/2-17-150x150.webp 150w, https:\/\/www.hairtrans.net\/fr\/wp-content\/uploads\/2025\/01\/2-17-768x768.webp 768w, https:\/\/www.hairtrans.net\/fr\/wp-content\/uploads\/2025\/01\/2-17.webp 1080w\" sizes=\"(max-width: 1024px) 100vw, 1024px\" \/>\t\t\t\t\t\t\t\t\t\t\t\t\t\t\t<\/div>\n\t\t\t\t<\/div>\n\t\t\t\t\t<\/div>\n\t\t<\/div>\n\t\t\t\t<div class=\"elementor-column elementor-col-50 elementor-inner-column elementor-element elementor-element-21dfea25\" data-id=\"21dfea25\" data-element_type=\"column\" data-e-type=\"column\">\n\t\t\t<div class=\"elementor-widget-wrap elementor-element-populated\">\n\t\t\t\t\t\t<div class=\"elementor-element elementor-element-7c24540 elementor-widget elementor-widget-heading\" data-id=\"7c24540\" data-element_type=\"widget\" data-e-type=\"widget\" data-widget_type=\"heading.default\">\n\t\t\t\t<div class=\"elementor-widget-container\">\n\t\t\t\t\t<h2 class=\"elementor-heading-title elementor-size-default\">Qu'est-ce que la chirurgie de l'oreille pro\u00e9minente (otoplastie) ?<\/h2>\t\t\t\t<\/div>\n\t\t\t\t<\/div>\n\t\t\t\t<div class=\"elementor-element elementor-element-25821da3 elementor-widget elementor-widget-text-editor\" data-id=\"25821da3\" data-element_type=\"widget\" data-e-type=\"widget\" data-widget_type=\"text-editor.default\">\n\t\t\t\t<div class=\"elementor-widget-container\">\n\t\t\t\t\t\t\t\t\t<p>L&#8217;otoplastie est une op\u00e9ration de modelage de l&#8217;oreille visant \u00e0 supprimer l&#8217;aspect pro\u00e9minent de l&#8217;oreille. L&#8217;objectif est de corriger l&#8217;apparence des grandes oreilles et des plis inad\u00e9quats dans le pavillon de l&#8217;oreille. La premi\u00e8re raison de la d\u00e9formation de l&#8217;oreille est que l&#8217;angle d&#8217;ouverture entre l&#8217;oreille et la t\u00eate est trop grand. Il en r\u00e9sulte un aspect plus large de l&#8217;oreille. Afin de minimiser l&#8217;exc\u00e8s d&#8217;angle dans le traitement de ces probl\u00e8mes, des points de suture efficaces sont appliqu\u00e9s au point de jonction et la protub\u00e9rance de l&#8217;oreille est rapproch\u00e9e de la t\u00eate. La diff\u00e9rence d&#8217;angle est ainsi r\u00e9duite.<\/p><p>La deuxi\u00e8me cause de d\u00e9formation est que les plis qui devraient se trouver sur l&#8217;oreille ne sont pas form\u00e9s. Dans ce cas, on constate que l&#8217;oreille est plate. Des points de suture solides sont plac\u00e9s dans la zone qui devrait \u00eatre incurv\u00e9e dans la protub\u00e9rance de l&#8217;oreille et la structure cartilagineuse est pli\u00e9e. Ce processus permet d&#8217;\u00e9liminer l&#8217;aspect plat de l&#8217;oreille.<\/p>\t\t\t\t\t\t\t\t<\/div>\n\t\t\t\t<\/div>\n\t\t\t\t\t<\/div>\n\t\t<\/div>\n\t\t\t\t\t<\/div>\n\t\t<\/section>\n\t\t\t\t\t<\/div>\n\t\t<\/div>\n\t\t\t\t\t<\/div>\n\t\t<\/section>\n\t\t\t\t<section class=\"elementor-section elementor-top-section elementor-element elementor-element-2e9d42dc elementor-section-stretched elementor-section-boxed elementor-section-height-default elementor-section-height-default\" data-id=\"2e9d42dc\" data-element_type=\"section\" data-e-type=\"section\" data-settings=\"{&quot;background_background&quot;:&quot;classic&quot;,&quot;stretch_section&quot;:&quot;section-stretched&quot;}\">\n\t\t\t\t\t\t<div class=\"elementor-container elementor-column-gap-default\">\n\t\t\t\t\t<div class=\"elementor-column elementor-col-100 elementor-top-column elementor-element elementor-element-27a223d1\" data-id=\"27a223d1\" data-element_type=\"column\" data-e-type=\"column\">\n\t\t\t<div class=\"elementor-widget-wrap elementor-element-populated\">\n\t\t\t\t\t\t<div class=\"elementor-element elementor-element-54ca982e elementor-widget elementor-widget-heading\" data-id=\"54ca982e\" data-element_type=\"widget\" data-e-type=\"widget\" data-widget_type=\"heading.default\">\n\t\t\t\t<div class=\"elementor-widget-container\">\n\t\t\t\t\t<h2 class=\"elementor-heading-title elementor-size-default\">Comment l'otoplastie est-elle pratiqu\u00e9e ?<\/h2>\t\t\t\t<\/div>\n\t\t\t\t<\/div>\n\t\t\t\t<div class=\"elementor-element elementor-element-7667c9b elementor-widget elementor-widget-text-editor\" data-id=\"7667c9b\" data-element_type=\"widget\" data-e-type=\"widget\" data-widget_type=\"text-editor.default\">\n\t\t\t\t<div class=\"elementor-widget-container\">\n\t\t\t\t\t\t\t\t\t<p>L&#8217;otoplastie est pratiqu\u00e9e sous anesth\u00e9sie locale ou g\u00e9n\u00e9rale chez l&#8217;adulte. Chez l&#8217;enfant, elle est r\u00e9alis\u00e9e sous anesth\u00e9sie g\u00e9n\u00e9rale. Une incision est pratiqu\u00e9e dans le pli derri\u00e8re l&#8217;oreille. Comme les points de suture restent \u00e0 l&#8217;arri\u00e8re de l&#8217;oreille, ils ne sont pas visibles de face. Il existe de nombreuses techniques chirurgicales pour corriger le probl\u00e8me des oreilles d\u00e9coll\u00e9es.<\/p>\t\t\t\t\t\t\t\t<\/div>\n\t\t\t\t<\/div>\n\t\t\t\t<section class=\"elementor-section elementor-inner-section elementor-element elementor-element-264e024 elementor-section-boxed elementor-section-height-default elementor-section-height-default\" data-id=\"264e024\" data-element_type=\"section\" data-e-type=\"section\">\n\t\t\t\t\t\t<div class=\"elementor-container elementor-column-gap-default\">\n\t\t\t\t\t<div class=\"elementor-column elementor-col-50 elementor-inner-column elementor-element elementor-element-52fc805f\" data-id=\"52fc805f\" data-element_type=\"column\" data-e-type=\"column\">\n\t\t\t<div class=\"elementor-widget-wrap elementor-element-populated\">\n\t\t\t\t\t\t<div class=\"elementor-element elementor-element-1d9bfc52 elementor-widget elementor-widget-text-editor\" data-id=\"1d9bfc52\" data-element_type=\"widget\" data-e-type=\"widget\" data-widget_type=\"text-editor.default\">\n\t\t\t\t<div class=\"elementor-widget-container\">\n\t\t\t\t\t\t\t\t\t<p>La flexibilit\u00e9 du cartilage \u00e9tant \u00e9lev\u00e9e chez les jeunes patients, la mise en forme se fait \u00e0 l&#8217;aide de points de suture. Afin de donner la forme souhait\u00e9e, certaines zones peuvent \u00eatre affaiblies par marquage et pliage. S&#8217;il y a un exc\u00e8s de tissu mou ou de tissu cartilagineux, il peut \u00eatre enlev\u00e9. \u00c0 la fin de l&#8217;op\u00e9ration, un pansement est appliqu\u00e9 sur le pavillon fa\u00e7onn\u00e9.<\/p>\t\t\t\t\t\t\t\t<\/div>\n\t\t\t\t<\/div>\n\t\t\t\t<div class=\"elementor-element elementor-element-da5430a elementor-widget elementor-widget-heading\" data-id=\"da5430a\" data-element_type=\"widget\" data-e-type=\"widget\" data-widget_type=\"heading.default\">\n\t\t\t\t<div class=\"elementor-widget-container\">\n\t\t\t\t\t<h2 class=\"elementor-heading-title elementor-size-default\">Quand la chirurgie de l'oreille pro\u00e9minente est-elle pratiqu\u00e9e ?<\/h2>\t\t\t\t<\/div>\n\t\t\t\t<\/div>\n\t\t\t\t<div class=\"elementor-element elementor-element-f19a6f4 elementor-widget elementor-widget-text-editor\" data-id=\"f19a6f4\" data-element_type=\"widget\" data-e-type=\"widget\" data-widget_type=\"text-editor.default\">\n\t\t\t\t<div class=\"elementor-widget-container\">\n\t\t\t\t\t\t\t\t\t<p>Les probl\u00e8mes d&#8217;oreille importants peuvent laisser des cicatrices n\u00e9gatives, surtout \u00e0 un jeune \u00e2ge. Il convient donc d&#8217;intervenir sans perdre de temps. Lorsqu&#8217;une personne atteint l&#8217;\u00e2ge de 6 ans, presque tout le d\u00e9veloppement de l&#8217;oreille a lieu. Il est donc possible de subir une intervention chirurgicale \u00e0 un \u00e2ge pr\u00e9coce. L&#8217;enfance est g\u00e9n\u00e9ralement consid\u00e9r\u00e9e comme propice \u00e0 la chirurgie de l&#8217;oreille pro\u00e9minente. Toutefois, cette op\u00e9ration peut \u00eatre pratiqu\u00e9e dans toutes les tranches d&#8217;\u00e2ge qui sont g\u00ean\u00e9es par l&#8217;apparence de leurs oreilles.<\/p>\t\t\t\t\t\t\t\t<\/div>\n\t\t\t\t<\/div>\n\t\t\t\t\t<\/div>\n\t\t<\/div>\n\t\t\t\t<div class=\"elementor-column elementor-col-50 elementor-inner-column elementor-element elementor-element-5825d329\" data-id=\"5825d329\" data-element_type=\"column\" data-e-type=\"column\">\n\t\t\t<div class=\"elementor-widget-wrap elementor-element-populated\">\n\t\t\t\t\t\t<div class=\"elementor-element elementor-element-fa9906f elementor-widget elementor-widget-image\" data-id=\"fa9906f\" data-element_type=\"widget\" data-e-type=\"widget\" data-widget_type=\"image.default\">\n\t\t\t\t<div class=\"elementor-widget-container\">\n\t\t\t\t\t\t\t\t\t\t\t\t\t\t\t<img decoding=\"async\" width=\"1024\" height=\"1024\" src=\"https:\/\/www.hairtrans.net\/fr\/wp-content\/uploads\/2025\/01\/3-17-1024x1024.webp\" class=\"attachment-large size-large wp-image-1759\" alt=\"\" srcset=\"https:\/\/www.hairtrans.net\/fr\/wp-content\/uploads\/2025\/01\/3-17-1024x1024.webp 1024w, https:\/\/www.hairtrans.net\/fr\/wp-content\/uploads\/2025\/01\/3-17-300x300.webp 300w, https:\/\/www.hairtrans.net\/fr\/wp-content\/uploads\/2025\/01\/3-17-150x150.webp 150w, https:\/\/www.hairtrans.net\/fr\/wp-content\/uploads\/2025\/01\/3-17-768x768.webp 768w, https:\/\/www.hairtrans.net\/fr\/wp-content\/uploads\/2025\/01\/3-17.webp 1080w\" sizes=\"(max-width: 1024px) 100vw, 1024px\" \/>\t\t\t\t\t\t\t\t\t\t\t\t\t\t\t<\/div>\n\t\t\t\t<\/div>\n\t\t\t\t\t<\/div>\n\t\t<\/div>\n\t\t\t\t\t<\/div>\n\t\t<\/section>\n\t\t\t\t\t<\/div>\n\t\t<\/div>\n\t\t\t\t\t<\/div>\n\t\t<\/section>\n\t\t\t\t<section class=\"elementor-section elementor-top-section elementor-element elementor-element-64472a8 elementor-section-boxed elementor-section-height-default elementor-section-height-default\" data-id=\"64472a8\" data-element_type=\"section\" data-e-type=\"section\" data-settings=\"{&quot;background_background&quot;:&quot;classic&quot;}\">\n\t\t\t\t\t\t<div class=\"elementor-container elementor-column-gap-default\">\n\t\t\t\t\t<div class=\"elementor-column elementor-col-100 elementor-top-column elementor-element elementor-element-189d311f\" data-id=\"189d311f\" data-element_type=\"column\" data-e-type=\"column\">\n\t\t\t<div class=\"elementor-widget-wrap elementor-element-populated\">\n\t\t\t\t\t\t<div class=\"elementor-element elementor-element-2825674a elementor-widget elementor-widget-heading\" data-id=\"2825674a\" data-element_type=\"widget\" data-e-type=\"widget\" data-widget_type=\"heading.default\">\n\t\t\t\t<div class=\"elementor-widget-container\">\n\t\t\t\t\t<h2 class=\"elementor-heading-title elementor-size-default\">Quel est le processus apr\u00e8s une chirurgie d'otoplastie ?<\/h2>\t\t\t\t<\/div>\n\t\t\t\t<\/div>\n\t\t\t\t<div class=\"elementor-element elementor-element-7227122d elementor-widget elementor-widget-text-editor\" data-id=\"7227122d\" data-element_type=\"widget\" data-e-type=\"widget\" data-widget_type=\"text-editor.default\">\n\t\t\t\t<div class=\"elementor-widget-container\">\n\t\t\t\t\t\t\t\t\t<p>Le patient est vu un jour apr\u00e8s l&#8217;op\u00e9ration. Le pansement est chang\u00e9 ou enlev\u00e9. Il n&#8217;y a g\u00e9n\u00e9ralement pas de douleur apr\u00e8s l&#8217;op\u00e9ration. M\u00eame si elle est ressentie, elle peut \u00eatre contr\u00f4l\u00e9e par des analg\u00e9siques. Il s&#8217;agit donc de douleurs l\u00e9g\u00e8res. Le bandeau est appliqu\u00e9 jour et nuit pendant environ 1 semaine. Les jours suivants, il est demand\u00e9 de ne le porter que la nuit. Les jeunes enfants peuvent retourner \u00e0 l&#8217;\u00e9cole apr\u00e8s une semaine. Les adultes peuvent reprendre le travail beaucoup plus t\u00f4t. Pendant 2 semaines, les activit\u00e9s physiques sont limit\u00e9es. Les sports de contact sont d\u00e9conseill\u00e9s pendant au moins 2 mois. Les contr\u00f4les sont plus fr\u00e9quents au cours des premi\u00e8res semaines. Ces suivis sont ensuite effectu\u00e9s \u00e0 3 et 12 mois.<\/p>\t\t\t\t\t\t\t\t<\/div>\n\t\t\t\t<\/div>\n\t\t\t\t\t<\/div>\n\t\t<\/div>\n\t\t\t\t\t<\/div>\n\t\t<\/section>\n\t\t\t\t<section class=\"elementor-section elementor-top-section elementor-element elementor-element-5d4eb387 elementor-section-stretched elementor-section-boxed elementor-section-height-default elementor-section-height-default\" data-id=\"5d4eb387\" data-element_type=\"section\" data-e-type=\"section\" data-settings=\"{&quot;background_background&quot;:&quot;classic&quot;,&quot;stretch_section&quot;:&quot;section-stretched&quot;}\">\n\t\t\t\t\t\t<div class=\"elementor-container elementor-column-gap-default\">\n\t\t\t\t\t<div class=\"elementor-column elementor-col-100 elementor-top-column elementor-element elementor-element-3625436d\" data-id=\"3625436d\" data-element_type=\"column\" data-e-type=\"column\">\n\t\t\t<div class=\"elementor-widget-wrap elementor-element-populated\">\n\t\t\t\t\t\t<section class=\"elementor-section elementor-inner-section elementor-element elementor-element-3e65d33d elementor-section-boxed elementor-section-height-default elementor-section-height-default\" data-id=\"3e65d33d\" data-element_type=\"section\" data-e-type=\"section\">\n\t\t\t\t\t\t<div class=\"elementor-container elementor-column-gap-default\">\n\t\t\t\t\t<div class=\"elementor-column elementor-col-50 elementor-inner-column elementor-element elementor-element-6d3b91b3\" data-id=\"6d3b91b3\" data-element_type=\"column\" data-e-type=\"column\">\n\t\t\t<div class=\"elementor-widget-wrap elementor-element-populated\">\n\t\t\t\t\t\t<div class=\"elementor-element elementor-element-2fad0dbe elementor-widget elementor-widget-image\" data-id=\"2fad0dbe\" data-element_type=\"widget\" data-e-type=\"widget\" data-widget_type=\"image.default\">\n\t\t\t\t<div class=\"elementor-widget-container\">\n\t\t\t\t\t\t\t\t\t\t\t\t\t\t\t<img decoding=\"async\" width=\"1024\" height=\"1024\" src=\"https:\/\/www.hairtrans.net\/fr\/wp-content\/uploads\/2025\/01\/4-17-1024x1024.webp\" class=\"attachment-large size-large wp-image-1760\" alt=\"\" srcset=\"https:\/\/www.hairtrans.net\/fr\/wp-content\/uploads\/2025\/01\/4-17-1024x1024.webp 1024w, https:\/\/www.hairtrans.net\/fr\/wp-content\/uploads\/2025\/01\/4-17-300x300.webp 300w, https:\/\/www.hairtrans.net\/fr\/wp-content\/uploads\/2025\/01\/4-17-150x150.webp 150w, https:\/\/www.hairtrans.net\/fr\/wp-content\/uploads\/2025\/01\/4-17-768x768.webp 768w, https:\/\/www.hairtrans.net\/fr\/wp-content\/uploads\/2025\/01\/4-17.webp 1080w\" sizes=\"(max-width: 1024px) 100vw, 1024px\" \/>\t\t\t\t\t\t\t\t\t\t\t\t\t\t\t<\/div>\n\t\t\t\t<\/div>\n\t\t\t\t\t<\/div>\n\t\t<\/div>\n\t\t\t\t<div class=\"elementor-column elementor-col-50 elementor-inner-column elementor-element elementor-element-37ff370f\" data-id=\"37ff370f\" data-element_type=\"column\" data-e-type=\"column\">\n\t\t\t<div class=\"elementor-widget-wrap elementor-element-populated\">\n\t\t\t\t\t\t<div class=\"elementor-element elementor-element-223b1d8f elementor-widget elementor-widget-heading\" data-id=\"223b1d8f\" data-element_type=\"widget\" data-e-type=\"widget\" data-widget_type=\"heading.default\">\n\t\t\t\t<div class=\"elementor-widget-container\">\n\t\t\t\t\t<h2 class=\"elementor-heading-title elementor-size-default\">Qui peut subir une otoplastie ?<\/h2>\t\t\t\t<\/div>\n\t\t\t\t<\/div>\n\t\t\t\t<div class=\"elementor-element elementor-element-2deae260 elementor-widget elementor-widget-text-editor\" data-id=\"2deae260\" data-element_type=\"widget\" data-e-type=\"widget\" data-widget_type=\"text-editor.default\">\n\t\t\t\t<div class=\"elementor-widget-container\">\n\t\t\t\t\t\t\t\t\t<p>L&#8217;otoplastie est une intervention chirurgicale qui peut \u00eatre appliqu\u00e9e aux personnes qui ne sont pas satisfaites de l&#8217;apparence de leurs oreilles. La pertinence de cette op\u00e9ration, qui peut \u00eatre pratiqu\u00e9e dans toutes les tranches d&#8217;\u00e2ge, de l&#8217;enfance \u00e0 l&#8217;\u00e2ge adulte, est d\u00e9termin\u00e9e par la prise en compte de facteurs tels que l&#8217;\u00e2ge de la personne, l&#8217;\u00e9tat de d\u00e9veloppement de la structure de l&#8217;oreille, l&#8217;\u00e9tat de sant\u00e9 et les attentes. L&#8217;otoplastie peut \u00eatre pr\u00e9f\u00e9r\u00e9e pour<\/p><p>les enfants dont le d\u00e9veloppement de l&#8217;oreille s&#8217;ach\u00e8ve g\u00e9n\u00e9ralement entre 4 et 6 ans<br \/>les adolescents \u00e0 la pubert\u00e9<br \/>les personnes qui ont des probl\u00e8mes esth\u00e9tiques \u00e0 l&#8217;\u00e2ge adulte<\/p>\t\t\t\t\t\t\t\t<\/div>\n\t\t\t\t<\/div>\n\t\t\t\t\t<\/div>\n\t\t<\/div>\n\t\t\t\t\t<\/div>\n\t\t<\/section>\n\t\t\t\t\t<\/div>\n\t\t<\/div>\n\t\t\t\t\t<\/div>\n\t\t<\/section>\n\t\t\t\t<section class=\"elementor-section elementor-top-section elementor-element elementor-element-7247e856 elementor-section-stretched elementor-section-boxed elementor-section-height-default elementor-section-height-default\" data-id=\"7247e856\" data-element_type=\"section\" data-e-type=\"section\" data-settings=\"{&quot;background_background&quot;:&quot;classic&quot;,&quot;stretch_section&quot;:&quot;section-stretched&quot;}\">\n\t\t\t\t\t\t<div class=\"elementor-container elementor-column-gap-default\">\n\t\t\t\t\t<div class=\"elementor-column elementor-col-100 elementor-top-column elementor-element elementor-element-1ba723cc\" data-id=\"1ba723cc\" data-element_type=\"column\" data-e-type=\"column\">\n\t\t\t<div class=\"elementor-widget-wrap elementor-element-populated\">\n\t\t\t\t\t\t<div class=\"elementor-element elementor-element-44c2a1f3 elementor-widget elementor-widget-heading\" data-id=\"44c2a1f3\" data-element_type=\"widget\" data-e-type=\"widget\" data-widget_type=\"heading.default\">\n\t\t\t\t<div class=\"elementor-widget-container\">\n\t\t\t\t\t<h2 class=\"elementor-heading-title elementor-size-default\">Quels sont les risques de l'otoplastie ?<\/h2>\t\t\t\t<\/div>\n\t\t\t\t<\/div>\n\t\t\t\t<div class=\"elementor-element elementor-element-2b6348f elementor-widget elementor-widget-text-editor\" data-id=\"2b6348f\" data-element_type=\"widget\" data-e-type=\"widget\" data-widget_type=\"text-editor.default\">\n\t\t\t\t<div class=\"elementor-widget-container\">\n\t\t\t\t\t\t\t\t\t<p>L&#8217;otoplastie, comme toute autre intervention chirurgicale, peut comporter certains risques et effets secondaires. Toutefois, ces risques sont g\u00e9n\u00e9ralement minimes. Le respect des instructions du m\u00e9decin avant l&#8217;op\u00e9ration de l&#8217;oreille pro\u00e9minente et des soins postop\u00e9ratoires m\u00e9ticuleux permettent d&#8217;\u00e9viter en grande partie les complications \u00e9ventuelles. Les risques et les complications qui peuvent survenir au cours d&#8217;une otoplastie peuvent \u00eatre \u00e9num\u00e9r\u00e9s comme suit :<\/p>\t\t\t\t\t\t\t\t<\/div>\n\t\t\t\t<\/div>\n\t\t\t\t<section class=\"elementor-section elementor-inner-section elementor-element elementor-element-31c15d5d elementor-section-boxed elementor-section-height-default elementor-section-height-default\" data-id=\"31c15d5d\" data-element_type=\"section\" data-e-type=\"section\">\n\t\t\t\t\t\t<div class=\"elementor-container elementor-column-gap-default\">\n\t\t\t\t\t<div class=\"elementor-column elementor-col-50 elementor-inner-column elementor-element elementor-element-44db30b4\" data-id=\"44db30b4\" data-element_type=\"column\" data-e-type=\"column\">\n\t\t\t<div class=\"elementor-widget-wrap elementor-element-populated\">\n\t\t\t\t\t\t<div class=\"elementor-element elementor-element-50c0486e elementor-widget elementor-widget-text-editor\" data-id=\"50c0486e\" data-element_type=\"widget\" data-e-type=\"widget\" data-widget_type=\"text-editor.default\">\n\t\t\t\t<div class=\"elementor-widget-container\">\n\t\t\t\t\t\t\t\t\t<ul><li><p>Une infection peut se d\u00e9velopper sur le site de l&#8217;op\u00e9ration, mais elle est g\u00e9n\u00e9ralement ma\u00eetris\u00e9e par un traitement antibiotique.<br \/>Une accumulation de sang (h\u00e9matome) peut se produire sous l&#8217;oreille ou dans les tissus environnants.<br \/>Il peut y avoir une diff\u00e9rence de sym\u00e9trie entre les deux oreilles pendant le processus de cicatrisation ou pendant l&#8217;op\u00e9ration.<br \/>Une cicatrice distincte peut subsister \u00e0 l&#8217;endroit o\u00f9 l&#8217;incision a \u00e9t\u00e9 pratiqu\u00e9e. Toutefois, ces cicatrices sont g\u00e9n\u00e9ralement invisibles car elles se trouvent g\u00e9n\u00e9ralement derri\u00e8re l&#8217;oreille.<br \/>Un affaiblissement du tissu cartilagineux ou un amincissement de la peau au niveau du site chirurgical peuvent se produire.<br \/>L&#8217;ouverture des sutures peut entra\u00eener une d\u00e9formation ind\u00e9sirable de la forme de l&#8217;oreille.<br \/>Dans de tr\u00e8s rares cas, un engourdissement permanent peut survenir en raison d&#8217;une l\u00e9sion nerveuse.<\/p><p>L&#8217;otoplastie est une intervention pratiqu\u00e9e par un chirurgien exp\u00e9riment\u00e9 et est g\u00e9n\u00e9ralement r\u00e9alis\u00e9e en 1 \u00e0 2 heures. Notre centre est l&#8217;un des principaux \u00e9tablissements dans ce domaine. Une l\u00e9g\u00e8re douleur et un gonflement peuvent survenir apr\u00e8s l&#8217;op\u00e9ration, mais les complications graves sont extr\u00eamement rares.<\/p><\/li><\/ul>\t\t\t\t\t\t\t\t<\/div>\n\t\t\t\t<\/div>\n\t\t\t\t\t<\/div>\n\t\t<\/div>\n\t\t\t\t<div class=\"elementor-column elementor-col-50 elementor-inner-column elementor-element elementor-element-76e7dc0f\" data-id=\"76e7dc0f\" data-element_type=\"column\" data-e-type=\"column\">\n\t\t\t<div class=\"elementor-widget-wrap elementor-element-populated\">\n\t\t\t\t\t\t<div class=\"elementor-element elementor-element-271ce8d2 elementor-widget elementor-widget-image\" data-id=\"271ce8d2\" data-element_type=\"widget\" data-e-type=\"widget\" data-widget_type=\"image.default\">\n\t\t\t\t<div class=\"elementor-widget-container\">\n\t\t\t\t\t\t\t\t\t\t\t\t\t\t\t<img loading=\"lazy\" decoding=\"async\" width=\"1024\" height=\"1024\" src=\"https:\/\/www.hairtrans.net\/fr\/wp-content\/uploads\/2025\/01\/5-16-1024x1024.webp\" class=\"attachment-large size-large wp-image-1761\" alt=\"\" srcset=\"https:\/\/www.hairtrans.net\/fr\/wp-content\/uploads\/2025\/01\/5-16-1024x1024.webp 1024w, https:\/\/www.hairtrans.net\/fr\/wp-content\/uploads\/2025\/01\/5-16-300x300.webp 300w, https:\/\/www.hairtrans.net\/fr\/wp-content\/uploads\/2025\/01\/5-16-150x150.webp 150w, https:\/\/www.hairtrans.net\/fr\/wp-content\/uploads\/2025\/01\/5-16-768x768.webp 768w, https:\/\/www.hairtrans.net\/fr\/wp-content\/uploads\/2025\/01\/5-16.webp 1080w\" sizes=\"(max-width: 1024px) 100vw, 1024px\" \/>\t\t\t\t\t\t\t\t\t\t\t\t\t\t\t<\/div>\n\t\t\t\t<\/div>\n\t\t\t\t\t<\/div>\n\t\t<\/div>\n\t\t\t\t\t<\/div>\n\t\t<\/section>\n\t\t\t\t<div class=\"elementor-element elementor-element-0745563 elementor-widget elementor-widget-text-editor\" data-id=\"0745563\" data-element_type=\"widget\" data-e-type=\"widget\" data-widget_type=\"text-editor.default\">\n\t\t\t\t<div class=\"elementor-widget-container\">\n\t\t\t\t\t\t\t\t\t<p>Le processus de gu\u00e9rison est g\u00e9n\u00e9ralement rapide et le patient peut reprendre sa vie quotidienne en peu de temps. La douleur et le gonflement postop\u00e9ratoires disparaissent g\u00e9n\u00e9ralement en 2 ou 3 jours. Les analg\u00e9siques recommand\u00e9s par le m\u00e9decin sp\u00e9cialiste contribuent \u00e0 rendre ce processus plus confortable. L&#8217;otoplastie est une intervention permanente qui emp\u00eache les oreilles de revenir \u00e0 leur \u00e9tat ant\u00e9rieur. En d&#8217;autres termes, le retour \u00e0 l&#8217;\u00e9tat ant\u00e9rieur n&#8217;existe pas. Il est recommand\u00e9 de porter un bandana pendant environ deux semaines apr\u00e8s l&#8217;op\u00e9ration pour soutenir le processus de gu\u00e9rison et prot\u00e9ger les oreilles. Cette p\u00e9riode peut varier selon les instructions du m\u00e9decin. Les points de suture utilis\u00e9s pendant l&#8217;op\u00e9ration se dissolvent et disparaissent en 5 \u00e0 7 jours, selon l&#8217;\u00e2ge de la personne.<\/p>\t\t\t\t\t\t\t\t<\/div>\n\t\t\t\t<\/div>\n\t\t\t\t\t<\/div>\n\t\t<\/div>\n\t\t\t\t\t<\/div>\n\t\t<\/section>\n\t\t\t\t<section class=\"elementor-section elementor-top-section elementor-element elementor-element-495857e7 elementor-section-boxed elementor-section-height-default elementor-section-height-default\" data-id=\"495857e7\" data-element_type=\"section\" data-e-type=\"section\">\n\t\t\t\t\t\t<div class=\"elementor-container elementor-column-gap-default\">\n\t\t\t\t\t<div class=\"elementor-column elementor-col-100 elementor-top-column elementor-element elementor-element-10b9015\" data-id=\"10b9015\" data-element_type=\"column\" data-e-type=\"column\">\n\t\t\t<div class=\"elementor-widget-wrap elementor-element-populated\">\n\t\t\t\t\t\t<div class=\"elementor-element elementor-element-27b5f785 elementor-widget elementor-widget-heading\" data-id=\"27b5f785\" data-element_type=\"widget\" data-e-type=\"widget\" data-widget_type=\"heading.default\">\n\t\t\t\t<div class=\"elementor-widget-container\">\n\t\t\t\t\t<h2 class=\"elementor-heading-title elementor-size-default\">Questions fr\u00e9quemment pos\u00e9es<\/h2>\t\t\t\t<\/div>\n\t\t\t\t<\/div>\n\t\t\t\t<div class=\"elementor-element elementor-element-23687ff8 elementor-widget elementor-widget-text-editor\" data-id=\"23687ff8\" data-element_type=\"widget\" data-e-type=\"widget\" data-widget_type=\"text-editor.default\">\n\t\t\t\t<div class=\"elementor-widget-container\">\n\t\t\t\t\t\t\t\t\t<p>Nos consultants m\u00e9dicaux pr\u00e9sents dans 8 pays sont \u00e0 votre service 24h\/24 et 7j\/7 pour vous accompagner \u00e0 tout moment.<\/p>\t\t\t\t\t\t\t\t<\/div>\n\t\t\t\t<\/div>\n\t\t\t\t<section class=\"elementor-section elementor-inner-section elementor-element elementor-element-78594718 elementor-section-boxed elementor-section-height-default elementor-section-height-default\" data-id=\"78594718\" data-element_type=\"section\" data-e-type=\"section\">\n\t\t\t\t\t\t<div class=\"elementor-container elementor-column-gap-default\">\n\t\t\t\t\t<div class=\"elementor-column elementor-col-50 elementor-inner-column elementor-element elementor-element-2041d589\" data-id=\"2041d589\" data-element_type=\"column\" data-e-type=\"column\">\n\t\t\t<div class=\"elementor-widget-wrap elementor-element-populated\">\n\t\t\t\t\t\t<div class=\"elementor-element elementor-element-34c3cd09 elementor-widget elementor-widget-accordion\" data-id=\"34c3cd09\" data-element_type=\"widget\" data-e-type=\"widget\" data-widget_type=\"accordion.default\">\n\t\t\t\t<div class=\"elementor-widget-container\">\n\t\t\t\t\t\t\t<div class=\"elementor-accordion\">\n\t\t\t\t\t\t\t<div class=\"elementor-accordion-item\">\n\t\t\t\t\t<h3 id=\"elementor-tab-title-8851\" class=\"elementor-tab-title\" data-tab=\"1\" role=\"button\" aria-controls=\"elementor-tab-content-8851\" aria-expanded=\"false\">\n\t\t\t\t\t\t\t\t\t\t\t\t\t<span class=\"elementor-accordion-icon elementor-accordion-icon-left\" aria-hidden=\"true\">\n\t\t\t\t\t\t\t\t\t\t\t\t\t\t\t<span class=\"elementor-accordion-icon-closed\"><svg class=\"e-font-icon-svg e-fas-caret-right\" viewBox=\"0 0 192 512\" xmlns=\"http:\/\/www.w3.org\/2000\/svg\"><path d=\"M0 384.662V127.338c0-17.818 21.543-26.741 34.142-14.142l128.662 128.662c7.81 7.81 7.81 20.474 0 28.284L34.142 398.804C21.543 411.404 0 402.48 0 384.662z\"><\/path><\/svg><\/span>\n\t\t\t\t\t\t\t\t<span class=\"elementor-accordion-icon-opened\"><svg class=\"e-font-icon-svg e-fas-caret-up\" viewBox=\"0 0 320 512\" xmlns=\"http:\/\/www.w3.org\/2000\/svg\"><path d=\"M288.662 352H31.338c-17.818 0-26.741-21.543-14.142-34.142l128.662-128.662c7.81-7.81 20.474-7.81 28.284 0l128.662 128.662c12.6 12.599 3.676 34.142-14.142 34.142z\"><\/path><\/svg><\/span>\n\t\t\t\t\t\t\t\t\t\t\t\t\t\t<\/span>\n\t\t\t\t\t\t\t\t\t\t\t\t<a class=\"elementor-accordion-title\" tabindex=\"0\">La chirurgie esth\u00e9tique de l'oreille ne corrige-t-elle que le probl\u00e8me de l'oreille pro\u00e9minente ?<\/a>\n\t\t\t\t\t<\/h3>\n\t\t\t\t\t<div id=\"elementor-tab-content-8851\" class=\"elementor-tab-content elementor-clearfix\" data-tab=\"1\" role=\"region\" aria-labelledby=\"elementor-tab-title-8851\"><p>L&#8217;esth\u00e9tique auriculaire ne concerne pas uniquement les probl\u00e8mes d&#8217;oreilles pro\u00e9minentes. Elle peut \u00e9galement \u00eatre appliqu\u00e9e pour r\u00e9duire la taille de l&#8217;oreille, corriger les oreilles asym\u00e9triques et \u00e9liminer les d\u00e9formations post-traumatiques. L&#8217;op\u00e9ration est personnalis\u00e9e en fonction des besoins du patient.<\/p><\/div>\n\t\t\t\t<\/div>\n\t\t\t\t\t\t\t<div class=\"elementor-accordion-item\">\n\t\t\t\t\t<h3 id=\"elementor-tab-title-8852\" class=\"elementor-tab-title\" data-tab=\"2\" role=\"button\" aria-controls=\"elementor-tab-content-8852\" aria-expanded=\"false\">\n\t\t\t\t\t\t\t\t\t\t\t\t\t<span class=\"elementor-accordion-icon elementor-accordion-icon-left\" aria-hidden=\"true\">\n\t\t\t\t\t\t\t\t\t\t\t\t\t\t\t<span class=\"elementor-accordion-icon-closed\"><svg class=\"e-font-icon-svg e-fas-caret-right\" viewBox=\"0 0 192 512\" xmlns=\"http:\/\/www.w3.org\/2000\/svg\"><path d=\"M0 384.662V127.338c0-17.818 21.543-26.741 34.142-14.142l128.662 128.662c7.81 7.81 7.81 20.474 0 28.284L34.142 398.804C21.543 411.404 0 402.48 0 384.662z\"><\/path><\/svg><\/span>\n\t\t\t\t\t\t\t\t<span class=\"elementor-accordion-icon-opened\"><svg class=\"e-font-icon-svg e-fas-caret-up\" viewBox=\"0 0 320 512\" xmlns=\"http:\/\/www.w3.org\/2000\/svg\"><path d=\"M288.662 352H31.338c-17.818 0-26.741-21.543-14.142-34.142l128.662-128.662c7.81-7.81 20.474-7.81 28.284 0l128.662 128.662c12.6 12.599 3.676 34.142-14.142 34.142z\"><\/path><\/svg><\/span>\n\t\t\t\t\t\t\t\t\t\t\t\t\t\t<\/span>\n\t\t\t\t\t\t\t\t\t\t\t\t<a class=\"elementor-accordion-title\" tabindex=\"0\">La nouvelle position de l'oreille reste-t-elle stable apr\u00e8s la chirurgie esth\u00e9tique de l'oreille ?<\/a>\n\t\t\t\t\t<\/h3>\n\t\t\t\t\t<div id=\"elementor-tab-content-8852\" class=\"elementor-tab-content elementor-clearfix\" data-tab=\"2\" role=\"region\" aria-labelledby=\"elementor-tab-title-8852\"><p>Oui, elle est extr\u00eamement efficace \u00e0 cet \u00e9gard. Apr\u00e8s l&#8217;op\u00e9ration, l&#8217;oreille est soutenue par le remodelage du tissu cartilagineux et par des techniques de suture sp\u00e9ciales. Toutefois, si l&#8217;utilisation de bandages et les recommandations du m\u00e9decin ne sont pas respect\u00e9es pendant le processus de gu\u00e9rison, un changement de position ind\u00e9sirable peut se produire.<\/p><\/div>\n\t\t\t\t<\/div>\n\t\t\t\t\t\t\t<div class=\"elementor-accordion-item\">\n\t\t\t\t\t<h3 id=\"elementor-tab-title-8853\" class=\"elementor-tab-title\" data-tab=\"3\" role=\"button\" aria-controls=\"elementor-tab-content-8853\" aria-expanded=\"false\">\n\t\t\t\t\t\t\t\t\t\t\t\t\t<span class=\"elementor-accordion-icon elementor-accordion-icon-left\" aria-hidden=\"true\">\n\t\t\t\t\t\t\t\t\t\t\t\t\t\t\t<span class=\"elementor-accordion-icon-closed\"><svg class=\"e-font-icon-svg e-fas-caret-right\" viewBox=\"0 0 192 512\" xmlns=\"http:\/\/www.w3.org\/2000\/svg\"><path d=\"M0 384.662V127.338c0-17.818 21.543-26.741 34.142-14.142l128.662 128.662c7.81 7.81 7.81 20.474 0 28.284L34.142 398.804C21.543 411.404 0 402.48 0 384.662z\"><\/path><\/svg><\/span>\n\t\t\t\t\t\t\t\t<span class=\"elementor-accordion-icon-opened\"><svg class=\"e-font-icon-svg e-fas-caret-up\" viewBox=\"0 0 320 512\" xmlns=\"http:\/\/www.w3.org\/2000\/svg\"><path d=\"M288.662 352H31.338c-17.818 0-26.741-21.543-14.142-34.142l128.662-128.662c7.81-7.81 20.474-7.81 28.284 0l128.662 128.662c12.6 12.599 3.676 34.142-14.142 34.142z\"><\/path><\/svg><\/span>\n\t\t\t\t\t\t\t\t\t\t\t\t\t\t<\/span>\n\t\t\t\t\t\t\t\t\t\t\t\t<a class=\"elementor-accordion-title\" tabindex=\"0\">De quoi faut-il tenir compte pendant le sommeil apr\u00e8s une chirurgie esth\u00e9tique de l'oreille ?<\/a>\n\t\t\t\t\t<\/h3>\n\t\t\t\t\t<div id=\"elementor-tab-content-8853\" class=\"elementor-tab-content elementor-clearfix\" data-tab=\"3\" role=\"region\" aria-labelledby=\"elementor-tab-title-8853\"><p>Il est important de dormir sur le dos pendant les premi\u00e8res semaines. Vous pouvez utiliser un oreiller haut pour \u00e9viter toute pression sur les oreilles. La position de sommeil sur le c\u00f4t\u00e9 pouvant affecter la forme de l&#8217;oreille, elle n&#8217;est pas recommand\u00e9e tant que le m\u00e9decin ne l&#8217;a pas approuv\u00e9e.<\/p><\/div>\n\t\t\t\t<\/div>\n\t\t\t\t\t\t\t\t<\/div>\n\t\t\t\t\t\t<\/div>\n\t\t\t\t<\/div>\n\t\t\t\t\t<\/div>\n\t\t<\/div>\n\t\t\t\t<div class=\"elementor-column elementor-col-50 elementor-inner-column elementor-element elementor-element-2f77b048\" data-id=\"2f77b048\" data-element_type=\"column\" data-e-type=\"column\">\n\t\t\t<div class=\"elementor-widget-wrap elementor-element-populated\">\n\t\t\t\t\t\t<div class=\"elementor-element elementor-element-4ff7c9c6 elementor-widget elementor-widget-accordion\" data-id=\"4ff7c9c6\" data-element_type=\"widget\" data-e-type=\"widget\" data-widget_type=\"accordion.default\">\n\t\t\t\t<div class=\"elementor-widget-container\">\n\t\t\t\t\t\t\t<div class=\"elementor-accordion\">\n\t\t\t\t\t\t\t<div class=\"elementor-accordion-item\">\n\t\t\t\t\t<h3 id=\"elementor-tab-title-1341\" class=\"elementor-tab-title\" data-tab=\"1\" role=\"button\" aria-controls=\"elementor-tab-content-1341\" aria-expanded=\"false\">\n\t\t\t\t\t\t\t\t\t\t\t\t\t<span class=\"elementor-accordion-icon elementor-accordion-icon-left\" aria-hidden=\"true\">\n\t\t\t\t\t\t\t\t\t\t\t\t\t\t\t<span class=\"elementor-accordion-icon-closed\"><svg class=\"e-font-icon-svg e-fas-caret-right\" viewBox=\"0 0 192 512\" xmlns=\"http:\/\/www.w3.org\/2000\/svg\"><path d=\"M0 384.662V127.338c0-17.818 21.543-26.741 34.142-14.142l128.662 128.662c7.81 7.81 7.81 20.474 0 28.284L34.142 398.804C21.543 411.404 0 402.48 0 384.662z\"><\/path><\/svg><\/span>\n\t\t\t\t\t\t\t\t<span class=\"elementor-accordion-icon-opened\"><svg class=\"e-font-icon-svg e-fas-caret-up\" viewBox=\"0 0 320 512\" xmlns=\"http:\/\/www.w3.org\/2000\/svg\"><path d=\"M288.662 352H31.338c-17.818 0-26.741-21.543-14.142-34.142l128.662-128.662c7.81-7.81 20.474-7.81 28.284 0l128.662 128.662c12.6 12.599 3.676 34.142-14.142 34.142z\"><\/path><\/svg><\/span>\n\t\t\t\t\t\t\t\t\t\t\t\t\t\t<\/span>\n\t\t\t\t\t\t\t\t\t\t\t\t<a class=\"elementor-accordion-title\" tabindex=\"0\">Quand puis-je commencer \u00e0 faire du sport apr\u00e8s une chirurgie esth\u00e9tique de l'oreille ?<\/a>\n\t\t\t\t\t<\/h3>\n\t\t\t\t\t<div id=\"elementor-tab-content-1341\" class=\"elementor-tab-content elementor-clearfix\" data-tab=\"1\" role=\"region\" aria-labelledby=\"elementor-tab-title-1341\"><p>Des promenades l\u00e9g\u00e8res et des activit\u00e9s \u00e0 faible rythme peuvent \u00eatre effectu\u00e9es une \u00e0 deux semaines apr\u00e8s l&#8217;op\u00e9ration. Toutefois, les sports tels que le football et le basket-ball, qui risquent de toucher les oreilles, ne doivent pas \u00eatre pratiqu\u00e9s pendant au moins 6 \u00e0 8 semaines. L&#8217;accord du m\u00e9decin est n\u00e9cessaire pour les sports susceptibles d&#8217;affecter l&#8217;oreille.<\/p><\/div>\n\t\t\t\t<\/div>\n\t\t\t\t\t\t\t<div class=\"elementor-accordion-item\">\n\t\t\t\t\t<h3 id=\"elementor-tab-title-1342\" class=\"elementor-tab-title\" data-tab=\"2\" role=\"button\" aria-controls=\"elementor-tab-content-1342\" aria-expanded=\"false\">\n\t\t\t\t\t\t\t\t\t\t\t\t\t<span class=\"elementor-accordion-icon elementor-accordion-icon-left\" aria-hidden=\"true\">\n\t\t\t\t\t\t\t\t\t\t\t\t\t\t\t<span class=\"elementor-accordion-icon-closed\"><svg class=\"e-font-icon-svg e-fas-caret-right\" viewBox=\"0 0 192 512\" xmlns=\"http:\/\/www.w3.org\/2000\/svg\"><path d=\"M0 384.662V127.338c0-17.818 21.543-26.741 34.142-14.142l128.662 128.662c7.81 7.81 7.81 20.474 0 28.284L34.142 398.804C21.543 411.404 0 402.48 0 384.662z\"><\/path><\/svg><\/span>\n\t\t\t\t\t\t\t\t<span class=\"elementor-accordion-icon-opened\"><svg class=\"e-font-icon-svg e-fas-caret-up\" viewBox=\"0 0 320 512\" xmlns=\"http:\/\/www.w3.org\/2000\/svg\"><path d=\"M288.662 352H31.338c-17.818 0-26.741-21.543-14.142-34.142l128.662-128.662c7.81-7.81 20.474-7.81 28.284 0l128.662 128.662c12.6 12.599 3.676 34.142-14.142 34.142z\"><\/path><\/svg><\/span>\n\t\t\t\t\t\t\t\t\t\t\t\t\t\t<\/span>\n\t\t\t\t\t\t\t\t\t\t\t\t<a class=\"elementor-accordion-title\" tabindex=\"0\">Comment les courbes naturelles de l'oreille sont-elles pr\u00e9serv\u00e9es lors de l'esth\u00e9tique de l'oreille ?<\/a>\n\t\t\t\t\t<\/h3>\n\t\t\t\t\t<div id=\"elementor-tab-content-1342\" class=\"elementor-tab-content elementor-clearfix\" data-tab=\"2\" role=\"region\" aria-labelledby=\"elementor-tab-title-1342\"><p>Pendant l&#8217;intervention, le m\u00e9decin analyse en d\u00e9tail les plis naturels de l&#8217;oreille et planifie les techniques chirurgicales en cons\u00e9quence. Le cartilage est remodel\u00e9 en fonction de l&#8217;aspect naturel et de la nouvelle position. Cela permet d&#8217;\u00e9viter que les oreilles aient un aspect artificiel.<\/p><\/div>\n\t\t\t\t<\/div>\n\t\t\t\t\t\t\t<div class=\"elementor-accordion-item\">\n\t\t\t\t\t<h3 id=\"elementor-tab-title-1343\" class=\"elementor-tab-title\" data-tab=\"3\" role=\"button\" aria-controls=\"elementor-tab-content-1343\" aria-expanded=\"false\">\n\t\t\t\t\t\t\t\t\t\t\t\t\t<span class=\"elementor-accordion-icon elementor-accordion-icon-left\" aria-hidden=\"true\">\n\t\t\t\t\t\t\t\t\t\t\t\t\t\t\t<span class=\"elementor-accordion-icon-closed\"><svg class=\"e-font-icon-svg e-fas-caret-right\" viewBox=\"0 0 192 512\" xmlns=\"http:\/\/www.w3.org\/2000\/svg\"><path d=\"M0 384.662V127.338c0-17.818 21.543-26.741 34.142-14.142l128.662 128.662c7.81 7.81 7.81 20.474 0 28.284L34.142 398.804C21.543 411.404 0 402.48 0 384.662z\"><\/path><\/svg><\/span>\n\t\t\t\t\t\t\t\t<span class=\"elementor-accordion-icon-opened\"><svg class=\"e-font-icon-svg e-fas-caret-up\" viewBox=\"0 0 320 512\" xmlns=\"http:\/\/www.w3.org\/2000\/svg\"><path d=\"M288.662 352H31.338c-17.818 0-26.741-21.543-14.142-34.142l128.662-128.662c7.81-7.81 20.474-7.81 28.284 0l128.662 128.662c12.6 12.599 3.676 34.142-14.142 34.142z\"><\/path><\/svg><\/span>\n\t\t\t\t\t\t\t\t\t\t\t\t\t\t<\/span>\n\t\t\t\t\t\t\t\t\t\t\t\t<a class=\"elementor-accordion-title\" tabindex=\"0\">Que fait-on dans les cas o\u00f9 le tissu cartilagineux n'est pas suffisant pour l'esth\u00e9tique de l'oreille ?<\/a>\n\t\t\t\t\t<\/h3>\n\t\t\t\t\t<div id=\"elementor-tab-content-1343\" class=\"elementor-tab-content elementor-clearfix\" data-tab=\"3\" role=\"region\" aria-labelledby=\"elementor-tab-title-1343\"><p>Dans certains cas, lorsque le tissu cartilagineux est insuffisant, le tissu peut \u00eatre pr\u00e9lev\u00e9 sur d&#8217;autres zones. Le cartilage des c\u00f4tes en est un exemple. Toutefois, ce cas est rare et la structure du cartilage est g\u00e9n\u00e9ralement suffisante pour r\u00e9pondre aux besoins actuels. Il est \u00e9galement possible d&#8217;utiliser des implants biocompatibles.<\/p><\/div>\n\t\t\t\t<\/div>\n\t\t\t\t\t\t\t\t<\/div>\n\t\t\t\t\t\t<\/div>\n\t\t\t\t<\/div>\n\t\t\t\t\t<\/div>\n\t\t<\/div>\n\t\t\t\t\t<\/div>\n\t\t<\/section>\n\t\t\t\t\t<\/div>\n\t\t<\/div>\n\t\t\t\t\t<\/div>\n\t\t<\/section>\n\t\t\t\t<section class=\"elementor-section elementor-top-section elementor-element elementor-element-42f0d6b elementor-section-boxed elementor-section-height-default elementor-section-height-default\" data-id=\"42f0d6b\" data-element_type=\"section\" data-e-type=\"section\" data-settings=\"{&quot;background_background&quot;:&quot;classic&quot;}\">\n\t\t\t\t\t\t<div class=\"elementor-container elementor-column-gap-default\">\n\t\t\t\t\t<div class=\"elementor-column elementor-col-100 elementor-top-column elementor-element elementor-element-603ce51\" data-id=\"603ce51\" data-element_type=\"column\" data-e-type=\"column\">\n\t\t\t<div class=\"elementor-widget-wrap elementor-element-populated\">\n\t\t\t\t\t\t<div class=\"elementor-element elementor-element-3981c63 elementor-widget elementor-widget-template\" data-id=\"3981c63\" data-element_type=\"widget\" data-e-type=\"widget\" data-widget_type=\"template.default\">\n\t\t\t\t<div class=\"elementor-widget-container\">\n\t\t\t\t\t\t\t<div class=\"elementor-template\">\n\t\t\t\t\t<div data-elementor-type=\"section\" data-elementor-id=\"2075\" class=\"elementor elementor-2075\" data-elementor-post-type=\"elementor_library\">\n\t\t\t\t\t<section class=\"elementor-section elementor-top-section elementor-element elementor-element-7807842c elementor-section-boxed elementor-section-height-default elementor-section-height-default\" data-id=\"7807842c\" data-element_type=\"section\" data-e-type=\"section\" id=\"get-free-consultation\" data-settings=\"{&quot;background_background&quot;:&quot;classic&quot;}\">\n\t\t\t\t\t\t<div class=\"elementor-container elementor-column-gap-default\">\n\t\t\t\t\t<div class=\"elementor-column elementor-col-50 elementor-top-column elementor-element elementor-element-4c82ea46\" data-id=\"4c82ea46\" data-element_type=\"column\" data-e-type=\"column\">\n\t\t\t<div class=\"elementor-widget-wrap elementor-element-populated\">\n\t\t\t\t\t\t<div class=\"elementor-element elementor-element-2fad7b34 elementor-widget elementor-widget-heading\" data-id=\"2fad7b34\" data-element_type=\"widget\" data-e-type=\"widget\" data-widget_type=\"heading.default\">\n\t\t\t\t<div class=\"elementor-widget-container\">\n\t\t\t\t\t<h2 class=\"elementor-heading-title elementor-size-default\">Demander une consultation gratuite<\/h2>\t\t\t\t<\/div>\n\t\t\t\t<\/div>\n\t\t\t\t<div class=\"elementor-element elementor-element-4e2ec374 elementor-widget elementor-widget-text-editor\" data-id=\"4e2ec374\" data-element_type=\"widget\" data-e-type=\"widget\" data-widget_type=\"text-editor.default\">\n\t\t\t\t<div class=\"elementor-widget-container\">\n\t\t\t\t\t\t\t\t\t<p>Vous pouvez nous contacter pour toute question sur la transplantation capillaire en Turquie ou pour obtenir une \u00e9valuation gratuite de la perte de cheveux. Notre \u00e9quipe d&#8217;experts vous fournira toutes les informations n\u00e9cessaires.<\/p>\t\t\t\t\t\t\t\t<\/div>\n\t\t\t\t<\/div>\n\t\t\t\t\t<\/div>\n\t\t<\/div>\n\t\t\t\t<div class=\"elementor-column elementor-col-50 elementor-top-column elementor-element elementor-element-6f4d4634\" data-id=\"6f4d4634\" data-element_type=\"column\" data-e-type=\"column\">\n\t\t\t<div class=\"elementor-widget-wrap elementor-element-populated\">\n\t\t\t\t\t\t<section class=\"elementor-section elementor-inner-section elementor-element elementor-element-b3ab593 elementor-section-boxed elementor-section-height-default elementor-section-height-default\" data-id=\"b3ab593\" data-element_type=\"section\" data-e-type=\"section\" data-settings=\"{&quot;background_background&quot;:&quot;classic&quot;}\">\n\t\t\t\t\t\t<div class=\"elementor-container elementor-column-gap-default\">\n\t\t\t\t\t<div class=\"elementor-column elementor-col-100 elementor-inner-column elementor-element elementor-element-03962bb\" data-id=\"03962bb\" data-element_type=\"column\" data-e-type=\"column\">\n\t\t\t<div class=\"elementor-widget-wrap elementor-element-populated\">\n\t\t\t\t\t\t<div class=\"elementor-element elementor-element-f823e43 elementor-widget elementor-widget-text-editor\" data-id=\"f823e43\" data-element_type=\"widget\" data-e-type=\"widget\" data-widget_type=\"text-editor.default\">\n\t\t\t\t<div class=\"elementor-widget-container\">\n\t\t\t\t\t\t\t\t\t<div class=\"elementor-element elementor-element-cc91fde elementor-widget elementor-widget-text-editor\" data-id=\"cc91fde\" data-element_type=\"widget\" data-widget_type=\"text-editor.default\"><div class=\"elementor-widget-container\"><p style=\"text-align: center;\">Obtenez une analyse capillaire gratuite et une consultation de nos experts en greffe de cheveux.<\/p><\/div><\/div><section class=\"elementor-section elementor-inner-section elementor-element elementor-element-f92dac2 elementor-section-boxed elementor-section-height-default elementor-section-height-default\" data-id=\"f92dac2\" data-element_type=\"section\"><div class=\"elementor-container elementor-column-gap-default\"><div class=\"elementor-column elementor-col-50 elementor-inner-column elementor-element elementor-element-20de702\" data-id=\"20de702\" data-element_type=\"column\"><div class=\"elementor-widget-wrap elementor-element-populated\"><div class=\"elementor-element elementor-element-29f6ebe elementor-widget elementor-widget-mf-listing-fname\" data-id=\"29f6ebe\" data-element_type=\"widget\" data-settings=\"{&quot;mf_input_name&quot;:&quot;mf-listing-fname&quot;}\" data-widget_type=\"mf-listing-fname.default\"><div class=\"elementor-widget-container\">\u00a0<\/div><\/div><\/div><\/div><\/div><\/section>\t\t\t\t\t\t\t\t<\/div>\n\t\t\t\t<\/div>\n\t\t\t\t<div class=\"elementor-element elementor-element-1c46888 elementor-widget elementor-widget-wpforms\" data-id=\"1c46888\" data-element_type=\"widget\" data-e-type=\"widget\" data-widget_type=\"wpforms.default\">\n\t\t\t\t<div class=\"elementor-widget-container\">\n\t\t\t\t\t<style id=\"wpforms-css-vars-elementor-widget-1c46888\">\n\t\t\t\t.elementor-widget-wpforms.elementor-element-1c46888 {\n\t\t\t\t--wpforms-field-border-radius: 10px;\n--wpforms-button-border-radius: 10px;\n\t\t\t}\n\t\t\t<\/style><div class=\"wpforms-container wpforms-container-full wpforms-render-modern\" id=\"wpforms-2740\"><form id=\"wpforms-form-2740\" class=\"wpforms-validate wpforms-form wpforms-ajax-form\" data-formid=\"2740\" method=\"post\" enctype=\"multipart\/form-data\" action=\"\/fr\/wp-json\/wp\/v2\/pages\/976\" data-token=\"cfb3cfe6a562541acfe790c7ce5c1db0\" data-token-time=\"1777544164\"><noscript class=\"wpforms-error-noscript\">Bu formu bitirebilmek i\u00e7in taray\u0131c\u0131n\u0131zda JavaScript&#039;i etkinle\u015ftirin.<\/noscript><div id=\"wpforms-error-noscript\" style=\"display: none;\">Bu formu bitirebilmek i\u00e7in taray\u0131c\u0131n\u0131zda JavaScript&#039;i etkinle\u015ftirin.<\/div><div class=\"wpforms-field-container\"><div id=\"wpforms-2740-field_1-container\" class=\"wpforms-field wpforms-field-name\" data-field-id=\"1\"><fieldset><legend class=\"wpforms-field-label wpforms-label-hide\" aria-hidden=\"false\">Name Surname <span class=\"wpforms-required-label\" aria-hidden=\"true\">*<\/span><\/legend><div class=\"wpforms-field-row wpforms-field-large\"><div class=\"wpforms-field-row-block wpforms-first wpforms-one-half\"><input type=\"text\" id=\"wpforms-2740-field_1\" class=\"wpforms-field-name-first wpforms-field-required\" name=\"wpforms[fields][1][first]\" placeholder=\"Nom *\" aria-errormessage=\"wpforms-2740-field_1-error\" required><label for=\"wpforms-2740-field_1\" class=\"wpforms-field-sublabel after wpforms-sublabel-hide\">Ad<\/label><\/div><div class=\"wpforms-field-row-block wpforms-one-half\"><input type=\"text\" id=\"wpforms-2740-field_1-last\" class=\"wpforms-field-name-last wpforms-field-required\" name=\"wpforms[fields][1][last]\" placeholder=\"Nom de famille *\" aria-errormessage=\"wpforms-2740-field_1-last-error\" required><label for=\"wpforms-2740-field_1-last\" class=\"wpforms-field-sublabel after wpforms-sublabel-hide\">Soyad<\/label><\/div><\/div><\/fieldset><\/div><div id=\"wpforms-2740-field_2-container\" class=\"wpforms-field wpforms-field-email\" data-field-id=\"2\"><label class=\"wpforms-field-label wpforms-label-hide\" for=\"wpforms-2740-field_2\" aria-hidden=\"false\">E-mail  <span class=\"wpforms-required-label\" aria-hidden=\"true\">*<\/span><\/label><input type=\"email\" id=\"wpforms-2740-field_2\" class=\"wpforms-field-large wpforms-field-required\" name=\"wpforms[fields][2]\" placeholder=\"E-mail *\" spellcheck=\"false\" aria-errormessage=\"wpforms-2740-field_2-error\" required><\/div>\t\t<div id=\"wpforms-2740-field_5-container\"\n\t\t\tclass=\"wpforms-field wpforms-field-text\"\n\t\t\tdata-field-type=\"text\"\n\t\t\tdata-field-id=\"5\"\n\t\t\t>\n\t\t\t<label class=\"wpforms-field-label\" for=\"wpforms-2740-field_5\" >Surname Interest E-mail<\/label>\n\t\t\t<input type=\"text\" id=\"wpforms-2740-field_5\" class=\"wpforms-field-medium\" name=\"wpforms[fields][5]\" >\n\t\t<\/div>\n\t\t<div id=\"wpforms-2740-field_3-container\" class=\"wpforms-field wpforms-field-phone\" data-field-id=\"3\"><label class=\"wpforms-field-label wpforms-label-hide\" for=\"wpforms-2740-field_3\" aria-hidden=\"false\">Phone Number <span class=\"wpforms-required-label\" aria-hidden=\"true\">*<\/span><\/label><input type=\"tel\" id=\"wpforms-2740-field_3\" class=\"wpforms-field-large wpforms-field-required wpforms-smart-phone-field\" data-rule-smart-phone-field=\"true\" name=\"wpforms[fields][3]\" aria-label=\"Phone Number\" aria-errormessage=\"wpforms-2740-field_3-error\" required><\/div><div id=\"wpforms-2740-field_4-container\" class=\"wpforms-field wpforms-field-text\" data-field-id=\"4\"><label class=\"wpforms-field-label wpforms-label-hide\" for=\"wpforms-2740-field_4\" aria-hidden=\"false\">Treatment of Interest <span class=\"wpforms-required-label\" aria-hidden=\"true\">*<\/span><\/label><input type=\"text\" id=\"wpforms-2740-field_4\" class=\"wpforms-field-large wpforms-field-required\" name=\"wpforms[fields][4]\" placeholder=\"le Traitement qui Vous \u0130nt\u00e9resse * \" aria-errormessage=\"wpforms-2740-field_4-error\" required><\/div><script>\n\t\t\t\t( function() {\n\t\t\t\t\tconst style = document.createElement( 'style' );\n\t\t\t\t\tstyle.appendChild( document.createTextNode( '#wpforms-2740-field_5-container { position: absolute !important; overflow: hidden !important; display: inline !important; height: 1px !important; width: 1px !important; z-index: -1000 !important; padding: 0 !important; } #wpforms-2740-field_5-container input { visibility: hidden; } #wpforms-conversational-form-page #wpforms-2740-field_5-container label { counter-increment: none; }' ) );\n\t\t\t\t\tdocument.head.appendChild( style );\n\t\t\t\t\tdocument.currentScript?.remove();\n\t\t\t\t} )();\n\t\t\t<\/script><\/div><!-- .wpforms-field-container --><div class=\"wpforms-submit-container\" ><input type=\"hidden\" name=\"wpforms[id]\" value=\"2740\"><input type=\"hidden\" name=\"page_title\" value=\"\"><input type=\"hidden\" name=\"page_url\" value=\"https:\/\/www.hairtrans.net\/fr\/wp-json\/wp\/v2\/pages\/976\"><input type=\"hidden\" name=\"url_referer\" value=\"\"><button type=\"submit\" name=\"wpforms[submit]\" id=\"wpforms-submit-2740\" class=\"wpforms-submit\" data-alt-text=\"Envoi...\" data-submit-text=\"Envoyer Maintenant !\" aria-live=\"assertive\" value=\"wpforms-submit\">Envoyer Maintenant !<\/button><img loading=\"lazy\" decoding=\"async\" src=\"https:\/\/www.hairtrans.net\/fr\/wp-content\/plugins\/wpforms\/assets\/images\/submit-spin.svg\" class=\"wpforms-submit-spinner\" style=\"display: none;\" width=\"26\" height=\"26\" alt=\"Y\u00fckleniyor\"><\/div><\/form><\/div>  <!-- .wpforms-container -->\t\t\t\t<\/div>\n\t\t\t\t<\/div>\n\t\t\t\t\t<\/div>\n\t\t<\/div>\n\t\t\t\t\t<\/div>\n\t\t<\/section>\n\t\t\t\t\t<\/div>\n\t\t<\/div>\n\t\t\t\t\t<\/div>\n\t\t<\/section>\n\t\t\t\t<\/div>\n\t\t\t\t<\/div>\n\t\t\t\t\t\t<\/div>\n\t\t\t\t<\/div>\n\t\t\t\t\t<\/div>\n\t\t<\/div>\n\t\t\t\t\t<\/div>\n\t\t<\/section>\n\t\t\t\t<\/div>\n\t\t","protected":false},"excerpt":{"rendered":"<p>Otoplastie (esth\u00e9tique de l&#8217;oreille) Life Time Chirurgie plastique L&#8217;esth\u00e9tique de l&#8217;oreille est une proc\u00e9dure chirurgicale qui corrige la forme, la [&hellip;]<\/p>\n","protected":false},"author":1,"featured_media":0,"parent":0,"menu_order":0,"comment_status":"closed","ping_status":"closed","template":"","meta":{"_uag_custom_page_level_css":"","site-sidebar-layout":"no-sidebar","site-content-layout":"","ast-site-content-layout":"full-width-container","site-content-style":"default","site-sidebar-style":"default","ast-global-header-display":"","ast-banner-title-visibility":"","ast-main-header-display":"","ast-hfb-above-header-display":"","ast-hfb-below-header-display":"","ast-hfb-mobile-header-display":"","site-post-title":"disabled","ast-breadcrumbs-content":"","ast-featured-img":"disabled","footer-sml-layout":"","ast-disable-related-posts":"","theme-transparent-header-meta":"","adv-header-id-meta":"","stick-header-meta":"","header-above-stick-meta":"","header-main-stick-meta":"","header-below-stick-meta":"","astra-migrate-meta-layouts":"default","ast-page-background-enabled":"default","ast-page-background-meta":{"desktop":{"background-color":"var(--ast-global-color-4)","background-image":"","background-repeat":"repeat","background-position":"center center","background-size":"auto","background-attachment":"scroll","background-type":"","background-media":"","overlay-type":"","overlay-color":"","overlay-opacity":"","overlay-gradient":""},"tablet":{"background-color":"","background-image":"","background-repeat":"repeat","background-position":"center center","background-size":"auto","background-attachment":"scroll","background-type":"","background-media":"","overlay-type":"","overlay-color":"","overlay-opacity":"","overlay-gradient":""},"mobile":{"background-color":"","background-image":"","background-repeat":"repeat","background-position":"center center","background-size":"auto","background-attachment":"scroll","background-type":"","background-media":"","overlay-type":"","overlay-color":"","overlay-opacity":"","overlay-gradient":""}},"ast-content-background-meta":{"desktop":{"background-color":"var(--ast-global-color-5)","background-image":"","background-repeat":"repeat","background-position":"center center","background-size":"auto","background-attachment":"scroll","background-type":"","background-media":"","overlay-type":"","overlay-color":"","overlay-opacity":"","overlay-gradient":""},"tablet":{"background-color":"var(--ast-global-color-5)","background-image":"","background-repeat":"repeat","background-position":"center center","background-size":"auto","background-attachment":"scroll","background-type":"","background-media":"","overlay-type":"","overlay-color":"","overlay-opacity":"","overlay-gradient":""},"mobile":{"background-color":"var(--ast-global-color-5)","background-image":"","background-repeat":"repeat","background-position":"center center","background-size":"auto","background-attachment":"scroll","background-type":"","background-media":"","overlay-type":"","overlay-color":"","overlay-opacity":"","overlay-gradient":""}},"footnotes":""},"categories":[10],"tags":[],"class_list":["post-976","page","type-page","status-publish","hentry","category-ps"],"uagb_featured_image_src":{"full":false,"thumbnail":false,"medium":false,"medium_large":false,"large":false,"1536x1536":false,"2048x2048":false},"uagb_author_info":{"display_name":"lifetime","author_link":"https:\/\/www.hairtrans.net\/fr\/author\/lifetime\/"},"uagb_comment_info":0,"uagb_excerpt":"Otoplastie (esth\u00e9tique de l&#8217;oreille) Life Time Chirurgie plastique L&#8217;esth\u00e9tique de l&#8217;oreille est une proc\u00e9dure chirurgicale qui corrige la forme, la [&hellip;]","_links":{"self":[{"href":"https:\/\/www.hairtrans.net\/fr\/wp-json\/wp\/v2\/pages\/976","targetHints":{"allow":["GET"]}}],"collection":[{"href":"https:\/\/www.hairtrans.net\/fr\/wp-json\/wp\/v2\/pages"}],"about":[{"href":"https:\/\/www.hairtrans.net\/fr\/wp-json\/wp\/v2\/types\/page"}],"author":[{"embeddable":true,"href":"https:\/\/www.hairtrans.net\/fr\/wp-json\/wp\/v2\/users\/1"}],"replies":[{"embeddable":true,"href":"https:\/\/www.hairtrans.net\/fr\/wp-json\/wp\/v2\/comments?post=976"}],"version-history":[{"count":5,"href":"https:\/\/www.hairtrans.net\/fr\/wp-json\/wp\/v2\/pages\/976\/revisions"}],"predecessor-version":[{"id":2934,"href":"https:\/\/www.hairtrans.net\/fr\/wp-json\/wp\/v2\/pages\/976\/revisions\/2934"}],"wp:attachment":[{"href":"https:\/\/www.hairtrans.net\/fr\/wp-json\/wp\/v2\/media?parent=976"}],"wp:term":[{"taxonomy":"category","embeddable":true,"href":"https:\/\/www.hairtrans.net\/fr\/wp-json\/wp\/v2\/categories?post=976"},{"taxonomy":"post_tag","embeddable":true,"href":"https:\/\/www.hairtrans.net\/fr\/wp-json\/wp\/v2\/tags?post=976"}],"curies":[{"name":"wp","href":"https:\/\/api.w.org\/{rel}","templated":true}]}}