{"id":866,"date":"2025-01-07T17:32:04","date_gmt":"2025-01-07T17:32:04","guid":{"rendered":"https:\/\/www.hairtrans.net\/fr\/?page_id=866"},"modified":"2025-09-28T19:57:46","modified_gmt":"2025-09-28T19:57:46","slug":"traitement-prp-pour-les-cheveux","status":"publish","type":"page","link":"https:\/\/www.hairtrans.net\/fr\/traitement-prp-pour-les-cheveux\/","title":{"rendered":"Traitement PRP pour les cheveux"},"content":{"rendered":"\t\t<div data-elementor-type=\"wp-page\" data-elementor-id=\"866\" class=\"elementor elementor-866\" data-elementor-post-type=\"page\">\n\t\t\t\t\t\t<section class=\"elementor-section elementor-top-section elementor-element elementor-element-1f1fae0c elementor-section-full_width elementor-section-height-default elementor-section-height-default\" data-id=\"1f1fae0c\" data-element_type=\"section\" data-e-type=\"section\" data-settings=\"{&quot;background_background&quot;:&quot;classic&quot;}\">\n\t\t\t\t\t\t\t<div class=\"elementor-background-overlay\"><\/div>\n\t\t\t\t\t\t\t<div class=\"elementor-container elementor-column-gap-default\">\n\t\t\t\t\t<div class=\"elementor-column elementor-col-100 elementor-top-column elementor-element elementor-element-f4b8450\" data-id=\"f4b8450\" data-element_type=\"column\" data-e-type=\"column\">\n\t\t\t<div class=\"elementor-widget-wrap elementor-element-populated\">\n\t\t\t\t\t\t<div class=\"elementor-element elementor-element-1fc50d27 elementor-widget elementor-widget-heading\" data-id=\"1fc50d27\" data-element_type=\"widget\" data-e-type=\"widget\" data-widget_type=\"heading.default\">\n\t\t\t\t<div class=\"elementor-widget-container\">\n\t\t\t\t\t<h1 class=\"elementor-heading-title elementor-size-default\">Traitement PRP pour les cheveux<\/h1>\t\t\t\t<\/div>\n\t\t\t\t<\/div>\n\t\t\t\t<div class=\"elementor-element elementor-element-5e5dd268 elementor-widget elementor-widget-heading\" data-id=\"5e5dd268\" data-element_type=\"widget\" data-e-type=\"widget\" data-widget_type=\"heading.default\">\n\t\t\t\t<div class=\"elementor-widget-container\">\n\t\t\t\t\t<h2 class=\"elementor-heading-title elementor-size-default\">Life Time Greffe de cheveux\n<\/h2>\t\t\t\t<\/div>\n\t\t\t\t<\/div>\n\t\t\t\t<div class=\"elementor-element elementor-element-44aaff34 elementor-widget elementor-widget-text-editor\" data-id=\"44aaff34\" data-element_type=\"widget\" data-e-type=\"widget\" data-widget_type=\"text-editor.default\">\n\t\t\t\t<div class=\"elementor-widget-container\">\n\t\t\t\t\t\t\t\t\t<p class=\"font_3 wixui-rich-text__text\">Le traitement PRP capillaire est une m\u00e9thode naturelle et efficace utilisant le plasma de votre propre sang pour pr\u00e9venir la perte de cheveux et revitaliser les follicules pileux.<\/p>\t\t\t\t\t\t\t\t<\/div>\n\t\t\t\t<\/div>\n\t\t\t\t<div class=\"elementor-element elementor-element-29e3b98 elementor-align-center elementor-widget elementor-widget-button\" data-id=\"29e3b98\" data-element_type=\"widget\" data-e-type=\"widget\" data-widget_type=\"button.default\">\n\t\t\t\t<div class=\"elementor-widget-container\">\n\t\t\t\t\t\t\t\t\t<div class=\"elementor-button-wrapper\">\n\t\t\t\t\t<a class=\"elementor-button elementor-button-link elementor-size-sm\" href=\"#get-free-consultation\">\n\t\t\t\t\t\t<span class=\"elementor-button-content-wrapper\">\n\t\t\t\t\t\t\t\t\t<span class=\"elementor-button-text\">Obtenez une consultation gratuite!<\/span>\n\t\t\t\t\t<\/span>\n\t\t\t\t\t<\/a>\n\t\t\t\t<\/div>\n\t\t\t\t\t\t\t\t<\/div>\n\t\t\t\t<\/div>\n\t\t\t\t\t<\/div>\n\t\t<\/div>\n\t\t\t\t\t<\/div>\n\t\t<\/section>\n\t\t\t\t<section class=\"elementor-section elementor-top-section elementor-element elementor-element-72780341 elementor-section-boxed elementor-section-height-default elementor-section-height-default\" data-id=\"72780341\" data-element_type=\"section\" data-e-type=\"section\">\n\t\t\t\t\t\t<div class=\"elementor-container elementor-column-gap-default\">\n\t\t\t\t\t<div class=\"elementor-column elementor-col-100 elementor-top-column elementor-element elementor-element-497dcc1d\" data-id=\"497dcc1d\" data-element_type=\"column\" data-e-type=\"column\">\n\t\t\t<div class=\"elementor-widget-wrap elementor-element-populated\">\n\t\t\t\t\t\t<div class=\"elementor-element elementor-element-67dc9cf5 elementor-widget elementor-widget-text-editor\" data-id=\"67dc9cf5\" data-element_type=\"widget\" data-e-type=\"widget\" data-widget_type=\"text-editor.default\">\n\t\t\t\t<div class=\"elementor-widget-container\">\n\t\t\t\t\t\t\t\t\t<p>L&#8217;un des organes les plus touch\u00e9s par la vie tr\u00e9pidante et stressante d&#8217;aujourd&#8217;hui est sans aucun doute nos cheveux. On peut dire que des milliers de personnes, hommes et femmes, sont confront\u00e9es au probl\u00e8me de la perte de cheveux. L&#8217;une des m\u00e9thodes modernes qui offrent une solution \u00e0 ce probl\u00e8me est l&#8217;application de PRP capillaire \u00e0 partir de plaquettes obtenues \u00e0 partir du propre sang de la personne. Cette m\u00e9thode de traitement innovante nourrit les follicules pileux. Elle redonne \u00e9galement aux cheveux un aspect vibrant, brillant et luxuriant.<\/p>\t\t\t\t\t\t\t\t<\/div>\n\t\t\t\t<\/div>\n\t\t\t\t\t<\/div>\n\t\t<\/div>\n\t\t\t\t\t<\/div>\n\t\t<\/section>\n\t\t\t\t<section class=\"elementor-section elementor-top-section elementor-element elementor-element-2e92089b elementor-section-stretched elementor-section-boxed elementor-section-height-default elementor-section-height-default\" data-id=\"2e92089b\" data-element_type=\"section\" data-e-type=\"section\" data-settings=\"{&quot;background_background&quot;:&quot;classic&quot;,&quot;stretch_section&quot;:&quot;section-stretched&quot;}\">\n\t\t\t\t\t\t<div class=\"elementor-container elementor-column-gap-default\">\n\t\t\t\t\t<div class=\"elementor-column elementor-col-100 elementor-top-column elementor-element elementor-element-166d0b4c\" data-id=\"166d0b4c\" data-element_type=\"column\" data-e-type=\"column\">\n\t\t\t<div class=\"elementor-widget-wrap elementor-element-populated\">\n\t\t\t\t\t\t<section class=\"elementor-section elementor-inner-section elementor-element elementor-element-3cc5ace4 elementor-section-boxed elementor-section-height-default elementor-section-height-default\" data-id=\"3cc5ace4\" data-element_type=\"section\" data-e-type=\"section\">\n\t\t\t\t\t\t<div class=\"elementor-container elementor-column-gap-default\">\n\t\t\t\t\t<div class=\"elementor-column elementor-col-50 elementor-inner-column elementor-element elementor-element-ca5c2cb\" data-id=\"ca5c2cb\" data-element_type=\"column\" data-e-type=\"column\">\n\t\t\t<div class=\"elementor-widget-wrap elementor-element-populated\">\n\t\t\t\t\t\t<div class=\"elementor-element elementor-element-fe63c2a elementor-widget elementor-widget-image\" data-id=\"fe63c2a\" data-element_type=\"widget\" data-e-type=\"widget\" data-widget_type=\"image.default\">\n\t\t\t\t<div class=\"elementor-widget-container\">\n\t\t\t\t\t\t\t\t\t\t\t\t\t\t\t<img fetchpriority=\"high\" decoding=\"async\" width=\"1024\" height=\"1024\" src=\"https:\/\/www.hairtrans.net\/fr\/wp-content\/uploads\/2025\/01\/2-5-1024x1024.webp\" class=\"attachment-large size-large wp-image-1638\" alt=\"\" srcset=\"https:\/\/www.hairtrans.net\/fr\/wp-content\/uploads\/2025\/01\/2-5-1024x1024.webp 1024w, https:\/\/www.hairtrans.net\/fr\/wp-content\/uploads\/2025\/01\/2-5-300x300.webp 300w, https:\/\/www.hairtrans.net\/fr\/wp-content\/uploads\/2025\/01\/2-5-150x150.webp 150w, https:\/\/www.hairtrans.net\/fr\/wp-content\/uploads\/2025\/01\/2-5-768x768.webp 768w, https:\/\/www.hairtrans.net\/fr\/wp-content\/uploads\/2025\/01\/2-5.webp 1080w\" sizes=\"(max-width: 1024px) 100vw, 1024px\" \/>\t\t\t\t\t\t\t\t\t\t\t\t\t\t\t<\/div>\n\t\t\t\t<\/div>\n\t\t\t\t\t<\/div>\n\t\t<\/div>\n\t\t\t\t<div class=\"elementor-column elementor-col-50 elementor-inner-column elementor-element elementor-element-21dfea25\" data-id=\"21dfea25\" data-element_type=\"column\" data-e-type=\"column\">\n\t\t\t<div class=\"elementor-widget-wrap elementor-element-populated\">\n\t\t\t\t\t\t<div class=\"elementor-element elementor-element-7c24540 elementor-widget elementor-widget-heading\" data-id=\"7c24540\" data-element_type=\"widget\" data-e-type=\"widget\" data-widget_type=\"heading.default\">\n\t\t\t\t<div class=\"elementor-widget-container\">\n\t\t\t\t\t<h2 class=\"elementor-heading-title elementor-size-default\">Aper\u00e7u historique du traitement capillaire<\/h2>\t\t\t\t<\/div>\n\t\t\t\t<\/div>\n\t\t\t\t<div class=\"elementor-element elementor-element-25821da3 elementor-widget elementor-widget-text-editor\" data-id=\"25821da3\" data-element_type=\"widget\" data-e-type=\"widget\" data-widget_type=\"text-editor.default\">\n\t\t\t\t<div class=\"elementor-widget-container\">\n\t\t\t\t\t\t\t\t\t<p>La perte de cheveux est un probl\u00e8me aussi vieux que l&#8217;histoire de l&#8217;humanit\u00e9. On en trouve de nombreux exemples dans divers documents historiques. On sait que m\u00eame l&#8217;empereur romain Jules C\u00e9sar cherchait un rem\u00e8de contre la perte de cheveux. On pr\u00e9tend m\u00eame qu&#8217;il utilisait des couronnes en feuilles de laurier pour cacher sa perte de cheveux. Cependant, aujourd&#8217;hui, ce probl\u00e8me peut \u00eatre facilement r\u00e9solu gr\u00e2ce \u00e0 des m\u00e9thodes de traitement bas\u00e9es sur des bases scientifiques sans avoir recours \u00e0 des m\u00e9thodes anciennes.<\/p>\t\t\t\t\t\t\t\t<\/div>\n\t\t\t\t<\/div>\n\t\t\t\t<div class=\"elementor-element elementor-element-08ae961 elementor-widget elementor-widget-heading\" data-id=\"08ae961\" data-element_type=\"widget\" data-e-type=\"widget\" data-widget_type=\"heading.default\">\n\t\t\t\t<div class=\"elementor-widget-container\">\n\t\t\t\t\t<h2 class=\"elementor-heading-title elementor-size-default\">Causes de la perte de cheveux<\/h2>\t\t\t\t<\/div>\n\t\t\t\t<\/div>\n\t\t\t\t<div class=\"elementor-element elementor-element-326b02b elementor-widget elementor-widget-text-editor\" data-id=\"326b02b\" data-element_type=\"widget\" data-e-type=\"widget\" data-widget_type=\"text-editor.default\">\n\t\t\t\t<div class=\"elementor-widget-container\">\n\t\t\t\t\t\t\t\t\t<p>La perte de cheveux peut \u00eatre due \u00e0 de nombreuses raisons, notamment une alimentation d\u00e9s\u00e9quilibr\u00e9e, une utilisation excessive de produits cosm\u00e9tiques, des facteurs g\u00e9n\u00e9tiques, le stress et l&#8217;\u00e2ge. Si les produits de soins capillaires offrent souvent des solutions superficielles, les traitements tels que le PRP offrent des avantages \u00e0 long terme en nourrissant les follicules pileux.<\/p>\t\t\t\t\t\t\t\t<\/div>\n\t\t\t\t<\/div>\n\t\t\t\t\t<\/div>\n\t\t<\/div>\n\t\t\t\t\t<\/div>\n\t\t<\/section>\n\t\t\t\t\t<\/div>\n\t\t<\/div>\n\t\t\t\t\t<\/div>\n\t\t<\/section>\n\t\t\t\t<section class=\"elementor-section elementor-top-section elementor-element elementor-element-2e9d42dc elementor-section-stretched elementor-section-boxed elementor-section-height-default elementor-section-height-default\" data-id=\"2e9d42dc\" data-element_type=\"section\" data-e-type=\"section\" data-settings=\"{&quot;background_background&quot;:&quot;classic&quot;,&quot;stretch_section&quot;:&quot;section-stretched&quot;}\">\n\t\t\t\t\t\t<div class=\"elementor-container elementor-column-gap-default\">\n\t\t\t\t\t<div class=\"elementor-column elementor-col-100 elementor-top-column elementor-element elementor-element-27a223d1\" data-id=\"27a223d1\" data-element_type=\"column\" data-e-type=\"column\">\n\t\t\t<div class=\"elementor-widget-wrap elementor-element-populated\">\n\t\t\t\t\t\t<div class=\"elementor-element elementor-element-54ca982e elementor-widget elementor-widget-heading\" data-id=\"54ca982e\" data-element_type=\"widget\" data-e-type=\"widget\" data-widget_type=\"heading.default\">\n\t\t\t\t<div class=\"elementor-widget-container\">\n\t\t\t\t\t<h2 class=\"elementor-heading-title elementor-size-default\">Qu'est-ce que le traitement PRP capillaire ?<\/h2>\t\t\t\t<\/div>\n\t\t\t\t<\/div>\n\t\t\t\t<section class=\"elementor-section elementor-inner-section elementor-element elementor-element-264e024 elementor-section-boxed elementor-section-height-default elementor-section-height-default\" data-id=\"264e024\" data-element_type=\"section\" data-e-type=\"section\">\n\t\t\t\t\t\t<div class=\"elementor-container elementor-column-gap-default\">\n\t\t\t\t\t<div class=\"elementor-column elementor-col-50 elementor-inner-column elementor-element elementor-element-52fc805f\" data-id=\"52fc805f\" data-element_type=\"column\" data-e-type=\"column\">\n\t\t\t<div class=\"elementor-widget-wrap elementor-element-populated\">\n\t\t\t\t\t\t<div class=\"elementor-element elementor-element-1d9bfc52 elementor-widget elementor-widget-text-editor\" data-id=\"1d9bfc52\" data-element_type=\"widget\" data-e-type=\"widget\" data-widget_type=\"text-editor.default\">\n\t\t\t\t<div class=\"elementor-widget-container\">\n\t\t\t\t\t\t\t\t\t<p>Le traitement PRP capillaire consiste \u00e0 appliquer des plaquettes pr\u00e9lev\u00e9es dans le sang de la personne sur les follicules pileux. Du plasma riche en plaquettes et en cellules plaquettaires est inject\u00e9 dans les follicules pileux pour renforcer les m\u00e8ches de cheveux et pr\u00e9venir la chute des cheveux.<\/p>\t\t\t\t\t\t\t\t<\/div>\n\t\t\t\t<\/div>\n\t\t\t\t<div class=\"elementor-element elementor-element-c2eb297 elementor-widget elementor-widget-heading\" data-id=\"c2eb297\" data-element_type=\"widget\" data-e-type=\"widget\" data-widget_type=\"heading.default\">\n\t\t\t\t<div class=\"elementor-widget-container\">\n\t\t\t\t\t<h2 class=\"elementor-heading-title elementor-size-default\">Avantages du PRP capillaire<\/h2>\t\t\t\t<\/div>\n\t\t\t\t<\/div>\n\t\t\t\t<div class=\"elementor-element elementor-element-17a6499 elementor-widget elementor-widget-text-editor\" data-id=\"17a6499\" data-element_type=\"widget\" data-e-type=\"widget\" data-widget_type=\"text-editor.default\">\n\t\t\t\t<div class=\"elementor-widget-container\">\n\t\t\t\t\t\t\t\t\t<ul><li>Pr\u00e9vient la chute des cheveux.<\/li><li>\u00c9paissit les m\u00e8ches de cheveux clairsem\u00e9es.<\/li><li>Favorise une croissance des cheveux plus forte et plus saine en revitalisant les follicules pileux.<\/li><li>Augmente la vitalit\u00e9 du follicule pileux.<\/li><\/ul>\t\t\t\t\t\t\t\t<\/div>\n\t\t\t\t<\/div>\n\t\t\t\t<div class=\"elementor-element elementor-element-308d3f7 elementor-widget elementor-widget-heading\" data-id=\"308d3f7\" data-element_type=\"widget\" data-e-type=\"widget\" data-widget_type=\"heading.default\">\n\t\t\t\t<div class=\"elementor-widget-container\">\n\t\t\t\t\t<h2 class=\"elementor-heading-title elementor-size-default\">Nombre de s\u00e9ances de PRP capillaire et dur\u00e9e de l'effet<\/h2>\t\t\t\t<\/div>\n\t\t\t\t<\/div>\n\t\t\t\t<div class=\"elementor-element elementor-element-7eb99a0 elementor-widget elementor-widget-text-editor\" data-id=\"7eb99a0\" data-element_type=\"widget\" data-e-type=\"widget\" data-widget_type=\"text-editor.default\">\n\t\t\t\t<div class=\"elementor-widget-container\">\n\t\t\t\t\t\t\t\t\t<p>Le traitement PRP capillaire est g\u00e9n\u00e9ralement appliqu\u00e9 en 4 \u00e0 6 s\u00e9ances. Il peut aller jusqu&#8217;\u00e0 8 s\u00e9ances selon la gravit\u00e9 du probl\u00e8me. Il y a une pause de 2 \u00e0 4 semaines entre les s\u00e9ances. Il est recommand\u00e9 d&#8217;appliquer une fois par an pour maintenir l&#8217;effet du traitement.<\/p>\t\t\t\t\t\t\t\t<\/div>\n\t\t\t\t<\/div>\n\t\t\t\t\t<\/div>\n\t\t<\/div>\n\t\t\t\t<div class=\"elementor-column elementor-col-50 elementor-inner-column elementor-element elementor-element-5825d329\" data-id=\"5825d329\" data-element_type=\"column\" data-e-type=\"column\">\n\t\t\t<div class=\"elementor-widget-wrap elementor-element-populated\">\n\t\t\t\t\t\t<div class=\"elementor-element elementor-element-fa9906f elementor-widget elementor-widget-image\" data-id=\"fa9906f\" data-element_type=\"widget\" data-e-type=\"widget\" data-widget_type=\"image.default\">\n\t\t\t\t<div class=\"elementor-widget-container\">\n\t\t\t\t\t\t\t\t\t\t\t\t\t\t\t<img decoding=\"async\" width=\"1024\" height=\"1024\" src=\"https:\/\/www.hairtrans.net\/fr\/wp-content\/uploads\/2025\/01\/3-5-1024x1024.webp\" class=\"attachment-large size-large wp-image-1639\" alt=\"\" srcset=\"https:\/\/www.hairtrans.net\/fr\/wp-content\/uploads\/2025\/01\/3-5-1024x1024.webp 1024w, https:\/\/www.hairtrans.net\/fr\/wp-content\/uploads\/2025\/01\/3-5-300x300.webp 300w, https:\/\/www.hairtrans.net\/fr\/wp-content\/uploads\/2025\/01\/3-5-150x150.webp 150w, https:\/\/www.hairtrans.net\/fr\/wp-content\/uploads\/2025\/01\/3-5-768x768.webp 768w, https:\/\/www.hairtrans.net\/fr\/wp-content\/uploads\/2025\/01\/3-5.webp 1080w\" sizes=\"(max-width: 1024px) 100vw, 1024px\" \/>\t\t\t\t\t\t\t\t\t\t\t\t\t\t\t<\/div>\n\t\t\t\t<\/div>\n\t\t\t\t\t<\/div>\n\t\t<\/div>\n\t\t\t\t\t<\/div>\n\t\t<\/section>\n\t\t\t\t\t<\/div>\n\t\t<\/div>\n\t\t\t\t\t<\/div>\n\t\t<\/section>\n\t\t\t\t<section class=\"elementor-section elementor-top-section elementor-element elementor-element-64472a8 elementor-section-boxed elementor-section-height-default elementor-section-height-default\" data-id=\"64472a8\" data-element_type=\"section\" data-e-type=\"section\" data-settings=\"{&quot;background_background&quot;:&quot;classic&quot;}\">\n\t\t\t\t\t\t<div class=\"elementor-container elementor-column-gap-default\">\n\t\t\t\t\t<div class=\"elementor-column elementor-col-100 elementor-top-column elementor-element elementor-element-189d311f\" data-id=\"189d311f\" data-element_type=\"column\" data-e-type=\"column\">\n\t\t\t<div class=\"elementor-widget-wrap elementor-element-populated\">\n\t\t\t\t\t\t<div class=\"elementor-element elementor-element-2825674a elementor-widget elementor-widget-heading\" data-id=\"2825674a\" data-element_type=\"widget\" data-e-type=\"widget\" data-widget_type=\"heading.default\">\n\t\t\t\t<div class=\"elementor-widget-container\">\n\t\t\t\t\t<h2 class=\"elementor-heading-title elementor-size-default\">Avantages et effets secondaires du PRP capillaire<\/h2>\t\t\t\t<\/div>\n\t\t\t\t<\/div>\n\t\t\t\t<div class=\"elementor-element elementor-element-7227122d elementor-widget elementor-widget-text-editor\" data-id=\"7227122d\" data-element_type=\"widget\" data-e-type=\"widget\" data-widget_type=\"text-editor.default\">\n\t\t\t\t<div class=\"elementor-widget-container\">\n\t\t\t\t\t\t\t\t\t<p>Le traitement PRP capillaire utilisant le sang de la personne elle-m\u00eame, il n&#8217;y a aucun risque d&#8217;effets secondaires. Il n&#8217;y a pas d&#8217;allergie cutan\u00e9e, de rougeur ou d&#8217;ecchymose. Il y a des r\u00e8gles importantes \u00e0 respecter apr\u00e8s le traitement (comme ne pas toucher le cuir chevelu le premier jour, \u00e9viter les exercices intenses pendant trois jours).<\/p>\t\t\t\t\t\t\t\t<\/div>\n\t\t\t\t<\/div>\n\t\t\t\t<div class=\"elementor-element elementor-element-dbc61e8 elementor-widget elementor-widget-heading\" data-id=\"dbc61e8\" data-element_type=\"widget\" data-e-type=\"widget\" data-widget_type=\"heading.default\">\n\t\t\t\t<div class=\"elementor-widget-container\">\n\t\t\t\t\t<h2 class=\"elementor-heading-title elementor-size-default\">Le PRP fait-il pousser les cheveux ?<\/h2>\t\t\t\t<\/div>\n\t\t\t\t<\/div>\n\t\t\t\t<div class=\"elementor-element elementor-element-927ec9b elementor-widget elementor-widget-text-editor\" data-id=\"927ec9b\" data-element_type=\"widget\" data-e-type=\"widget\" data-widget_type=\"text-editor.default\">\n\t\t\t\t<div class=\"elementor-widget-container\">\n\t\t\t\t\t\t\t\t\t<p>Le traitement PRP capillaire favorise la croissance et le renforcement des cheveux en nourrissant les follicules pileux existants. Cependant, il ne fait pas repousser compl\u00e8tement les cheveux perdus. Par cons\u00e9quent, il peut \u00eatre recommand\u00e9 de l&#8217;appliquer en combinaison avec une greffe de cheveux.<\/p>\t\t\t\t\t\t\t\t<\/div>\n\t\t\t\t<\/div>\n\t\t\t\t<div class=\"elementor-element elementor-element-dde7e0f elementor-widget elementor-widget-heading\" data-id=\"dde7e0f\" data-element_type=\"widget\" data-e-type=\"widget\" data-widget_type=\"heading.default\">\n\t\t\t\t<div class=\"elementor-widget-container\">\n\t\t\t\t\t<h2 class=\"elementor-heading-title elementor-size-default\">Efficacit\u00e9 du PRP capillaire<\/h2>\t\t\t\t<\/div>\n\t\t\t\t<\/div>\n\t\t\t\t<div class=\"elementor-element elementor-element-adc2890 elementor-widget elementor-widget-text-editor\" data-id=\"adc2890\" data-element_type=\"widget\" data-e-type=\"widget\" data-widget_type=\"text-editor.default\">\n\t\t\t\t<div class=\"elementor-widget-container\">\n\t\t\t\t\t\t\t\t\t<p>L&#8217;effet du traitement PRP capillaire peut varier d&#8217;une personne \u00e0 l&#8217;autre. Une application r\u00e9guli\u00e8re du produit pr\u00e9vient dans une large mesure la chute des cheveux et garantit que les cheveux existants restent en meilleure sant\u00e9. La perte de cheveux est un probl\u00e8me important qui perturbe l&#8217;esth\u00e9tique des gens.<\/p><p>Le PRP capillaire offre une solution efficace et fiable pour les hommes comme pour les femmes. Vous pouvez commencer ce traitement contre la perte ou l&#8217;affaiblissement de vos cheveux sans tarder en contactant un sp\u00e9cialiste.<\/p>\t\t\t\t\t\t\t\t<\/div>\n\t\t\t\t<\/div>\n\t\t\t\t\t<\/div>\n\t\t<\/div>\n\t\t\t\t\t<\/div>\n\t\t<\/section>\n\t\t\t\t<section class=\"elementor-section elementor-top-section elementor-element elementor-element-5d4eb387 elementor-section-stretched elementor-section-boxed elementor-section-height-default elementor-section-height-default\" data-id=\"5d4eb387\" data-element_type=\"section\" data-e-type=\"section\" data-settings=\"{&quot;background_background&quot;:&quot;classic&quot;,&quot;stretch_section&quot;:&quot;section-stretched&quot;}\">\n\t\t\t\t\t\t<div class=\"elementor-container elementor-column-gap-default\">\n\t\t\t\t\t<div class=\"elementor-column elementor-col-100 elementor-top-column elementor-element elementor-element-3625436d\" data-id=\"3625436d\" data-element_type=\"column\" data-e-type=\"column\">\n\t\t\t<div class=\"elementor-widget-wrap elementor-element-populated\">\n\t\t\t\t\t\t<div class=\"elementor-element elementor-element-6c5627f elementor-widget elementor-widget-heading\" data-id=\"6c5627f\" data-element_type=\"widget\" data-e-type=\"widget\" data-widget_type=\"heading.default\">\n\t\t\t\t<div class=\"elementor-widget-container\">\n\t\t\t\t\t<h2 class=\"elementor-heading-title elementor-size-default\">Traitement PRP capillaire et r\u00e9sultats<\/h2>\t\t\t\t<\/div>\n\t\t\t\t<\/div>\n\t\t\t\t<div class=\"elementor-element elementor-element-962a3cc elementor-widget elementor-widget-text-editor\" data-id=\"962a3cc\" data-element_type=\"widget\" data-e-type=\"widget\" data-widget_type=\"text-editor.default\">\n\t\t\t\t<div class=\"elementor-widget-container\">\n\t\t\t\t\t\t\t\t\t<p>Le PRP capillaire est une m\u00e9thode de traitement tr\u00e8s efficace pour stopper la chute des cheveux et renforcer les cheveux existants. Il convient toutefois de noter que la r\u00e9ponse au traitement peut varier d&#8217;une personne \u00e0 l&#8217;autre.<\/p>\t\t\t\t\t\t\t\t<\/div>\n\t\t\t\t<\/div>\n\t\t\t\t<section class=\"elementor-section elementor-inner-section elementor-element elementor-element-3e65d33d elementor-section-boxed elementor-section-height-default elementor-section-height-default\" data-id=\"3e65d33d\" data-element_type=\"section\" data-e-type=\"section\">\n\t\t\t\t\t\t<div class=\"elementor-container elementor-column-gap-default\">\n\t\t\t\t\t<div class=\"elementor-column elementor-col-50 elementor-inner-column elementor-element elementor-element-6d3b91b3\" data-id=\"6d3b91b3\" data-element_type=\"column\" data-e-type=\"column\">\n\t\t\t<div class=\"elementor-widget-wrap elementor-element-populated\">\n\t\t\t\t\t\t<div class=\"elementor-element elementor-element-2fad0dbe elementor-widget elementor-widget-image\" data-id=\"2fad0dbe\" data-element_type=\"widget\" data-e-type=\"widget\" data-widget_type=\"image.default\">\n\t\t\t\t<div class=\"elementor-widget-container\">\n\t\t\t\t\t\t\t\t\t\t\t\t\t\t\t<img decoding=\"async\" width=\"1024\" height=\"1024\" src=\"https:\/\/www.hairtrans.net\/fr\/wp-content\/uploads\/2025\/01\/4-5-1024x1024.webp\" class=\"attachment-large size-large wp-image-1640\" alt=\"\" srcset=\"https:\/\/www.hairtrans.net\/fr\/wp-content\/uploads\/2025\/01\/4-5-1024x1024.webp 1024w, https:\/\/www.hairtrans.net\/fr\/wp-content\/uploads\/2025\/01\/4-5-300x300.webp 300w, https:\/\/www.hairtrans.net\/fr\/wp-content\/uploads\/2025\/01\/4-5-150x150.webp 150w, https:\/\/www.hairtrans.net\/fr\/wp-content\/uploads\/2025\/01\/4-5-768x768.webp 768w, https:\/\/www.hairtrans.net\/fr\/wp-content\/uploads\/2025\/01\/4-5.webp 1080w\" sizes=\"(max-width: 1024px) 100vw, 1024px\" \/>\t\t\t\t\t\t\t\t\t\t\t\t\t\t\t<\/div>\n\t\t\t\t<\/div>\n\t\t\t\t\t<\/div>\n\t\t<\/div>\n\t\t\t\t<div class=\"elementor-column elementor-col-50 elementor-inner-column elementor-element elementor-element-37ff370f\" data-id=\"37ff370f\" data-element_type=\"column\" data-e-type=\"column\">\n\t\t\t<div class=\"elementor-widget-wrap elementor-element-populated\">\n\t\t\t\t\t\t<div class=\"elementor-element elementor-element-2deae260 elementor-widget elementor-widget-text-editor\" data-id=\"2deae260\" data-element_type=\"widget\" data-e-type=\"widget\" data-widget_type=\"text-editor.default\">\n\t\t\t\t<div class=\"elementor-widget-container\">\n\t\t\t\t\t\t\t\t\t<p>Chez certaines personnes, la revitalisation et l&#8217;\u00e9paississement des m\u00e8ches de cheveux peuvent \u00eatre observ\u00e9s rapidement, alors que chez d&#8217;autres individus, ce processus peut prendre plus de temps. Il est donc important d&#8217;aborder le traitement avec patience.<\/p><p>Le traitement PRP commence g\u00e9n\u00e9ralement par trois s\u00e9ances initiales et peut maintenir ses effets pendant 6 \u00e0 12 mois. Des applications p\u00e9riodiques de 3 \u00e0 4 s\u00e9ances par an sont recommand\u00e9es pour assurer un succ\u00e8s \u00e0 long terme. Il ne faut pas oublier que ce processus ne doit pas \u00eatre interrompu pour la continuit\u00e9 des r\u00e9sultats du traitement.<\/p>\t\t\t\t\t\t\t\t<\/div>\n\t\t\t\t<\/div>\n\t\t\t\t<div class=\"elementor-element elementor-element-223b1d8f elementor-widget elementor-widget-heading\" data-id=\"223b1d8f\" data-element_type=\"widget\" data-e-type=\"widget\" data-widget_type=\"heading.default\">\n\t\t\t\t<div class=\"elementor-widget-container\">\n\t\t\t\t\t<h2 class=\"elementor-heading-title elementor-size-default\">Sant\u00e9 des cheveux et grisonnement apr\u00e8s un traitement PRP<\/h2>\t\t\t\t<\/div>\n\t\t\t\t<\/div>\n\t\t\t\t<div class=\"elementor-element elementor-element-a917368 elementor-widget elementor-widget-text-editor\" data-id=\"a917368\" data-element_type=\"widget\" data-e-type=\"widget\" data-widget_type=\"text-editor.default\">\n\t\t\t\t<div class=\"elementor-widget-container\">\n\t\t\t\t\t\t\t\t\t<p>Bien que le traitement PRP capillaire soit extr\u00eamement efficace pour stopper la chute des cheveux et renforcer les cheveux existants, il n&#8217;a pas le m\u00eame effet sur le grisonnement des cheveux. Le grisonnement des cheveux est g\u00e9n\u00e9ralement associ\u00e9 \u00e0 des facteurs g\u00e9n\u00e9tiques et au processus de vieillissement.<\/p>\t\t\t\t\t\t\t\t<\/div>\n\t\t\t\t<\/div>\n\t\t\t\t\t<\/div>\n\t\t<\/div>\n\t\t\t\t\t<\/div>\n\t\t<\/section>\n\t\t\t\t<div class=\"elementor-element elementor-element-af43873 elementor-widget elementor-widget-text-editor\" data-id=\"af43873\" data-element_type=\"widget\" data-e-type=\"widget\" data-widget_type=\"text-editor.default\">\n\t\t\t\t<div class=\"elementor-widget-container\">\n\t\t\t\t\t\t\t\t\t<p>Il est toutefois possible de pr\u00e9venir le grisonnement pr\u00e9matur\u00e9 des cheveux gr\u00e2ce \u00e0 une alimentation saine et riche en antioxydants. Il convient de noter que le PRP n\u2019est pas une m\u00e9thode de traitement contre le grisonnement des cheveux.<\/p>\t\t\t\t\t\t\t\t<\/div>\n\t\t\t\t<\/div>\n\t\t\t\t\t<\/div>\n\t\t<\/div>\n\t\t\t\t\t<\/div>\n\t\t<\/section>\n\t\t\t\t<section class=\"elementor-section elementor-top-section elementor-element elementor-element-7247e856 elementor-section-stretched elementor-section-boxed elementor-section-height-default elementor-section-height-default\" data-id=\"7247e856\" data-element_type=\"section\" data-e-type=\"section\" data-settings=\"{&quot;background_background&quot;:&quot;classic&quot;,&quot;stretch_section&quot;:&quot;section-stretched&quot;}\">\n\t\t\t\t\t\t<div class=\"elementor-container elementor-column-gap-default\">\n\t\t\t\t\t<div class=\"elementor-column elementor-col-100 elementor-top-column elementor-element elementor-element-1ba723cc\" data-id=\"1ba723cc\" data-element_type=\"column\" data-e-type=\"column\">\n\t\t\t<div class=\"elementor-widget-wrap elementor-element-populated\">\n\t\t\t\t\t\t<div class=\"elementor-element elementor-element-44c2a1f3 elementor-widget elementor-widget-heading\" data-id=\"44c2a1f3\" data-element_type=\"widget\" data-e-type=\"widget\" data-widget_type=\"heading.default\">\n\t\t\t\t<div class=\"elementor-widget-container\">\n\t\t\t\t\t<h2 class=\"elementor-heading-title elementor-size-default\">L'importance de choisir le bon centre pour le traitement PRP capillaire<\/h2>\t\t\t\t<\/div>\n\t\t\t\t<\/div>\n\t\t\t\t<div class=\"elementor-element elementor-element-50c0486e elementor-widget elementor-widget-text-editor\" data-id=\"50c0486e\" data-element_type=\"widget\" data-e-type=\"widget\" data-widget_type=\"text-editor.default\">\n\t\t\t\t<div class=\"elementor-widget-container\">\n\t\t\t\t\t\t\t\t\t<p>Pour obtenir une efficacit\u00e9 maximale du traitement PRP capillaire, il est essentiel de choisir le bon centre de traitement et le bon sp\u00e9cialiste. Voici quelques crit\u00e8res \u00e0 prendre en compte lors du choix d&#8217;un bon centre :<\/p>\t\t\t\t\t\t\t\t<\/div>\n\t\t\t\t<\/div>\n\t\t\t\t<section class=\"elementor-section elementor-inner-section elementor-element elementor-element-31c15d5d elementor-section-boxed elementor-section-height-default elementor-section-height-default\" data-id=\"31c15d5d\" data-element_type=\"section\" data-e-type=\"section\">\n\t\t\t\t\t\t<div class=\"elementor-container elementor-column-gap-default\">\n\t\t\t\t\t<div class=\"elementor-column elementor-col-50 elementor-inner-column elementor-element elementor-element-44db30b4\" data-id=\"44db30b4\" data-element_type=\"column\" data-e-type=\"column\">\n\t\t\t<div class=\"elementor-widget-wrap elementor-element-populated\">\n\t\t\t\t\t\t<div class=\"elementor-element elementor-element-5daa3a8 elementor-widget elementor-widget-text-editor\" data-id=\"5daa3a8\" data-element_type=\"widget\" data-e-type=\"widget\" data-widget_type=\"text-editor.default\">\n\t\t\t\t<div class=\"elementor-widget-container\">\n\t\t\t\t\t\t\t\t\t<ul><li><p>Expertise et exp\u00e9rience : Le m\u00e9decin qui effectuera le traitement doit \u00eatre un expert dans le domaine de la dermatologie ou de l&#8217;esth\u00e9tique m\u00e9dicale. Les m\u00e9decins sp\u00e9cialistes d\u00e9terminent la cause de la perte de cheveux du patient et cr\u00e9ent un plan de traitement personnalis\u00e9, ce qui augmente le succ\u00e8s du traitement.<\/p><\/li><li><p>\u00c9quipement et technologie utilis\u00e9s : La qualit\u00e9 des kits PRP utilis\u00e9s dans le traitement est importante. Les kits de haute qualit\u00e9 et approuv\u00e9s par la FDA augmentent l&#8217;efficacit\u00e9 du PRP. De plus, l&#8217;application dans des conditions st\u00e9riles et hygi\u00e9niques \u00e9vite le risque d&#8217;infection.<\/p><\/li><li><p>Processus d&#8217;\u00e9valuation des patients : Un bon centre \u00e9value en d\u00e9tail la sant\u00e9 des cheveux et de la peau du patient avant le traitement PRP. Dans ce processus, le type de perte de cheveux et les causes sous-jacentes sont d\u00e9termin\u00e9s.<\/p><p>\u00a0<\/p><\/li><\/ul><p>Le traitement PRP capillaire est une m\u00e9thode scientifiquement prouv\u00e9e et s\u00fbre pour contr\u00f4ler la perte de cheveux et renforcer les cheveux. Cependant, les r\u00e9ponses individuelles \u00e0 ce traitement peuvent varier. Il est important de clarifier vos attentes en consultant votre m\u00e9decin avant l&#8217;application.<\/p>\t\t\t\t\t\t\t\t<\/div>\n\t\t\t\t<\/div>\n\t\t\t\t\t<\/div>\n\t\t<\/div>\n\t\t\t\t<div class=\"elementor-column elementor-col-50 elementor-inner-column elementor-element elementor-element-76e7dc0f\" data-id=\"76e7dc0f\" data-element_type=\"column\" data-e-type=\"column\">\n\t\t\t<div class=\"elementor-widget-wrap elementor-element-populated\">\n\t\t\t\t\t\t<div class=\"elementor-element elementor-element-271ce8d2 elementor-widget elementor-widget-image\" data-id=\"271ce8d2\" data-element_type=\"widget\" data-e-type=\"widget\" data-widget_type=\"image.default\">\n\t\t\t\t<div class=\"elementor-widget-container\">\n\t\t\t\t\t\t\t\t\t\t\t\t\t\t\t<img loading=\"lazy\" decoding=\"async\" width=\"1024\" height=\"1024\" src=\"https:\/\/www.hairtrans.net\/fr\/wp-content\/uploads\/2025\/01\/5-5-1024x1024.webp\" class=\"attachment-large size-large wp-image-1641\" alt=\"\" srcset=\"https:\/\/www.hairtrans.net\/fr\/wp-content\/uploads\/2025\/01\/5-5-1024x1024.webp 1024w, https:\/\/www.hairtrans.net\/fr\/wp-content\/uploads\/2025\/01\/5-5-300x300.webp 300w, https:\/\/www.hairtrans.net\/fr\/wp-content\/uploads\/2025\/01\/5-5-150x150.webp 150w, https:\/\/www.hairtrans.net\/fr\/wp-content\/uploads\/2025\/01\/5-5-768x768.webp 768w, https:\/\/www.hairtrans.net\/fr\/wp-content\/uploads\/2025\/01\/5-5.webp 1080w\" sizes=\"(max-width: 1024px) 100vw, 1024px\" \/>\t\t\t\t\t\t\t\t\t\t\t\t\t\t\t<\/div>\n\t\t\t\t<\/div>\n\t\t\t\t\t<\/div>\n\t\t<\/div>\n\t\t\t\t\t<\/div>\n\t\t<\/section>\n\t\t\t\t<div class=\"elementor-element elementor-element-9bdfab4 elementor-widget elementor-widget-text-editor\" data-id=\"9bdfab4\" data-element_type=\"widget\" data-e-type=\"widget\" data-widget_type=\"text-editor.default\">\n\t\t\t\t<div class=\"elementor-widget-container\">\n\t\t\t\t\t\t\t\t\t<p>Vous devez \u00eatre patient tout au long du processus de traitement et prendre des mesures pour favoriser la sant\u00e9 des cheveux. De nombreuses personnes ayant obtenu des r\u00e9sultats efficaces avec le PRP rapportent que leurs cheveux paraissent plus volumineux, plus brillants et plus forts apr\u00e8s le traitement. Si vous souffrez de perte de cheveux, vous pouvez restaurer la sant\u00e9 de vos cheveux en \u00e9valuant le traitement PRP.<\/p>\t\t\t\t\t\t\t\t<\/div>\n\t\t\t\t<\/div>\n\t\t\t\t\t<\/div>\n\t\t<\/div>\n\t\t\t\t\t<\/div>\n\t\t<\/section>\n\t\t\t\t<section class=\"elementor-section elementor-top-section elementor-element elementor-element-7539768e elementor-section-boxed elementor-section-height-default elementor-section-height-default\" data-id=\"7539768e\" data-element_type=\"section\" data-e-type=\"section\" data-settings=\"{&quot;background_background&quot;:&quot;classic&quot;}\">\n\t\t\t\t\t\t<div class=\"elementor-container elementor-column-gap-default\">\n\t\t\t\t\t<div class=\"elementor-column elementor-col-100 elementor-top-column elementor-element elementor-element-5d0384f1\" data-id=\"5d0384f1\" data-element_type=\"column\" data-e-type=\"column\">\n\t\t\t<div class=\"elementor-widget-wrap elementor-element-populated\">\n\t\t\t\t\t\t<div class=\"elementor-element elementor-element-1dea626 elementor-widget elementor-widget-heading\" data-id=\"1dea626\" data-element_type=\"widget\" data-e-type=\"widget\" data-widget_type=\"heading.default\">\n\t\t\t\t<div class=\"elementor-widget-container\">\n\t\t\t\t\t<h2 class=\"elementor-heading-title elementor-size-default\">Tarifs du traitement PRP capillaire<\/h2>\t\t\t\t<\/div>\n\t\t\t\t<\/div>\n\t\t\t\t<div class=\"elementor-element elementor-element-5016c81 elementor-widget elementor-widget-text-editor\" data-id=\"5016c81\" data-element_type=\"widget\" data-e-type=\"widget\" data-widget_type=\"text-editor.default\">\n\t\t\t\t<div class=\"elementor-widget-container\">\n\t\t\t\t\t\t\t\t\t<p>Les prix des traitements capillaires PRP varient en fonction du centre o\u00f9 l&#8217;application est effectu\u00e9e, de la qualit\u00e9 des appareils utilis\u00e9s et de l&#8217;exp\u00e9rience du m\u00e9decin. Les applications \u00e0 bas prix signifient g\u00e9n\u00e9ralement des appareils ou des proc\u00e9dures de mauvaise qualit\u00e9 qui ne n\u00e9cessitent pas d&#8217;expertise.<\/p><p>Pour cette raison, les personnes qui envisagent un traitement doivent \u00eatre m\u00e9ticuleuses dans le choix du centre d&#8217;application et du m\u00e9decin. Le traitement capillaire PRP, qui est une option efficace pour retrouver la sant\u00e9 des cheveux et augmenter la confiance en soi, est une m\u00e9thode adapt\u00e9e aux femmes comme aux hommes.<\/p><p>Apr\u00e8s l&#8217;application, les cheveux retrouvent leur vitalit\u00e9 d&#8217;antan et cessent de tomber, am\u00e9liorant visiblement la qualit\u00e9 de vie des individus.<\/p>\t\t\t\t\t\t\t\t<\/div>\n\t\t\t\t<\/div>\n\t\t\t\t\t<\/div>\n\t\t<\/div>\n\t\t\t\t\t<\/div>\n\t\t<\/section>\n\t\t\t\t<section class=\"elementor-section elementor-top-section elementor-element elementor-element-4983e866 elementor-section-boxed elementor-section-height-default elementor-section-height-default\" data-id=\"4983e866\" data-element_type=\"section\" data-e-type=\"section\">\n\t\t\t\t\t\t<div class=\"elementor-container elementor-column-gap-default\">\n\t\t\t\t\t<div class=\"elementor-column elementor-col-100 elementor-top-column elementor-element elementor-element-7413d451\" data-id=\"7413d451\" data-element_type=\"column\" data-e-type=\"column\">\n\t\t\t<div class=\"elementor-widget-wrap elementor-element-populated\">\n\t\t\t\t\t\t<div class=\"elementor-element elementor-element-2bf2ef2c elementor-widget elementor-widget-heading\" data-id=\"2bf2ef2c\" data-element_type=\"widget\" data-e-type=\"widget\" data-widget_type=\"heading.default\">\n\t\t\t\t<div class=\"elementor-widget-container\">\n\t\t\t\t\t<h2 class=\"elementor-heading-title elementor-size-default\">Questions fr\u00e9quemment pos\u00e9es<\/h2>\t\t\t\t<\/div>\n\t\t\t\t<\/div>\n\t\t\t\t<div class=\"elementor-element elementor-element-2b27a439 elementor-widget elementor-widget-text-editor\" data-id=\"2b27a439\" data-element_type=\"widget\" data-e-type=\"widget\" data-widget_type=\"text-editor.default\">\n\t\t\t\t<div class=\"elementor-widget-container\">\n\t\t\t\t\t\t\t\t\t<p>Nos consultants m\u00e9dicaux pr\u00e9sents dans 8 pays sont \u00e0 votre service 24h\/24 et 7j\/7 pour vous accompagner \u00e0 tout moment.<\/p>\t\t\t\t\t\t\t\t<\/div>\n\t\t\t\t<\/div>\n\t\t\t\t<section class=\"elementor-section elementor-inner-section elementor-element elementor-element-57e21f37 elementor-section-boxed elementor-section-height-default elementor-section-height-default\" data-id=\"57e21f37\" data-element_type=\"section\" data-e-type=\"section\">\n\t\t\t\t\t\t<div class=\"elementor-container elementor-column-gap-default\">\n\t\t\t\t\t<div class=\"elementor-column elementor-col-50 elementor-inner-column elementor-element elementor-element-432d8b88\" data-id=\"432d8b88\" data-element_type=\"column\" data-e-type=\"column\">\n\t\t\t<div class=\"elementor-widget-wrap elementor-element-populated\">\n\t\t\t\t\t\t<div class=\"elementor-element elementor-element-3ebec09c elementor-widget elementor-widget-accordion\" data-id=\"3ebec09c\" data-element_type=\"widget\" data-e-type=\"widget\" data-widget_type=\"accordion.default\">\n\t\t\t\t<div class=\"elementor-widget-container\">\n\t\t\t\t\t\t\t<div class=\"elementor-accordion\">\n\t\t\t\t\t\t\t<div class=\"elementor-accordion-item\">\n\t\t\t\t\t<h3 id=\"elementor-tab-title-1051\" class=\"elementor-tab-title\" data-tab=\"1\" role=\"button\" aria-controls=\"elementor-tab-content-1051\" aria-expanded=\"false\">\n\t\t\t\t\t\t\t\t\t\t\t\t\t<span class=\"elementor-accordion-icon elementor-accordion-icon-left\" aria-hidden=\"true\">\n\t\t\t\t\t\t\t\t\t\t\t\t\t\t\t<span class=\"elementor-accordion-icon-closed\"><svg class=\"e-font-icon-svg e-fas-caret-right\" viewBox=\"0 0 192 512\" xmlns=\"http:\/\/www.w3.org\/2000\/svg\"><path d=\"M0 384.662V127.338c0-17.818 21.543-26.741 34.142-14.142l128.662 128.662c7.81 7.81 7.81 20.474 0 28.284L34.142 398.804C21.543 411.404 0 402.48 0 384.662z\"><\/path><\/svg><\/span>\n\t\t\t\t\t\t\t\t<span class=\"elementor-accordion-icon-opened\"><svg class=\"e-font-icon-svg e-fas-caret-up\" viewBox=\"0 0 320 512\" xmlns=\"http:\/\/www.w3.org\/2000\/svg\"><path d=\"M288.662 352H31.338c-17.818 0-26.741-21.543-14.142-34.142l128.662-128.662c7.81-7.81 20.474-7.81 28.284 0l128.662 128.662c12.6 12.599 3.676 34.142-14.142 34.142z\"><\/path><\/svg><\/span>\n\t\t\t\t\t\t\t\t\t\t\t\t\t\t<\/span>\n\t\t\t\t\t\t\t\t\t\t\t\t<a class=\"elementor-accordion-title\" tabindex=\"0\">Comment le processus de collecte et de s\u00e9paration du sang dans le traitement PRP affecte-t-il le succ\u00e8s du traitement capillaire ?<\/a>\n\t\t\t\t\t<\/h3>\n\t\t\t\t\t<div id=\"elementor-tab-content-1051\" class=\"elementor-tab-content elementor-clearfix\" data-tab=\"1\" role=\"region\" aria-labelledby=\"elementor-tab-title-1051\"><p>Lors de la proc\u00e9dure PRP capillaire, le pr\u00e9l\u00e8vement sanguin correct et la s\u00e9paration du sang dans la centrifugeuse \u00e0 la vitesse appropri\u00e9e garantissent que le plasma riche en plaquettes devient efficace. Un processus de s\u00e9paration incorrect peut s\u00e9rieusement r\u00e9duire l&#8217;efficacit\u00e9 du traitement. Par cons\u00e9quent, les r\u00e9sultats peuvent \u00eatre affect\u00e9s n\u00e9gativement.<\/p><\/div>\n\t\t\t\t<\/div>\n\t\t\t\t\t\t\t<div class=\"elementor-accordion-item\">\n\t\t\t\t\t<h3 id=\"elementor-tab-title-1052\" class=\"elementor-tab-title\" data-tab=\"2\" role=\"button\" aria-controls=\"elementor-tab-content-1052\" aria-expanded=\"false\">\n\t\t\t\t\t\t\t\t\t\t\t\t\t<span class=\"elementor-accordion-icon elementor-accordion-icon-left\" aria-hidden=\"true\">\n\t\t\t\t\t\t\t\t\t\t\t\t\t\t\t<span class=\"elementor-accordion-icon-closed\"><svg class=\"e-font-icon-svg e-fas-caret-right\" viewBox=\"0 0 192 512\" xmlns=\"http:\/\/www.w3.org\/2000\/svg\"><path d=\"M0 384.662V127.338c0-17.818 21.543-26.741 34.142-14.142l128.662 128.662c7.81 7.81 7.81 20.474 0 28.284L34.142 398.804C21.543 411.404 0 402.48 0 384.662z\"><\/path><\/svg><\/span>\n\t\t\t\t\t\t\t\t<span class=\"elementor-accordion-icon-opened\"><svg class=\"e-font-icon-svg e-fas-caret-up\" viewBox=\"0 0 320 512\" xmlns=\"http:\/\/www.w3.org\/2000\/svg\"><path d=\"M288.662 352H31.338c-17.818 0-26.741-21.543-14.142-34.142l128.662-128.662c7.81-7.81 20.474-7.81 28.284 0l128.662 128.662c12.6 12.599 3.676 34.142-14.142 34.142z\"><\/path><\/svg><\/span>\n\t\t\t\t\t\t\t\t\t\t\t\t\t\t<\/span>\n\t\t\t\t\t\t\t\t\t\t\t\t<a class=\"elementor-accordion-title\" tabindex=\"0\">Des rougeurs ou une sensibilit\u00e9 apparaissent-elles sur le cuir chevelu apr\u00e8s un traitement PRP ?<\/a>\n\t\t\t\t\t<\/h3>\n\t\t\t\t\t<div id=\"elementor-tab-content-1052\" class=\"elementor-tab-content elementor-clearfix\" data-tab=\"2\" role=\"region\" aria-labelledby=\"elementor-tab-title-1052\"><p>Apr\u00e8s le traitement, il peut y avoir une l\u00e9g\u00e8re rougeur ou sensibilit\u00e9 du cuir chevelu. Celles-ci disparaissent g\u00e9n\u00e9ralement spontan\u00e9ment dans les 24 \u00e0 48 heures. Cette situation est consid\u00e9r\u00e9e comme normale. Il s&#8217;agit de sympt\u00f4mes caus\u00e9s par la r\u00e9action temporaire des aiguilles utilis\u00e9es sur le cuir chevelu sensible. Si cela dure plus longtemps, vous devez absolument consulter un m\u00e9decin.<\/p><\/div>\n\t\t\t\t<\/div>\n\t\t\t\t\t\t\t<div class=\"elementor-accordion-item\">\n\t\t\t\t\t<h3 id=\"elementor-tab-title-1053\" class=\"elementor-tab-title\" data-tab=\"3\" role=\"button\" aria-controls=\"elementor-tab-content-1053\" aria-expanded=\"false\">\n\t\t\t\t\t\t\t\t\t\t\t\t\t<span class=\"elementor-accordion-icon elementor-accordion-icon-left\" aria-hidden=\"true\">\n\t\t\t\t\t\t\t\t\t\t\t\t\t\t\t<span class=\"elementor-accordion-icon-closed\"><svg class=\"e-font-icon-svg e-fas-caret-right\" viewBox=\"0 0 192 512\" xmlns=\"http:\/\/www.w3.org\/2000\/svg\"><path d=\"M0 384.662V127.338c0-17.818 21.543-26.741 34.142-14.142l128.662 128.662c7.81 7.81 7.81 20.474 0 28.284L34.142 398.804C21.543 411.404 0 402.48 0 384.662z\"><\/path><\/svg><\/span>\n\t\t\t\t\t\t\t\t<span class=\"elementor-accordion-icon-opened\"><svg class=\"e-font-icon-svg e-fas-caret-up\" viewBox=\"0 0 320 512\" xmlns=\"http:\/\/www.w3.org\/2000\/svg\"><path d=\"M288.662 352H31.338c-17.818 0-26.741-21.543-14.142-34.142l128.662-128.662c7.81-7.81 20.474-7.81 28.284 0l128.662 128.662c12.6 12.599 3.676 34.142-14.142 34.142z\"><\/path><\/svg><\/span>\n\t\t\t\t\t\t\t\t\t\t\t\t\t\t<\/span>\n\t\t\t\t\t\t\t\t\t\t\t\t<a class=\"elementor-accordion-title\" tabindex=\"0\">Le traitement PRP pr\u00e9vient-il le grisonnement des cheveux ?<\/a>\n\t\t\t\t\t<\/h3>\n\t\t\t\t\t<div id=\"elementor-tab-content-1053\" class=\"elementor-tab-content elementor-clearfix\" data-tab=\"3\" role=\"region\" aria-labelledby=\"elementor-tab-title-1053\"><p>Le traitement PRP capillaire favorise une croissance plus saine des cheveux en nourrissant les follicules pileux. Cependant, il n&#8217;a aucun effet direct sur la production de m\u00e9lanine, qui d\u00e9termine la couleur des cheveux. Par cons\u00e9quent, ce n&#8217;est pas une m\u00e9thode suffisante pour pr\u00e9venir le grisonnement.<\/p><\/div>\n\t\t\t\t<\/div>\n\t\t\t\t\t\t\t\t<\/div>\n\t\t\t\t\t\t<\/div>\n\t\t\t\t<\/div>\n\t\t\t\t\t<\/div>\n\t\t<\/div>\n\t\t\t\t<div class=\"elementor-column elementor-col-50 elementor-inner-column elementor-element elementor-element-14a203f0\" data-id=\"14a203f0\" data-element_type=\"column\" data-e-type=\"column\">\n\t\t\t<div class=\"elementor-widget-wrap elementor-element-populated\">\n\t\t\t\t\t\t<div class=\"elementor-element elementor-element-7ee52fe0 elementor-widget elementor-widget-accordion\" data-id=\"7ee52fe0\" data-element_type=\"widget\" data-e-type=\"widget\" data-widget_type=\"accordion.default\">\n\t\t\t\t<div class=\"elementor-widget-container\">\n\t\t\t\t\t\t\t<div class=\"elementor-accordion\">\n\t\t\t\t\t\t\t<div class=\"elementor-accordion-item\">\n\t\t\t\t\t<h3 id=\"elementor-tab-title-2121\" class=\"elementor-tab-title\" data-tab=\"1\" role=\"button\" aria-controls=\"elementor-tab-content-2121\" aria-expanded=\"false\">\n\t\t\t\t\t\t\t\t\t\t\t\t\t<span class=\"elementor-accordion-icon elementor-accordion-icon-left\" aria-hidden=\"true\">\n\t\t\t\t\t\t\t\t\t\t\t\t\t\t\t<span class=\"elementor-accordion-icon-closed\"><svg class=\"e-font-icon-svg e-fas-caret-right\" viewBox=\"0 0 192 512\" xmlns=\"http:\/\/www.w3.org\/2000\/svg\"><path d=\"M0 384.662V127.338c0-17.818 21.543-26.741 34.142-14.142l128.662 128.662c7.81 7.81 7.81 20.474 0 28.284L34.142 398.804C21.543 411.404 0 402.48 0 384.662z\"><\/path><\/svg><\/span>\n\t\t\t\t\t\t\t\t<span class=\"elementor-accordion-icon-opened\"><svg class=\"e-font-icon-svg e-fas-caret-up\" viewBox=\"0 0 320 512\" xmlns=\"http:\/\/www.w3.org\/2000\/svg\"><path d=\"M288.662 352H31.338c-17.818 0-26.741-21.543-14.142-34.142l128.662-128.662c7.81-7.81 20.474-7.81 28.284 0l128.662 128.662c12.6 12.599 3.676 34.142-14.142 34.142z\"><\/path><\/svg><\/span>\n\t\t\t\t\t\t\t\t\t\t\t\t\t\t<\/span>\n\t\t\t\t\t\t\t\t\t\t\t\t<a class=\"elementor-accordion-title\" tabindex=\"0\">Le traitement PRP a-t-il le m\u00eame effet sur les diff\u00e9rents types de perte de cheveux ?<\/a>\n\t\t\t\t\t<\/h3>\n\t\t\t\t\t<div id=\"elementor-tab-content-2121\" class=\"elementor-tab-content elementor-clearfix\" data-tab=\"1\" role=\"region\" aria-labelledby=\"elementor-tab-title-2121\"><p>L\u2019efficacit\u00e9 du traitement PRP est directement proportionnelle \u00e0 la cause de la chute des cheveux. Par exemple, il est tr\u00e8s efficace en cas de chute de cheveux due au stress ou \u00e0 la malnutrition. Cependant, il peut avoir un effet plus limit\u00e9 si la chute de cheveux est enti\u00e8rement g\u00e9n\u00e9tique.<\/p><\/div>\n\t\t\t\t<\/div>\n\t\t\t\t\t\t\t<div class=\"elementor-accordion-item\">\n\t\t\t\t\t<h3 id=\"elementor-tab-title-2122\" class=\"elementor-tab-title\" data-tab=\"2\" role=\"button\" aria-controls=\"elementor-tab-content-2122\" aria-expanded=\"false\">\n\t\t\t\t\t\t\t\t\t\t\t\t\t<span class=\"elementor-accordion-icon elementor-accordion-icon-left\" aria-hidden=\"true\">\n\t\t\t\t\t\t\t\t\t\t\t\t\t\t\t<span class=\"elementor-accordion-icon-closed\"><svg class=\"e-font-icon-svg e-fas-caret-right\" viewBox=\"0 0 192 512\" xmlns=\"http:\/\/www.w3.org\/2000\/svg\"><path d=\"M0 384.662V127.338c0-17.818 21.543-26.741 34.142-14.142l128.662 128.662c7.81 7.81 7.81 20.474 0 28.284L34.142 398.804C21.543 411.404 0 402.48 0 384.662z\"><\/path><\/svg><\/span>\n\t\t\t\t\t\t\t\t<span class=\"elementor-accordion-icon-opened\"><svg class=\"e-font-icon-svg e-fas-caret-up\" viewBox=\"0 0 320 512\" xmlns=\"http:\/\/www.w3.org\/2000\/svg\"><path d=\"M288.662 352H31.338c-17.818 0-26.741-21.543-14.142-34.142l128.662-128.662c7.81-7.81 20.474-7.81 28.284 0l128.662 128.662c12.6 12.599 3.676 34.142-14.142 34.142z\"><\/path><\/svg><\/span>\n\t\t\t\t\t\t\t\t\t\t\t\t\t\t<\/span>\n\t\t\t\t\t\t\t\t\t\t\t\t<a class=\"elementor-accordion-title\" tabindex=\"0\">Le PRP peut-il acc\u00e9l\u00e9rer le processus de gu\u00e9rison apr\u00e8s une greffe de cheveux ?<\/a>\n\t\t\t\t\t<\/h3>\n\t\t\t\t\t<div id=\"elementor-tab-content-2122\" class=\"elementor-tab-content elementor-clearfix\" data-tab=\"2\" role=\"region\" aria-labelledby=\"elementor-tab-title-2122\"><p>Oui, c&#8217;est possible. Le traitement PRP appliqu\u00e9 apr\u00e8s une greffe de cheveux aide les follicules transplant\u00e9s \u00e0 s&#8217;adapter plus rapidement. En m\u00eame temps, il augmente la circulation sanguine dans le cuir chevelu et favorise la croissance de nouveaux cheveux de mani\u00e8re plus saine.<\/p><\/div>\n\t\t\t\t<\/div>\n\t\t\t\t\t\t\t<div class=\"elementor-accordion-item\">\n\t\t\t\t\t<h3 id=\"elementor-tab-title-2123\" class=\"elementor-tab-title\" data-tab=\"3\" role=\"button\" aria-controls=\"elementor-tab-content-2123\" aria-expanded=\"false\">\n\t\t\t\t\t\t\t\t\t\t\t\t\t<span class=\"elementor-accordion-icon elementor-accordion-icon-left\" aria-hidden=\"true\">\n\t\t\t\t\t\t\t\t\t\t\t\t\t\t\t<span class=\"elementor-accordion-icon-closed\"><svg class=\"e-font-icon-svg e-fas-caret-right\" viewBox=\"0 0 192 512\" xmlns=\"http:\/\/www.w3.org\/2000\/svg\"><path d=\"M0 384.662V127.338c0-17.818 21.543-26.741 34.142-14.142l128.662 128.662c7.81 7.81 7.81 20.474 0 28.284L34.142 398.804C21.543 411.404 0 402.48 0 384.662z\"><\/path><\/svg><\/span>\n\t\t\t\t\t\t\t\t<span class=\"elementor-accordion-icon-opened\"><svg class=\"e-font-icon-svg e-fas-caret-up\" viewBox=\"0 0 320 512\" xmlns=\"http:\/\/www.w3.org\/2000\/svg\"><path d=\"M288.662 352H31.338c-17.818 0-26.741-21.543-14.142-34.142l128.662-128.662c7.81-7.81 20.474-7.81 28.284 0l128.662 128.662c12.6 12.599 3.676 34.142-14.142 34.142z\"><\/path><\/svg><\/span>\n\t\t\t\t\t\t\t\t\t\t\t\t\t\t<\/span>\n\t\t\t\t\t\t\t\t\t\t\t\t<a class=\"elementor-accordion-title\" tabindex=\"0\">La taille des aiguilles utilis\u00e9es lors du traitement PRP et la technique d\u2019application sont-elles importantes ?<\/a>\n\t\t\t\t\t<\/h3>\n\t\t\t\t\t<div id=\"elementor-tab-content-2123\" class=\"elementor-tab-content elementor-clearfix\" data-tab=\"3\" role=\"region\" aria-labelledby=\"elementor-tab-title-2123\"><p>Absolument oui. Il est essentiel que les aiguilles utilis\u00e9es lors de l&#8217;application soient fines et \u00e0 la bonne profondeur. Ces deux \u00e9l\u00e9ments augmentent l&#8217;efficacit\u00e9 du traitement et assurent le confort de la personne. Une technique incorrecte peut provoquer des douleurs, des irritations et des r\u00e9sultats insatisfaisants sur le cuir chevelu.<\/p><\/div>\n\t\t\t\t<\/div>\n\t\t\t\t\t\t\t\t<\/div>\n\t\t\t\t\t\t<\/div>\n\t\t\t\t<\/div>\n\t\t\t\t\t<\/div>\n\t\t<\/div>\n\t\t\t\t\t<\/div>\n\t\t<\/section>\n\t\t\t\t\t<\/div>\n\t\t<\/div>\n\t\t\t\t\t<\/div>\n\t\t<\/section>\n\t\t\t\t<section class=\"elementor-section elementor-top-section elementor-element elementor-element-20cd00d5 elementor-section-boxed elementor-section-height-default elementor-section-height-default\" data-id=\"20cd00d5\" data-element_type=\"section\" data-e-type=\"section\" id=\"get-free-consultation\" data-settings=\"{&quot;background_background&quot;:&quot;classic&quot;}\">\n\t\t\t\t\t\t<div class=\"elementor-container elementor-column-gap-default\">\n\t\t\t\t\t<div class=\"elementor-column elementor-col-100 elementor-top-column elementor-element elementor-element-d1df66d\" data-id=\"d1df66d\" data-element_type=\"column\" data-e-type=\"column\">\n\t\t\t<div class=\"elementor-widget-wrap elementor-element-populated\">\n\t\t\t\t\t\t<div class=\"elementor-element elementor-element-5f61c81 elementor-widget elementor-widget-template\" data-id=\"5f61c81\" data-element_type=\"widget\" data-e-type=\"widget\" data-widget_type=\"template.default\">\n\t\t\t\t<div class=\"elementor-widget-container\">\n\t\t\t\t\t\t\t<div class=\"elementor-template\">\n\t\t\t\t\t<div data-elementor-type=\"section\" data-elementor-id=\"2075\" class=\"elementor elementor-2075\" data-elementor-post-type=\"elementor_library\">\n\t\t\t\t\t<section class=\"elementor-section elementor-top-section elementor-element elementor-element-7807842c elementor-section-boxed elementor-section-height-default elementor-section-height-default\" data-id=\"7807842c\" data-element_type=\"section\" data-e-type=\"section\" id=\"get-free-consultation\" data-settings=\"{&quot;background_background&quot;:&quot;classic&quot;}\">\n\t\t\t\t\t\t<div class=\"elementor-container elementor-column-gap-default\">\n\t\t\t\t\t<div class=\"elementor-column elementor-col-50 elementor-top-column elementor-element elementor-element-4c82ea46\" data-id=\"4c82ea46\" data-element_type=\"column\" data-e-type=\"column\">\n\t\t\t<div class=\"elementor-widget-wrap elementor-element-populated\">\n\t\t\t\t\t\t<div class=\"elementor-element elementor-element-2fad7b34 elementor-widget elementor-widget-heading\" data-id=\"2fad7b34\" data-element_type=\"widget\" data-e-type=\"widget\" data-widget_type=\"heading.default\">\n\t\t\t\t<div class=\"elementor-widget-container\">\n\t\t\t\t\t<h2 class=\"elementor-heading-title elementor-size-default\">Demander une consultation gratuite<\/h2>\t\t\t\t<\/div>\n\t\t\t\t<\/div>\n\t\t\t\t<div class=\"elementor-element elementor-element-4e2ec374 elementor-widget elementor-widget-text-editor\" data-id=\"4e2ec374\" data-element_type=\"widget\" data-e-type=\"widget\" data-widget_type=\"text-editor.default\">\n\t\t\t\t<div class=\"elementor-widget-container\">\n\t\t\t\t\t\t\t\t\t<p>Vous pouvez nous contacter pour toute question sur la transplantation capillaire en Turquie ou pour obtenir une \u00e9valuation gratuite de la perte de cheveux. Notre \u00e9quipe d&#8217;experts vous fournira toutes les informations n\u00e9cessaires.<\/p>\t\t\t\t\t\t\t\t<\/div>\n\t\t\t\t<\/div>\n\t\t\t\t\t<\/div>\n\t\t<\/div>\n\t\t\t\t<div class=\"elementor-column elementor-col-50 elementor-top-column elementor-element elementor-element-6f4d4634\" data-id=\"6f4d4634\" data-element_type=\"column\" data-e-type=\"column\">\n\t\t\t<div class=\"elementor-widget-wrap elementor-element-populated\">\n\t\t\t\t\t\t<section class=\"elementor-section elementor-inner-section elementor-element elementor-element-b3ab593 elementor-section-boxed elementor-section-height-default elementor-section-height-default\" data-id=\"b3ab593\" data-element_type=\"section\" data-e-type=\"section\" data-settings=\"{&quot;background_background&quot;:&quot;classic&quot;}\">\n\t\t\t\t\t\t<div class=\"elementor-container elementor-column-gap-default\">\n\t\t\t\t\t<div class=\"elementor-column elementor-col-100 elementor-inner-column elementor-element elementor-element-03962bb\" data-id=\"03962bb\" data-element_type=\"column\" data-e-type=\"column\">\n\t\t\t<div class=\"elementor-widget-wrap elementor-element-populated\">\n\t\t\t\t\t\t<div class=\"elementor-element elementor-element-f823e43 elementor-widget elementor-widget-text-editor\" data-id=\"f823e43\" data-element_type=\"widget\" data-e-type=\"widget\" data-widget_type=\"text-editor.default\">\n\t\t\t\t<div class=\"elementor-widget-container\">\n\t\t\t\t\t\t\t\t\t<div class=\"elementor-element elementor-element-cc91fde elementor-widget elementor-widget-text-editor\" data-id=\"cc91fde\" data-element_type=\"widget\" data-widget_type=\"text-editor.default\"><div class=\"elementor-widget-container\"><p style=\"text-align: center;\">Obtenez une analyse capillaire gratuite et une consultation de nos experts en greffe de cheveux.<\/p><\/div><\/div><section class=\"elementor-section elementor-inner-section elementor-element elementor-element-f92dac2 elementor-section-boxed elementor-section-height-default elementor-section-height-default\" data-id=\"f92dac2\" data-element_type=\"section\"><div class=\"elementor-container elementor-column-gap-default\"><div class=\"elementor-column elementor-col-50 elementor-inner-column elementor-element elementor-element-20de702\" data-id=\"20de702\" data-element_type=\"column\"><div class=\"elementor-widget-wrap elementor-element-populated\"><div class=\"elementor-element elementor-element-29f6ebe elementor-widget elementor-widget-mf-listing-fname\" data-id=\"29f6ebe\" data-element_type=\"widget\" data-settings=\"{&quot;mf_input_name&quot;:&quot;mf-listing-fname&quot;}\" data-widget_type=\"mf-listing-fname.default\"><div class=\"elementor-widget-container\">\u00a0<\/div><\/div><\/div><\/div><\/div><\/section>\t\t\t\t\t\t\t\t<\/div>\n\t\t\t\t<\/div>\n\t\t\t\t<div class=\"elementor-element elementor-element-1c46888 elementor-widget elementor-widget-wpforms\" data-id=\"1c46888\" data-element_type=\"widget\" data-e-type=\"widget\" data-widget_type=\"wpforms.default\">\n\t\t\t\t<div class=\"elementor-widget-container\">\n\t\t\t\t\t<style id=\"wpforms-css-vars-elementor-widget-1c46888\">\n\t\t\t\t.elementor-widget-wpforms.elementor-element-1c46888 {\n\t\t\t\t--wpforms-field-border-radius: 10px;\n--wpforms-button-border-radius: 10px;\n\t\t\t}\n\t\t\t<\/style><div class=\"wpforms-container wpforms-container-full wpforms-render-modern\" id=\"wpforms-2740\"><form id=\"wpforms-form-2740\" class=\"wpforms-validate wpforms-form wpforms-ajax-form\" data-formid=\"2740\" method=\"post\" enctype=\"multipart\/form-data\" action=\"\/fr\/wp-json\/wp\/v2\/pages\/866\" data-token=\"cfb3cfe6a562541acfe790c7ce5c1db0\" data-token-time=\"1777544215\"><noscript class=\"wpforms-error-noscript\">Bu formu bitirebilmek i\u00e7in taray\u0131c\u0131n\u0131zda JavaScript&#039;i etkinle\u015ftirin.<\/noscript><div id=\"wpforms-error-noscript\" style=\"display: none;\">Bu formu bitirebilmek i\u00e7in taray\u0131c\u0131n\u0131zda JavaScript&#039;i etkinle\u015ftirin.<\/div><div class=\"wpforms-field-container\">\t\t<div id=\"wpforms-2740-field_5-container\"\n\t\t\tclass=\"wpforms-field wpforms-field-text\"\n\t\t\tdata-field-type=\"text\"\n\t\t\tdata-field-id=\"5\"\n\t\t\t>\n\t\t\t<label class=\"wpforms-field-label\" for=\"wpforms-2740-field_5\" >of E-mail Phone<\/label>\n\t\t\t<input type=\"text\" id=\"wpforms-2740-field_5\" class=\"wpforms-field-medium\" name=\"wpforms[fields][5]\" >\n\t\t<\/div>\n\t\t<div id=\"wpforms-2740-field_1-container\" class=\"wpforms-field wpforms-field-name\" data-field-id=\"1\"><fieldset><legend class=\"wpforms-field-label wpforms-label-hide\" aria-hidden=\"false\">Name Surname <span class=\"wpforms-required-label\" aria-hidden=\"true\">*<\/span><\/legend><div class=\"wpforms-field-row wpforms-field-large\"><div class=\"wpforms-field-row-block wpforms-first wpforms-one-half\"><input type=\"text\" id=\"wpforms-2740-field_1\" class=\"wpforms-field-name-first wpforms-field-required\" name=\"wpforms[fields][1][first]\" placeholder=\"Nom *\" aria-errormessage=\"wpforms-2740-field_1-error\" required><label for=\"wpforms-2740-field_1\" class=\"wpforms-field-sublabel after wpforms-sublabel-hide\">Ad<\/label><\/div><div class=\"wpforms-field-row-block wpforms-one-half\"><input type=\"text\" id=\"wpforms-2740-field_1-last\" class=\"wpforms-field-name-last wpforms-field-required\" name=\"wpforms[fields][1][last]\" placeholder=\"Nom de famille *\" aria-errormessage=\"wpforms-2740-field_1-last-error\" required><label for=\"wpforms-2740-field_1-last\" class=\"wpforms-field-sublabel after wpforms-sublabel-hide\">Soyad<\/label><\/div><\/div><\/fieldset><\/div><div id=\"wpforms-2740-field_2-container\" class=\"wpforms-field wpforms-field-email\" data-field-id=\"2\"><label class=\"wpforms-field-label wpforms-label-hide\" for=\"wpforms-2740-field_2\" aria-hidden=\"false\">E-mail  <span class=\"wpforms-required-label\" aria-hidden=\"true\">*<\/span><\/label><input type=\"email\" id=\"wpforms-2740-field_2\" class=\"wpforms-field-large wpforms-field-required\" name=\"wpforms[fields][2]\" placeholder=\"E-mail *\" spellcheck=\"false\" aria-errormessage=\"wpforms-2740-field_2-error\" required><\/div><div id=\"wpforms-2740-field_3-container\" class=\"wpforms-field wpforms-field-phone\" data-field-id=\"3\"><label class=\"wpforms-field-label wpforms-label-hide\" for=\"wpforms-2740-field_3\" aria-hidden=\"false\">Phone Number <span class=\"wpforms-required-label\" aria-hidden=\"true\">*<\/span><\/label><input type=\"tel\" id=\"wpforms-2740-field_3\" class=\"wpforms-field-large wpforms-field-required wpforms-smart-phone-field\" data-rule-smart-phone-field=\"true\" name=\"wpforms[fields][3]\" aria-label=\"Phone Number\" aria-errormessage=\"wpforms-2740-field_3-error\" required><\/div><div id=\"wpforms-2740-field_4-container\" class=\"wpforms-field wpforms-field-text\" data-field-id=\"4\"><label class=\"wpforms-field-label wpforms-label-hide\" for=\"wpforms-2740-field_4\" aria-hidden=\"false\">Treatment of Interest <span class=\"wpforms-required-label\" aria-hidden=\"true\">*<\/span><\/label><input type=\"text\" id=\"wpforms-2740-field_4\" class=\"wpforms-field-large wpforms-field-required\" name=\"wpforms[fields][4]\" placeholder=\"le Traitement qui Vous \u0130nt\u00e9resse * \" aria-errormessage=\"wpforms-2740-field_4-error\" required><\/div><script>\n\t\t\t\t( function() {\n\t\t\t\t\tconst style = document.createElement( 'style' );\n\t\t\t\t\tstyle.appendChild( document.createTextNode( '#wpforms-2740-field_5-container { position: absolute !important; overflow: hidden !important; display: inline !important; height: 1px !important; width: 1px !important; z-index: -1000 !important; padding: 0 !important; } #wpforms-2740-field_5-container input { visibility: hidden; } #wpforms-conversational-form-page #wpforms-2740-field_5-container label { counter-increment: none; }' ) );\n\t\t\t\t\tdocument.head.appendChild( style );\n\t\t\t\t\tdocument.currentScript?.remove();\n\t\t\t\t} )();\n\t\t\t<\/script><\/div><!-- .wpforms-field-container --><div class=\"wpforms-submit-container\" ><input type=\"hidden\" name=\"wpforms[id]\" value=\"2740\"><input type=\"hidden\" name=\"page_title\" value=\"\"><input type=\"hidden\" name=\"page_url\" value=\"https:\/\/www.hairtrans.net\/fr\/wp-json\/wp\/v2\/pages\/866\"><input type=\"hidden\" name=\"url_referer\" value=\"\"><button type=\"submit\" name=\"wpforms[submit]\" id=\"wpforms-submit-2740\" class=\"wpforms-submit\" data-alt-text=\"Envoi...\" data-submit-text=\"Envoyer Maintenant !\" aria-live=\"assertive\" value=\"wpforms-submit\">Envoyer Maintenant !<\/button><img loading=\"lazy\" decoding=\"async\" src=\"https:\/\/www.hairtrans.net\/fr\/wp-content\/plugins\/wpforms\/assets\/images\/submit-spin.svg\" class=\"wpforms-submit-spinner\" style=\"display: none;\" width=\"26\" height=\"26\" alt=\"Y\u00fckleniyor\"><\/div><\/form><\/div>  <!-- .wpforms-container -->\t\t\t\t<\/div>\n\t\t\t\t<\/div>\n\t\t\t\t\t<\/div>\n\t\t<\/div>\n\t\t\t\t\t<\/div>\n\t\t<\/section>\n\t\t\t\t\t<\/div>\n\t\t<\/div>\n\t\t\t\t\t<\/div>\n\t\t<\/section>\n\t\t\t\t<\/div>\n\t\t\t\t<\/div>\n\t\t\t\t\t\t<\/div>\n\t\t\t\t<\/div>\n\t\t\t\t\t<\/div>\n\t\t<\/div>\n\t\t\t\t\t<\/div>\n\t\t<\/section>\n\t\t\t\t<\/div>\n\t\t","protected":false},"excerpt":{"rendered":"<p>Traitement PRP pour les cheveux Life Time Greffe de cheveux Le traitement PRP capillaire est une m\u00e9thode naturelle et efficace [&hellip;]<\/p>\n","protected":false},"author":1,"featured_media":0,"parent":0,"menu_order":0,"comment_status":"closed","ping_status":"closed","template":"","meta":{"_uag_custom_page_level_css":"","site-sidebar-layout":"no-sidebar","site-content-layout":"","ast-site-content-layout":"full-width-container","site-content-style":"default","site-sidebar-style":"default","ast-global-header-display":"","ast-banner-title-visibility":"","ast-main-header-display":"","ast-hfb-above-header-display":"","ast-hfb-below-header-display":"","ast-hfb-mobile-header-display":"","site-post-title":"disabled","ast-breadcrumbs-content":"","ast-featured-img":"disabled","footer-sml-layout":"","ast-disable-related-posts":"","theme-transparent-header-meta":"","adv-header-id-meta":"","stick-header-meta":"","header-above-stick-meta":"","header-main-stick-meta":"","header-below-stick-meta":"","astra-migrate-meta-layouts":"default","ast-page-background-enabled":"default","ast-page-background-meta":{"desktop":{"background-color":"var(--ast-global-color-4)","background-image":"","background-repeat":"repeat","background-position":"center center","background-size":"auto","background-attachment":"scroll","background-type":"","background-media":"","overlay-type":"","overlay-color":"","overlay-opacity":"","overlay-gradient":""},"tablet":{"background-color":"","background-image":"","background-repeat":"repeat","background-position":"center center","background-size":"auto","background-attachment":"scroll","background-type":"","background-media":"","overlay-type":"","overlay-color":"","overlay-opacity":"","overlay-gradient":""},"mobile":{"background-color":"","background-image":"","background-repeat":"repeat","background-position":"center center","background-size":"auto","background-attachment":"scroll","background-type":"","background-media":"","overlay-type":"","overlay-color":"","overlay-opacity":"","overlay-gradient":""}},"ast-content-background-meta":{"desktop":{"background-color":"var(--ast-global-color-5)","background-image":"","background-repeat":"repeat","background-position":"center center","background-size":"auto","background-attachment":"scroll","background-type":"","background-media":"","overlay-type":"","overlay-color":"","overlay-opacity":"","overlay-gradient":""},"tablet":{"background-color":"var(--ast-global-color-5)","background-image":"","background-repeat":"repeat","background-position":"center center","background-size":"auto","background-attachment":"scroll","background-type":"","background-media":"","overlay-type":"","overlay-color":"","overlay-opacity":"","overlay-gradient":""},"mobile":{"background-color":"var(--ast-global-color-5)","background-image":"","background-repeat":"repeat","background-position":"center center","background-size":"auto","background-attachment":"scroll","background-type":"","background-media":"","overlay-type":"","overlay-color":"","overlay-opacity":"","overlay-gradient":""}},"footnotes":""},"categories":[11,9],"tags":[],"class_list":["post-866","page","type-page","status-publish","hentry","category-ma","category-ht"],"uagb_featured_image_src":{"full":false,"thumbnail":false,"medium":false,"medium_large":false,"large":false,"1536x1536":false,"2048x2048":false},"uagb_author_info":{"display_name":"lifetime","author_link":"https:\/\/www.hairtrans.net\/fr\/author\/lifetime\/"},"uagb_comment_info":0,"uagb_excerpt":"Traitement PRP pour les cheveux Life Time Greffe de cheveux Le traitement PRP capillaire est une m\u00e9thode naturelle et efficace [&hellip;]","_links":{"self":[{"href":"https:\/\/www.hairtrans.net\/fr\/wp-json\/wp\/v2\/pages\/866","targetHints":{"allow":["GET"]}}],"collection":[{"href":"https:\/\/www.hairtrans.net\/fr\/wp-json\/wp\/v2\/pages"}],"about":[{"href":"https:\/\/www.hairtrans.net\/fr\/wp-json\/wp\/v2\/types\/page"}],"author":[{"embeddable":true,"href":"https:\/\/www.hairtrans.net\/fr\/wp-json\/wp\/v2\/users\/1"}],"replies":[{"embeddable":true,"href":"https:\/\/www.hairtrans.net\/fr\/wp-json\/wp\/v2\/comments?post=866"}],"version-history":[{"count":5,"href":"https:\/\/www.hairtrans.net\/fr\/wp-json\/wp\/v2\/pages\/866\/revisions"}],"predecessor-version":[{"id":2862,"href":"https:\/\/www.hairtrans.net\/fr\/wp-json\/wp\/v2\/pages\/866\/revisions\/2862"}],"wp:attachment":[{"href":"https:\/\/www.hairtrans.net\/fr\/wp-json\/wp\/v2\/media?parent=866"}],"wp:term":[{"taxonomy":"category","embeddable":true,"href":"https:\/\/www.hairtrans.net\/fr\/wp-json\/wp\/v2\/categories?post=866"},{"taxonomy":"post_tag","embeddable":true,"href":"https:\/\/www.hairtrans.net\/fr\/wp-json\/wp\/v2\/tags?post=866"}],"curies":[{"name":"wp","href":"https:\/\/api.w.org\/{rel}","templated":true}]}}