{"id":1337,"date":"2025-01-12T14:24:56","date_gmt":"2025-01-12T14:24:56","guid":{"rendered":"https:\/\/www.hairtrans.net\/fr\/?page_id=1337"},"modified":"2025-09-28T21:04:40","modified_gmt":"2025-09-28T21:04:40","slug":"laminated-veneer","status":"publish","type":"page","link":"https:\/\/www.hairtrans.net\/fr\/laminated-veneer\/","title":{"rendered":"T\u00f4le lamin\u00e9e"},"content":{"rendered":"\t\t<div data-elementor-type=\"wp-page\" data-elementor-id=\"1337\" class=\"elementor elementor-1337\" data-elementor-post-type=\"page\">\n\t\t\t\t\t\t<section class=\"elementor-section elementor-top-section elementor-element elementor-element-1f1fae0c elementor-section-full_width elementor-section-height-default elementor-section-height-default\" data-id=\"1f1fae0c\" data-element_type=\"section\" data-e-type=\"section\" data-settings=\"{&quot;background_background&quot;:&quot;classic&quot;}\">\n\t\t\t\t\t\t\t<div class=\"elementor-background-overlay\"><\/div>\n\t\t\t\t\t\t\t<div class=\"elementor-container elementor-column-gap-default\">\n\t\t\t\t\t<div class=\"elementor-column elementor-col-100 elementor-top-column elementor-element elementor-element-f4b8450\" data-id=\"f4b8450\" data-element_type=\"column\" data-e-type=\"column\">\n\t\t\t<div class=\"elementor-widget-wrap elementor-element-populated\">\n\t\t\t\t\t\t<div class=\"elementor-element elementor-element-1fc50d27 elementor-widget elementor-widget-heading\" data-id=\"1fc50d27\" data-element_type=\"widget\" data-e-type=\"widget\" data-widget_type=\"heading.default\">\n\t\t\t\t<div class=\"elementor-widget-container\">\n\t\t\t\t\t<h1 class=\"elementor-heading-title elementor-size-default\">T\u00f4le lamin\u00e9e<\/h1>\t\t\t\t<\/div>\n\t\t\t\t<\/div>\n\t\t\t\t<div class=\"elementor-element elementor-element-5e5dd268 elementor-widget elementor-widget-heading\" data-id=\"5e5dd268\" data-element_type=\"widget\" data-e-type=\"widget\" data-widget_type=\"heading.default\">\n\t\t\t\t<div class=\"elementor-widget-container\">\n\t\t\t\t\t<h2 class=\"elementor-heading-title elementor-size-default\">Life Time Tratamientos dentales<\/h2>\t\t\t\t<\/div>\n\t\t\t\t<\/div>\n\t\t\t\t<div class=\"elementor-element elementor-element-44aaff34 elementor-widget elementor-widget-text-editor\" data-id=\"44aaff34\" data-element_type=\"widget\" data-e-type=\"widget\" data-widget_type=\"text-editor.default\">\n\t\t\t\t<div class=\"elementor-widget-container\">\n\t\t\t\t\t\t\t\t\t<p class=\"font_3 wixui-rich-text__text\">La plastie abdominale permet d&#8217;\u00e9liminer l&#8217;exc\u00e8s de graisse et le rel\u00e2chement de la peau et d&#8217;obtenir une apparence plus harmonieuse. Vous trouverez ici tous les d\u00e9tails concernant les techniques, le processus et la nouvelle apparence.<\/p>\t\t\t\t\t\t\t\t<\/div>\n\t\t\t\t<\/div>\n\t\t\t\t<div class=\"elementor-element elementor-element-29e3b98 elementor-align-center elementor-widget elementor-widget-button\" data-id=\"29e3b98\" data-element_type=\"widget\" data-e-type=\"widget\" data-widget_type=\"button.default\">\n\t\t\t\t<div class=\"elementor-widget-container\">\n\t\t\t\t\t\t\t\t\t<div class=\"elementor-button-wrapper\">\n\t\t\t\t\t<a class=\"elementor-button elementor-button-link elementor-size-sm\" href=\"#get-free-consultation\">\n\t\t\t\t\t\t<span class=\"elementor-button-content-wrapper\">\n\t\t\t\t\t\t\t\t\t<span class=\"elementor-button-text\">Obtenir une consultation gratuite<\/span>\n\t\t\t\t\t<\/span>\n\t\t\t\t\t<\/a>\n\t\t\t\t<\/div>\n\t\t\t\t\t\t\t\t<\/div>\n\t\t\t\t<\/div>\n\t\t\t\t\t<\/div>\n\t\t<\/div>\n\t\t\t\t\t<\/div>\n\t\t<\/section>\n\t\t\t\t<section class=\"elementor-section elementor-top-section elementor-element elementor-element-72780341 elementor-section-boxed elementor-section-height-default elementor-section-height-default\" data-id=\"72780341\" data-element_type=\"section\" data-e-type=\"section\">\n\t\t\t\t\t\t<div class=\"elementor-container elementor-column-gap-default\">\n\t\t\t\t\t<div class=\"elementor-column elementor-col-100 elementor-top-column elementor-element elementor-element-497dcc1d\" data-id=\"497dcc1d\" data-element_type=\"column\" data-e-type=\"column\">\n\t\t\t<div class=\"elementor-widget-wrap elementor-element-populated\">\n\t\t\t\t\t\t<div class=\"elementor-element elementor-element-67dc9cf5 elementor-widget elementor-widget-text-editor\" data-id=\"67dc9cf5\" data-element_type=\"widget\" data-e-type=\"widget\" data-widget_type=\"text-editor.default\">\n\t\t\t\t<div class=\"elementor-widget-container\">\n\t\t\t\t\t\t\t\t\t<p>Le facette stratifi\u00e9e est un type de facette \u00e9galement connu sous le nom de facette dentaire en porcelaine. Gr\u00e2ce aux facettes dentaires stratifi\u00e9es, les probl\u00e8mes tels que les troubles fonctionnels et les probl\u00e8mes esth\u00e9tiques caus\u00e9s par les d\u00e9formations des dents peuvent \u00eatre \u00e9limin\u00e9s. La plus grande diff\u00e9rence entre les facettes stratifi\u00e9es et les autres types de facettes dentaires est qu&#8217;elles sont pos\u00e9es sans abrasion ou avec tr\u00e8s peu d&#8217;abrasion sur les dents. Les facettes stratifi\u00e9es offrent donc un rev\u00eatement dentaire tr\u00e8s s\u00fbr et indolore. Les facettes stratifi\u00e9es, qui offrent un rev\u00eatement dentaire <b>d&#8217;aspect naturel<\/b>, sont recommand\u00e9es par de nombreux dentistes.<\/p>\t\t\t\t\t\t\t\t<\/div>\n\t\t\t\t<\/div>\n\t\t\t\t<div class=\"elementor-element elementor-element-7316cf0 elementor-widget elementor-widget-heading\" data-id=\"7316cf0\" data-element_type=\"widget\" data-e-type=\"widget\" data-widget_type=\"heading.default\">\n\t\t\t\t<div class=\"elementor-widget-container\">\n\t\t\t\t\t<h2 class=\"elementor-heading-title elementor-size-default\">Quels sont les types de placage stratifi\u00e9 ?<\/h2>\t\t\t\t<\/div>\n\t\t\t\t<\/div>\n\t\t\t\t<div class=\"elementor-element elementor-element-e5cb59a elementor-widget elementor-widget-heading\" data-id=\"e5cb59a\" data-element_type=\"widget\" data-e-type=\"widget\" data-widget_type=\"heading.default\">\n\t\t\t\t<div class=\"elementor-widget-container\">\n\t\t\t\t\t<h3 class=\"elementor-heading-title elementor-size-default\">Feuille stratifi\u00e9e composite <\/h3>\t\t\t\t<\/div>\n\t\t\t\t<\/div>\n\t\t\t\t<div class=\"elementor-element elementor-element-b80d9f4 elementor-widget elementor-widget-text-editor\" data-id=\"b80d9f4\" data-element_type=\"widget\" data-e-type=\"widget\" data-widget_type=\"text-editor.default\">\n\t\t\t\t<div class=\"elementor-widget-container\">\n\t\t\t\t\t\t\t\t\t<p>Les facettes composites lamin\u00e9es sont un type de <b>facettes dentaires esth\u00e9tiques <\/b>souvent privil\u00e9gi\u00e9es. Les facettes composites lamin\u00e9es se divisent en trois types : les facettes composites directes, indirectes et pr\u00e9fabriqu\u00e9es. Les facettes composites lamin\u00e9es directes sont \u00e9galement appel\u00e9es facettes composites lamin\u00e9es. Ce type de rev\u00eatement utilise un mat\u00e9riau en r\u00e9sine composite. Gr\u00e2ce \u00e0 la r\u00e9sine composite, la facette peut \u00eatre pos\u00e9e en une seule s\u00e9ance, comme pour une obturation. De plus, la facette composite directe rel\u00e8ve \u00e9galement du domaine de l&#8217;<b>esth\u00e9tique dentaire<\/b>. La structure fine de la facette composite directe et son application directement sur la dent permettent d&#8217;obtenir facilement l&#8217;aspect esth\u00e9tique souhait\u00e9 par le patient.<\/p><p>La facette composite indirecte est une facette composite directe pr\u00e9par\u00e9e en laboratoire. Gr\u00e2ce \u00e0 la facette composite indirecte, le mat\u00e9riau de la facette est pr\u00e9par\u00e9 en laboratoire en fonction de l&#8217;aspect dentaire et des besoins dentaires que la personne souhaite obtenir. De cette mani\u00e8re, il est possible de cr\u00e9er un mat\u00e9riau de facette beaucoup plus r\u00e9sistant et esth\u00e9tique. La <b>facette composite <\/b>pr\u00e9fabriqu\u00e9e est un type de facette pr\u00e9par\u00e9e dans des tailles standard, comme son nom l&#8217;indique. Cette facette peut \u00eatre tr\u00e8s utile pour les personnes qui souhaitent se faire poser une facette dentaire rapidement. Cependant, le fait que la facette soit fabriqu\u00e9e \u00e0 partir de mesures standard signifie qu&#8217;elle ne r\u00e9pond pas aux besoins dans des situations extr\u00eames, telles que les fractures dentaires.<\/p>\t\t\t\t\t\t\t\t<\/div>\n\t\t\t\t<\/div>\n\t\t\t\t\t<\/div>\n\t\t<\/div>\n\t\t\t\t\t<\/div>\n\t\t<\/section>\n\t\t\t\t<section class=\"elementor-section elementor-top-section elementor-element elementor-element-2e92089b elementor-section-stretched elementor-section-boxed elementor-section-height-default elementor-section-height-default\" data-id=\"2e92089b\" data-element_type=\"section\" data-e-type=\"section\" data-settings=\"{&quot;background_background&quot;:&quot;classic&quot;,&quot;stretch_section&quot;:&quot;section-stretched&quot;}\">\n\t\t\t\t\t\t<div class=\"elementor-container elementor-column-gap-default\">\n\t\t\t\t\t<div class=\"elementor-column elementor-col-100 elementor-top-column elementor-element elementor-element-166d0b4c\" data-id=\"166d0b4c\" data-element_type=\"column\" data-e-type=\"column\">\n\t\t\t<div class=\"elementor-widget-wrap elementor-element-populated\">\n\t\t\t\t\t\t<section class=\"elementor-section elementor-inner-section elementor-element elementor-element-3cc5ace4 elementor-section-boxed elementor-section-height-default elementor-section-height-default\" data-id=\"3cc5ace4\" data-element_type=\"section\" data-e-type=\"section\">\n\t\t\t\t\t\t<div class=\"elementor-container elementor-column-gap-default\">\n\t\t\t\t\t<div class=\"elementor-column elementor-col-50 elementor-inner-column elementor-element elementor-element-ca5c2cb\" data-id=\"ca5c2cb\" data-element_type=\"column\" data-e-type=\"column\">\n\t\t\t<div class=\"elementor-widget-wrap elementor-element-populated\">\n\t\t\t\t\t\t<div class=\"elementor-element elementor-element-fe63c2a elementor-widget elementor-widget-image\" data-id=\"fe63c2a\" data-element_type=\"widget\" data-e-type=\"widget\" data-widget_type=\"image.default\">\n\t\t\t\t<div class=\"elementor-widget-container\">\n\t\t\t\t\t\t\t\t\t\t\t\t\t\t\t<img fetchpriority=\"high\" decoding=\"async\" width=\"1024\" height=\"1024\" src=\"https:\/\/www.hairtrans.net\/fr\/wp-content\/uploads\/2025\/01\/L4-1024x1024.webp\" class=\"attachment-large size-large wp-image-1994\" alt=\"\" srcset=\"https:\/\/www.hairtrans.net\/fr\/wp-content\/uploads\/2025\/01\/L4-1024x1024.webp 1024w, https:\/\/www.hairtrans.net\/fr\/wp-content\/uploads\/2025\/01\/L4-300x300.webp 300w, https:\/\/www.hairtrans.net\/fr\/wp-content\/uploads\/2025\/01\/L4-150x150.webp 150w, https:\/\/www.hairtrans.net\/fr\/wp-content\/uploads\/2025\/01\/L4-768x768.webp 768w, https:\/\/www.hairtrans.net\/fr\/wp-content\/uploads\/2025\/01\/L4.webp 1080w\" sizes=\"(max-width: 1024px) 100vw, 1024px\" \/>\t\t\t\t\t\t\t\t\t\t\t\t\t\t\t<\/div>\n\t\t\t\t<\/div>\n\t\t\t\t\t<\/div>\n\t\t<\/div>\n\t\t\t\t<div class=\"elementor-column elementor-col-50 elementor-inner-column elementor-element elementor-element-21dfea25\" data-id=\"21dfea25\" data-element_type=\"column\" data-e-type=\"column\">\n\t\t\t<div class=\"elementor-widget-wrap elementor-element-populated\">\n\t\t\t\t\t\t<div class=\"elementor-element elementor-element-7c24540 elementor-widget elementor-widget-heading\" data-id=\"7c24540\" data-element_type=\"widget\" data-e-type=\"widget\" data-widget_type=\"heading.default\">\n\t\t\t\t<div class=\"elementor-widget-container\">\n\t\t\t\t\t<h3 class=\"elementor-heading-title elementor-size-default\">Facette stratifi\u00e9e en porcelaine <\/h3>\t\t\t\t<\/div>\n\t\t\t\t<\/div>\n\t\t\t\t<div class=\"elementor-element elementor-element-25821da3 elementor-widget elementor-widget-text-editor\" data-id=\"25821da3\" data-element_type=\"widget\" data-e-type=\"widget\" data-widget_type=\"text-editor.default\">\n\t\t\t\t<div class=\"elementor-widget-container\">\n\t\t\t\t\t\t\t\t\t<p>Les facettes en porcelaine lamin\u00e9e sont l&#8217;un des premiers types de facettes qui viennent \u00e0 l&#8217;esprit lorsqu&#8217;il s&#8217;agit de <b>facettes dentaires fines<\/b>. Les facettes en porcelaine lamin\u00e9e, qui sont utilis\u00e9es pour les proc\u00e9dures de <b>correction de la surface des dents<\/b>, visent \u00e0 r\u00e9soudre les probl\u00e8mes esth\u00e9tiques plut\u00f4t que les dysfonctionnements. La porcelaine et la r\u00e9sine utilis\u00e9es dans les facettes en porcelaine lamin\u00e9e permettent de cr\u00e9er une facette qui peut \u00eatre utilis\u00e9e pendant longtemps et qui est esth\u00e9tique. En outre, le rev\u00eatement en porcelaine lamin\u00e9e est \u00e9galement connu sous le nom de rev\u00eatement en porcelaine lamin\u00e9e en feuille. La raison principale en est que les facettes en porcelaine lamin\u00e9e sont g\u00e9n\u00e9ralement appliqu\u00e9es en couche tr\u00e8s fine, comme une feuille. Si le rev\u00eatement en couche fine permet d&#8217;obtenir un aspect naturel des dents, il \u00e9limine \u00e9galement le besoin de toute abrasion sur la dent.<\/p>\t\t\t\t\t\t\t\t<\/div>\n\t\t\t\t<\/div>\n\t\t\t\t<div class=\"elementor-element elementor-element-f8f63ed elementor-widget elementor-widget-heading\" data-id=\"f8f63ed\" data-element_type=\"widget\" data-e-type=\"widget\" data-widget_type=\"heading.default\">\n\t\t\t\t<div class=\"elementor-widget-container\">\n\t\t\t\t\t<h3 class=\"elementor-heading-title elementor-size-default\">Comment fabrique-t-on une facette stratifi\u00e9e ?<\/h3>\t\t\t\t<\/div>\n\t\t\t\t<\/div>\n\t\t\t\t<div class=\"elementor-element elementor-element-2473098 elementor-widget elementor-widget-text-editor\" data-id=\"2473098\" data-element_type=\"widget\" data-e-type=\"widget\" data-widget_type=\"text-editor.default\">\n\t\t\t\t<div class=\"elementor-widget-container\">\n\t\t\t\t\t\t\t\t\t<p>Certaines \u00e9tapes doivent \u00eatre suivies pour fabriquer des facettes stratifi\u00e9es. Gr\u00e2ce aux proc\u00e9dures appliqu\u00e9es au cours de ces \u00e9tapes, les facettes stratifi\u00e9es et plaqu\u00e9es peuvent \u00eatre fabriqu\u00e9es conform\u00e9ment aux besoins et aux souhaits de chaque individu.<\/p>\t\t\t\t\t\t\t\t<\/div>\n\t\t\t\t<\/div>\n\t\t\t\t\t<\/div>\n\t\t<\/div>\n\t\t\t\t\t<\/div>\n\t\t<\/section>\n\t\t\t\t\t<\/div>\n\t\t<\/div>\n\t\t\t\t\t<\/div>\n\t\t<\/section>\n\t\t\t\t<section class=\"elementor-section elementor-top-section elementor-element elementor-element-2e9d42dc elementor-section-stretched elementor-section-boxed elementor-section-height-default elementor-section-height-default\" data-id=\"2e9d42dc\" data-element_type=\"section\" data-e-type=\"section\" data-settings=\"{&quot;background_background&quot;:&quot;classic&quot;,&quot;stretch_section&quot;:&quot;section-stretched&quot;}\">\n\t\t\t\t\t\t<div class=\"elementor-container elementor-column-gap-default\">\n\t\t\t\t\t<div class=\"elementor-column elementor-col-100 elementor-top-column elementor-element elementor-element-27a223d1\" data-id=\"27a223d1\" data-element_type=\"column\" data-e-type=\"column\">\n\t\t\t<div class=\"elementor-widget-wrap elementor-element-populated\">\n\t\t\t\t\t\t<section class=\"elementor-section elementor-inner-section elementor-element elementor-element-264e024 elementor-section-boxed elementor-section-height-default elementor-section-height-default\" data-id=\"264e024\" data-element_type=\"section\" data-e-type=\"section\">\n\t\t\t\t\t\t<div class=\"elementor-container elementor-column-gap-default\">\n\t\t\t\t\t<div class=\"elementor-column elementor-col-50 elementor-inner-column elementor-element elementor-element-52fc805f\" data-id=\"52fc805f\" data-element_type=\"column\" data-e-type=\"column\">\n\t\t\t<div class=\"elementor-widget-wrap elementor-element-populated\">\n\t\t\t\t\t\t<div class=\"elementor-element elementor-element-54ca982e elementor-widget elementor-widget-heading\" data-id=\"54ca982e\" data-element_type=\"widget\" data-e-type=\"widget\" data-widget_type=\"heading.default\">\n\t\t\t\t<div class=\"elementor-widget-container\">\n\t\t\t\t\t<h3 class=\"elementor-heading-title elementor-size-default\">Inspection et entretien pour les rev\u00eatements<\/h3>\t\t\t\t<\/div>\n\t\t\t\t<\/div>\n\t\t\t\t<div class=\"elementor-element elementor-element-1d9bfc52 elementor-widget elementor-widget-text-editor\" data-id=\"1d9bfc52\" data-element_type=\"widget\" data-e-type=\"widget\" data-widget_type=\"text-editor.default\">\n\t\t\t\t<div class=\"elementor-widget-container\">\n\t\t\t\t\t\t\t\t\t<p>Avant tout traitement dentaire, y compris les facettes lamin\u00e9es, le dentiste et le patient doivent avoir un entretien approfondi. En particulier pour les applications dans le domaine de l&#8217;<b>esth\u00e9tique dentaire<\/b>, telles que les facettes dentaires lamin\u00e9es, il est tr\u00e8s important de proc\u00e9der \u00e0 un entretien pr\u00e9liminaire afin que les r\u00e9sultats obtenus apr\u00e8s l&#8217;application puissent satisfaire le patient. Le dentiste proc\u00e8de \u00e0 une anamn\u00e8se au cours de cet entretien.<\/p><p>Gr\u00e2ce \u00e0 l&#8217;anamn\u00e8se, le dentiste dispose d&#8217;informations sur les maladies dentaires dont le patient a souffert auparavant, par exemple. En outre, le dentiste demande \u00e9galement au patient quel type de r\u00e9sultat il attend de l&#8217;application. Expliquer de mani\u00e8re compr\u00e9hensible l&#8217;apparence dentaire que le patient souhaite obtenir est l&#8217;un des facteurs tr\u00e8s importants pour tirer pleinement parti de l&#8217;application.<\/p><p>Une fois que le dentiste et le patient ont eu un entretien approfondi, la phase d&#8217;examen commence.<\/p>\t\t\t\t\t\t\t\t<\/div>\n\t\t\t\t<\/div>\n\t\t\t\t\t<\/div>\n\t\t<\/div>\n\t\t\t\t<div class=\"elementor-column elementor-col-50 elementor-inner-column elementor-element elementor-element-5825d329\" data-id=\"5825d329\" data-element_type=\"column\" data-e-type=\"column\">\n\t\t\t<div class=\"elementor-widget-wrap elementor-element-populated\">\n\t\t\t\t\t\t<div class=\"elementor-element elementor-element-fa9906f elementor-widget elementor-widget-image\" data-id=\"fa9906f\" data-element_type=\"widget\" data-e-type=\"widget\" data-widget_type=\"image.default\">\n\t\t\t\t<div class=\"elementor-widget-container\">\n\t\t\t\t\t\t\t\t\t\t\t\t\t\t\t<img decoding=\"async\" width=\"1024\" height=\"1024\" src=\"https:\/\/www.hairtrans.net\/fr\/wp-content\/uploads\/2025\/01\/L3-1024x1024.webp\" class=\"attachment-large size-large wp-image-1998\" alt=\"\" srcset=\"https:\/\/www.hairtrans.net\/fr\/wp-content\/uploads\/2025\/01\/L3-1024x1024.webp 1024w, https:\/\/www.hairtrans.net\/fr\/wp-content\/uploads\/2025\/01\/L3-300x300.webp 300w, https:\/\/www.hairtrans.net\/fr\/wp-content\/uploads\/2025\/01\/L3-150x150.webp 150w, https:\/\/www.hairtrans.net\/fr\/wp-content\/uploads\/2025\/01\/L3-768x768.webp 768w, https:\/\/www.hairtrans.net\/fr\/wp-content\/uploads\/2025\/01\/L3.webp 1080w\" sizes=\"(max-width: 1024px) 100vw, 1024px\" \/>\t\t\t\t\t\t\t\t\t\t\t\t\t\t\t<\/div>\n\t\t\t\t<\/div>\n\t\t\t\t\t<\/div>\n\t\t<\/div>\n\t\t\t\t\t<\/div>\n\t\t<\/section>\n\t\t\t\t<div class=\"elementor-element elementor-element-c3fa74c elementor-widget elementor-widget-text-editor\" data-id=\"c3fa74c\" data-element_type=\"widget\" data-e-type=\"widget\" data-widget_type=\"text-editor.default\">\n\t\t\t\t<div class=\"elementor-widget-container\">\n\t\t\t\t\t\t\t\t\t<p>Au cours de la phase d&#8217;examen, le dentiste examine la structure buccale et les dents du patient. En outre, il peut demander une radiographie dentaire s&#8217;il le juge n\u00e9cessaire. Gr\u00e2ce aux observations du dentiste et aux radiographies, il est clair que le patient n&#8217;a pas de maladie dentaire et qu&#8217;une facette adapt\u00e9e \u00e0 la structure de la dent peut \u00eatre fabriqu\u00e9e.<\/p>\t\t\t\t\t\t\t\t<\/div>\n\t\t\t\t<\/div>\n\t\t\t\t\t<\/div>\n\t\t<\/div>\n\t\t\t\t\t<\/div>\n\t\t<\/section>\n\t\t\t\t<section class=\"elementor-section elementor-top-section elementor-element elementor-element-64472a8 elementor-section-boxed elementor-section-height-default elementor-section-height-default\" data-id=\"64472a8\" data-element_type=\"section\" data-e-type=\"section\" data-settings=\"{&quot;background_background&quot;:&quot;classic&quot;}\">\n\t\t\t\t\t\t<div class=\"elementor-container elementor-column-gap-default\">\n\t\t\t\t\t<div class=\"elementor-column elementor-col-100 elementor-top-column elementor-element elementor-element-189d311f\" data-id=\"189d311f\" data-element_type=\"column\" data-e-type=\"column\">\n\t\t\t<div class=\"elementor-widget-wrap elementor-element-populated\">\n\t\t\t\t\t\t<div class=\"elementor-element elementor-element-2825674a elementor-widget elementor-widget-heading\" data-id=\"2825674a\" data-element_type=\"widget\" data-e-type=\"widget\" data-widget_type=\"heading.default\">\n\t\t\t\t<div class=\"elementor-widget-container\">\n\t\t\t\t\t<h3 class=\"elementor-heading-title elementor-size-default\">Nettoyage et prise de mesures <\/h3>\t\t\t\t<\/div>\n\t\t\t\t<\/div>\n\t\t\t\t<div class=\"elementor-element elementor-element-7227122d elementor-widget elementor-widget-text-editor\" data-id=\"7227122d\" data-element_type=\"widget\" data-e-type=\"widget\" data-widget_type=\"text-editor.default\">\n\t\t\t\t<div class=\"elementor-widget-container\">\n\t\t\t\t\t\t\t\t\t<p>Avant toute pose de couronne dentaire, y compris les facettes lamin\u00e9es, un nettoyage et une empreinte doivent \u00eatre effectu\u00e9s. Le nettoyage dentaire peut \u00eatre r\u00e9alis\u00e9 \u00e0 l&#8217;aide de m\u00e9thodes telles que le bain de bouche. De plus, dans certains cas, il peut \u00eatre n\u00e9cessaire de nettoyer les caries. Une fois les dents nettoy\u00e9es, des empreintes sont prises. Si n\u00e9cessaire, une abrasion dentaire peut \u00e9galement \u00eatre effectu\u00e9e pendant le processus de prise d&#8217;empreinte. Cependant, le processus d&#8217;abrasion pour les facettes dentaires stratifi\u00e9es n&#8217;est pas aussi difficile et complet que pour les autres types de facettes. De cette mani\u00e8re, il est possible de fabriquer des facettes dentaires fines en \u00e9vitant une abrasion excessive de la dent et en pr\u00e9servant sa structure naturelle. Si la personne ressent une sensibilit\u00e9 \u00e0 la suite du processus d&#8217;abrasion, une facette temporaire pr\u00eate \u00e0 l&#8217;emploi peut \u00eatre fix\u00e9e sur la dent afin d&#8217;\u00e9viter ce d\u00e9sagr\u00e9ment.<\/p>\t\t\t\t\t\t\t\t<\/div>\n\t\t\t\t<\/div>\n\t\t\t\t<div class=\"elementor-element elementor-element-1dadea5 elementor-widget elementor-widget-heading\" data-id=\"1dadea5\" data-element_type=\"widget\" data-e-type=\"widget\" data-widget_type=\"heading.default\">\n\t\t\t\t<div class=\"elementor-widget-container\">\n\t\t\t\t\t<h3 class=\"elementor-heading-title elementor-size-default\">Application du placage <\/h3>\t\t\t\t<\/div>\n\t\t\t\t<\/div>\n\t\t\t\t<div class=\"elementor-element elementor-element-baf1ed1 elementor-widget elementor-widget-text-editor\" data-id=\"baf1ed1\" data-element_type=\"widget\" data-e-type=\"widget\" data-widget_type=\"text-editor.default\">\n\t\t\t\t<div class=\"elementor-widget-container\">\n\t\t\t\t\t\t\t\t\t<p>L&#8217;\u00e9tape la plus importante dans la pose de facettes dentaires lamin\u00e9es est l&#8217;application de la facette. \u00c0 ce stade, la facette pr\u00e9par\u00e9e en laboratoire conform\u00e9ment aux mesures prises ou obtenues en travaillant sur la dent de la personne est coll\u00e9e sur la ou les dents. Des adh\u00e9sifs sp\u00e9ciaux utilis\u00e9s en dentisterie sont utilis\u00e9s pour coller la facette \u00e0 la dent. Les adh\u00e9sifs sp\u00e9ciaux utilis\u00e9s en dentisterie emp\u00eachent la facette de se d\u00e9coller et de tomber de la dent, sauf en cas de situation extr\u00eame.<\/p>\t\t\t\t\t\t\t\t<\/div>\n\t\t\t\t<\/div>\n\t\t\t\t\t<\/div>\n\t\t<\/div>\n\t\t\t\t\t<\/div>\n\t\t<\/section>\n\t\t\t\t<section class=\"elementor-section elementor-top-section elementor-element elementor-element-5d4eb387 elementor-section-stretched elementor-section-boxed elementor-section-height-default elementor-section-height-default\" data-id=\"5d4eb387\" data-element_type=\"section\" data-e-type=\"section\" data-settings=\"{&quot;background_background&quot;:&quot;classic&quot;,&quot;stretch_section&quot;:&quot;section-stretched&quot;}\">\n\t\t\t\t\t\t<div class=\"elementor-container elementor-column-gap-default\">\n\t\t\t\t\t<div class=\"elementor-column elementor-col-100 elementor-top-column elementor-element elementor-element-3625436d\" data-id=\"3625436d\" data-element_type=\"column\" data-e-type=\"column\">\n\t\t\t<div class=\"elementor-widget-wrap elementor-element-populated\">\n\t\t\t\t\t\t<div class=\"elementor-element elementor-element-223b1d8f elementor-widget elementor-widget-heading\" data-id=\"223b1d8f\" data-element_type=\"widget\" data-e-type=\"widget\" data-widget_type=\"heading.default\">\n\t\t\t\t<div class=\"elementor-widget-container\">\n\t\t\t\t\t<h2 class=\"elementor-heading-title elementor-size-default\">La facette en zirconium ou la facette stratifi\u00e9e est-elle meilleure ?<\/h2>\t\t\t\t<\/div>\n\t\t\t\t<\/div>\n\t\t\t\t<div class=\"elementor-element elementor-element-2deae260 elementor-widget elementor-widget-text-editor\" data-id=\"2deae260\" data-element_type=\"widget\" data-e-type=\"widget\" data-widget_type=\"text-editor.default\">\n\t\t\t\t<div class=\"elementor-widget-container\">\n\t\t\t\t\t\t\t\t\t<p>Il ne serait pas correct d&#8217;affirmer que les facettes en zirconium ou les facettes stratifi\u00e9es sont meilleures l&#8217;une que l&#8217;autre. Les deux types de facettes pr\u00e9sentent des avantages et des inconv\u00e9nients \u00e0 divers \u00e9gards.<\/p>\t\t\t\t\t\t\t\t<\/div>\n\t\t\t\t<\/div>\n\t\t\t\t<section class=\"elementor-section elementor-inner-section elementor-element elementor-element-3e65d33d elementor-section-boxed elementor-section-height-default elementor-section-height-default\" data-id=\"3e65d33d\" data-element_type=\"section\" data-e-type=\"section\">\n\t\t\t\t\t\t<div class=\"elementor-container elementor-column-gap-default\">\n\t\t\t\t\t<div class=\"elementor-column elementor-col-50 elementor-inner-column elementor-element elementor-element-6d3b91b3\" data-id=\"6d3b91b3\" data-element_type=\"column\" data-e-type=\"column\">\n\t\t\t<div class=\"elementor-widget-wrap elementor-element-populated\">\n\t\t\t\t\t\t<div class=\"elementor-element elementor-element-2fad0dbe elementor-widget elementor-widget-image\" data-id=\"2fad0dbe\" data-element_type=\"widget\" data-e-type=\"widget\" data-widget_type=\"image.default\">\n\t\t\t\t<div class=\"elementor-widget-container\">\n\t\t\t\t\t\t\t\t\t\t\t\t\t\t\t<img decoding=\"async\" width=\"1024\" height=\"1024\" src=\"https:\/\/www.hairtrans.net\/fr\/wp-content\/uploads\/2025\/01\/L2-1024x1024.webp\" class=\"attachment-large size-large wp-image-1999\" alt=\"\" srcset=\"https:\/\/www.hairtrans.net\/fr\/wp-content\/uploads\/2025\/01\/L2-1024x1024.webp 1024w, https:\/\/www.hairtrans.net\/fr\/wp-content\/uploads\/2025\/01\/L2-300x300.webp 300w, https:\/\/www.hairtrans.net\/fr\/wp-content\/uploads\/2025\/01\/L2-150x150.webp 150w, https:\/\/www.hairtrans.net\/fr\/wp-content\/uploads\/2025\/01\/L2-768x768.webp 768w, https:\/\/www.hairtrans.net\/fr\/wp-content\/uploads\/2025\/01\/L2.webp 1080w\" sizes=\"(max-width: 1024px) 100vw, 1024px\" \/>\t\t\t\t\t\t\t\t\t\t\t\t\t\t\t<\/div>\n\t\t\t\t<\/div>\n\t\t\t\t\t<\/div>\n\t\t<\/div>\n\t\t\t\t<div class=\"elementor-column elementor-col-50 elementor-inner-column elementor-element elementor-element-37ff370f\" data-id=\"37ff370f\" data-element_type=\"column\" data-e-type=\"column\">\n\t\t\t<div class=\"elementor-widget-wrap elementor-element-populated\">\n\t\t\t\t\t\t<div class=\"elementor-element elementor-element-0ede7fd elementor-widget elementor-widget-text-editor\" data-id=\"0ede7fd\" data-element_type=\"widget\" data-e-type=\"widget\" data-widget_type=\"text-editor.default\">\n\t\t\t\t<div class=\"elementor-widget-container\">\n\t\t\t\t\t\t\t\t\t<p>De plus, les facettes en zirconium et les facettes stratifi\u00e9es conviennent g\u00e9n\u00e9ralement aux profils de patients dont les besoins et les souhaits sont diff\u00e9rents les uns des autres. Par cons\u00e9quent, lorsque vous choisissez entre des facettes dentaires en zirconium et des facettes stratifi\u00e9es, vous devez pr\u00eater attention aux caract\u00e9ristiques de ces facettes et d\u00e9terminer si elles vous conviennent.<\/p><p>Les facettes stratifi\u00e9es sont un type de facettes g\u00e9n\u00e9ralement utilis\u00e9es sur la face avant des dents et qui permettent de r\u00e9soudre les probl\u00e8mes de l\u00e9g\u00e8re rugosit\u00e9 ou de d\u00e9coloration. Bien que les facettes en zirconium puissent \u00e9galement \u00eatre utilis\u00e9es dans le domaine de l&#8217;<b>esth\u00e9tique dentaire<\/b>, elles sont g\u00e9n\u00e9ralement utilis\u00e9es pour restaurer la fonction de la dent. Alors que les facettes stratifi\u00e9es sont appliqu\u00e9es une par une sur les dents, les facettes en zirconium sont con\u00e7ues pour maintenir plusieurs dents en m\u00eame temps, comme un bridge. Les facettes en zirconium peuvent donc int\u00e9resser les personnes qui souhaitent que plusieurs dents retrouvent leur fonction et leur aspect esth\u00e9tique. Les facettes stratifi\u00e9es peuvent \u00eatre id\u00e9ales pour les personnes qui souhaitent obtenir un aspect blanc, lisse et naturel sur la surface de leurs dents sans perte de fonction.<\/p>\t\t\t\t\t\t\t\t<\/div>\n\t\t\t\t<\/div>\n\t\t\t\t\t<\/div>\n\t\t<\/div>\n\t\t\t\t\t<\/div>\n\t\t<\/section>\n\t\t\t\t\t<\/div>\n\t\t<\/div>\n\t\t\t\t\t<\/div>\n\t\t<\/section>\n\t\t\t\t<section class=\"elementor-section elementor-top-section elementor-element elementor-element-7247e856 elementor-section-stretched elementor-section-boxed elementor-section-height-default elementor-section-height-default\" data-id=\"7247e856\" data-element_type=\"section\" data-e-type=\"section\" data-settings=\"{&quot;background_background&quot;:&quot;classic&quot;,&quot;stretch_section&quot;:&quot;section-stretched&quot;}\">\n\t\t\t\t\t\t<div class=\"elementor-container elementor-column-gap-default\">\n\t\t\t\t\t<div class=\"elementor-column elementor-col-100 elementor-top-column elementor-element elementor-element-1ba723cc\" data-id=\"1ba723cc\" data-element_type=\"column\" data-e-type=\"column\">\n\t\t\t<div class=\"elementor-widget-wrap elementor-element-populated\">\n\t\t\t\t\t\t<div class=\"elementor-element elementor-element-44c2a1f3 elementor-widget elementor-widget-heading\" data-id=\"44c2a1f3\" data-element_type=\"widget\" data-e-type=\"widget\" data-widget_type=\"heading.default\">\n\t\t\t\t<div class=\"elementor-widget-container\">\n\t\t\t\t\t<h2 class=\"elementor-heading-title elementor-size-default\">Avantages des facettes dentaires stratifi\u00e9es Veener <\/h2>\t\t\t\t<\/div>\n\t\t\t\t<\/div>\n\t\t\t\t<section class=\"elementor-section elementor-inner-section elementor-element elementor-element-31c15d5d elementor-section-boxed elementor-section-height-default elementor-section-height-default\" data-id=\"31c15d5d\" data-element_type=\"section\" data-e-type=\"section\">\n\t\t\t\t\t\t<div class=\"elementor-container elementor-column-gap-default\">\n\t\t\t\t\t<div class=\"elementor-column elementor-col-50 elementor-inner-column elementor-element elementor-element-44db30b4\" data-id=\"44db30b4\" data-element_type=\"column\" data-e-type=\"column\">\n\t\t\t<div class=\"elementor-widget-wrap elementor-element-populated\">\n\t\t\t\t\t\t<div class=\"elementor-element elementor-element-50c0486e elementor-widget elementor-widget-text-editor\" data-id=\"50c0486e\" data-element_type=\"widget\" data-e-type=\"widget\" data-widget_type=\"text-editor.default\">\n\t\t\t\t<div class=\"elementor-widget-container\">\n\t\t\t\t\t\t\t\t\t<ul><li>Les facettes stratifi\u00e9es sont l&#8217;un des types de facettes dentaires <b>d&#8217;aspect naturel<\/b>. Elles ressemblent donc \u00e0 vos dents naturelles.<\/li><li>Comme les facettes stratifi\u00e9es ne contiennent pas d&#8217;alliages m\u00e9talliques, aucune d\u00e9coloration n&#8217;est visible.<\/li><li>Les facettes dentaires stratifi\u00e9es, solides et durables, ne se fissurent pas, ne se cassent pas et ne se d\u00e9tachent pas de la surface des dents, sauf dans des situations extr\u00eames.<\/li><li>Les facettes stratifi\u00e9es sont appliqu\u00e9es une par une sur les dents, mais peuvent \u00e9galement \u00eatre appliqu\u00e9es sur plusieurs dents selon la demande du patient.<\/li><li>Les facettes stratifi\u00e9es, qui ont une surface lisse, contribuent \u00e0 obtenir un r\u00e9sultat esth\u00e9tique.<\/li><li>Comme les facettes stratifi\u00e9es sont fabriqu\u00e9es sans alliages m\u00e9talliques, elles ne causent pas de probl\u00e8mes tels que la sensibilit\u00e9 des gencives, sauf dans des situations extr\u00eames.<\/li><li>Comme le rev\u00eatement en facettes lamin\u00e9es est g\u00e9n\u00e9ralement appliqu\u00e9 en fine couche, il ne donne pas l&#8217;impression d&#8217;avoir un corps \u00e9tranger dans la bouche. Ainsi, les patients qui portent des facettes lamin\u00e9es ne ressentent aucune g\u00eane.<\/li><li>\u00a0<\/li><\/ul>\t\t\t\t\t\t\t\t<\/div>\n\t\t\t\t<\/div>\n\t\t\t\t\t<\/div>\n\t\t<\/div>\n\t\t\t\t<div class=\"elementor-column elementor-col-50 elementor-inner-column elementor-element elementor-element-76e7dc0f\" data-id=\"76e7dc0f\" data-element_type=\"column\" data-e-type=\"column\">\n\t\t\t<div class=\"elementor-widget-wrap elementor-element-populated\">\n\t\t\t\t\t\t<div class=\"elementor-element elementor-element-271ce8d2 elementor-widget elementor-widget-image\" data-id=\"271ce8d2\" data-element_type=\"widget\" data-e-type=\"widget\" data-widget_type=\"image.default\">\n\t\t\t\t<div class=\"elementor-widget-container\">\n\t\t\t\t\t\t\t\t\t\t\t\t\t\t\t<img loading=\"lazy\" decoding=\"async\" width=\"1024\" height=\"1024\" src=\"https:\/\/www.hairtrans.net\/fr\/wp-content\/uploads\/2025\/01\/L5-1024x1024.webp\" class=\"attachment-large size-large wp-image-2000\" alt=\"\" srcset=\"https:\/\/www.hairtrans.net\/fr\/wp-content\/uploads\/2025\/01\/L5-1024x1024.webp 1024w, https:\/\/www.hairtrans.net\/fr\/wp-content\/uploads\/2025\/01\/L5-300x300.webp 300w, https:\/\/www.hairtrans.net\/fr\/wp-content\/uploads\/2025\/01\/L5-150x150.webp 150w, https:\/\/www.hairtrans.net\/fr\/wp-content\/uploads\/2025\/01\/L5-768x768.webp 768w, https:\/\/www.hairtrans.net\/fr\/wp-content\/uploads\/2025\/01\/L5.webp 1080w\" sizes=\"(max-width: 1024px) 100vw, 1024px\" \/>\t\t\t\t\t\t\t\t\t\t\t\t\t\t\t<\/div>\n\t\t\t\t<\/div>\n\t\t\t\t\t<\/div>\n\t\t<\/div>\n\t\t\t\t\t<\/div>\n\t\t<\/section>\n\t\t\t\t\t<\/div>\n\t\t<\/div>\n\t\t\t\t\t<\/div>\n\t\t<\/section>\n\t\t\t\t<section class=\"elementor-section elementor-top-section elementor-element elementor-element-7539768e elementor-section-boxed elementor-section-height-default elementor-section-height-default\" data-id=\"7539768e\" data-element_type=\"section\" data-e-type=\"section\" data-settings=\"{&quot;background_background&quot;:&quot;classic&quot;}\">\n\t\t\t\t\t\t<div class=\"elementor-container elementor-column-gap-default\">\n\t\t\t\t\t<div class=\"elementor-column elementor-col-100 elementor-top-column elementor-element elementor-element-5d0384f1\" data-id=\"5d0384f1\" data-element_type=\"column\" data-e-type=\"column\">\n\t\t\t<div class=\"elementor-widget-wrap elementor-element-populated\">\n\t\t\t\t\t\t<div class=\"elementor-element elementor-element-1dea626 elementor-widget elementor-widget-heading\" data-id=\"1dea626\" data-element_type=\"widget\" data-e-type=\"widget\" data-widget_type=\"heading.default\">\n\t\t\t\t<div class=\"elementor-widget-container\">\n\t\t\t\t\t<h2 class=\"elementor-heading-title elementor-size-default\">Quels sont les \u00e9l\u00e9ments \u00e0 prendre en compte avant et apr\u00e8s la pose de facettes stratifi\u00e9es ?<\/h2>\t\t\t\t<\/div>\n\t\t\t\t<\/div>\n\t\t\t\t<div class=\"elementor-element elementor-element-5016c81 elementor-widget elementor-widget-text-editor\" data-id=\"5016c81\" data-element_type=\"widget\" data-e-type=\"widget\" data-widget_type=\"text-editor.default\">\n\t\t\t\t<div class=\"elementor-widget-container\">\n\t\t\t\t\t\t\t\t\t<p>Les \u00e9l\u00e9ments \u00e0 prendre en compte avant et apr\u00e8s la pose de facettes lamin\u00e9es sont tr\u00e8s importants afin de ne pas compromettre la sant\u00e9 dentaire de la personne en raison de l&#8217;application et d&#8217;obtenir une efficacit\u00e9 maximale. Avant la pose de facettes lamin\u00e9es, il convient de r\u00e9aliser les applications susceptibles de provoquer une sensibilit\u00e9 gingivale, telles que le blanchiment des dents. En outre, si une maladie dentaire est pr\u00e9sente avant l&#8217;application, celle-ci doit \u00eatre trait\u00e9e et l&#8217;application doit \u00eatre commenc\u00e9e une fois le processus de traitement termin\u00e9.<br \/>L&#8217;une des choses \u00e0 prendre en compte avant et apr\u00e8s la pose de facettes lamin\u00e9es est de ne pas fumer et de ne pas boire d&#8217;alcool. Le tabagisme et la consommation d&#8217;alcool compromettant la sant\u00e9 bucco-dentaire, ils peuvent emp\u00eacher d&#8217;obtenir une efficacit\u00e9 optimale des facettes dentaires lamin\u00e9es. De plus, quel que soit le temps \u00e9coul\u00e9 apr\u00e8s la pose des facettes lamin\u00e9es, il ne faut pas m\u00e2cher d&#8217;aliments tr\u00e8s durs sur la dent recouverte. Les aliments tr\u00e8s durs peuvent provoquer la rupture ou la fissuration de la facette stratifi\u00e9e, qui a une structure tr\u00e8s fine, pendant la mastication. Les fissures et les fractures peuvent entra\u00eener la s\u00e9paration du rev\u00eatement stratifi\u00e9 de la dent.<\/p>\t\t\t\t\t\t\t\t<\/div>\n\t\t\t\t<\/div>\n\t\t\t\t\t<\/div>\n\t\t<\/div>\n\t\t\t\t\t<\/div>\n\t\t<\/section>\n\t\t\t\t<section class=\"elementor-section elementor-top-section elementor-element elementor-element-4e01172f elementor-section-boxed elementor-section-height-default elementor-section-height-default\" data-id=\"4e01172f\" data-element_type=\"section\" data-e-type=\"section\">\n\t\t\t\t\t\t<div class=\"elementor-container elementor-column-gap-default\">\n\t\t\t\t\t<div class=\"elementor-column elementor-col-100 elementor-top-column elementor-element elementor-element-30a142b7\" data-id=\"30a142b7\" data-element_type=\"column\" data-e-type=\"column\">\n\t\t\t<div class=\"elementor-widget-wrap elementor-element-populated\">\n\t\t\t\t\t\t<div class=\"elementor-element elementor-element-7addd652 elementor-widget elementor-widget-heading\" data-id=\"7addd652\" data-element_type=\"widget\" data-e-type=\"widget\" data-widget_type=\"heading.default\">\n\t\t\t\t<div class=\"elementor-widget-container\">\n\t\t\t\t\t<h2 class=\"elementor-heading-title elementor-size-default\">Questions fr\u00e9quemment pos\u00e9es<\/h2>\t\t\t\t<\/div>\n\t\t\t\t<\/div>\n\t\t\t\t<div class=\"elementor-element elementor-element-58f4223 elementor-widget elementor-widget-text-editor\" data-id=\"58f4223\" data-element_type=\"widget\" data-e-type=\"widget\" data-widget_type=\"text-editor.default\">\n\t\t\t\t<div class=\"elementor-widget-container\">\n\t\t\t\t\t\t\t\t\t<p>Nos consultants m\u00e9dicaux pr\u00e9sents dans 8 pays sont \u00e0 votre service 24h\/24 et 7j\/7 pour vous accompagner \u00e0 tout moment.<\/p>\t\t\t\t\t\t\t\t<\/div>\n\t\t\t\t<\/div>\n\t\t\t\t<section class=\"elementor-section elementor-inner-section elementor-element elementor-element-56b6fd56 elementor-section-boxed elementor-section-height-default elementor-section-height-default\" data-id=\"56b6fd56\" data-element_type=\"section\" data-e-type=\"section\">\n\t\t\t\t\t\t<div class=\"elementor-container elementor-column-gap-default\">\n\t\t\t\t\t<div class=\"elementor-column elementor-col-50 elementor-inner-column elementor-element elementor-element-7d2b50fc\" data-id=\"7d2b50fc\" data-element_type=\"column\" data-e-type=\"column\">\n\t\t\t<div class=\"elementor-widget-wrap elementor-element-populated\">\n\t\t\t\t\t\t<div class=\"elementor-element elementor-element-5c64f068 elementor-widget elementor-widget-accordion\" data-id=\"5c64f068\" data-element_type=\"widget\" data-e-type=\"widget\" data-widget_type=\"accordion.default\">\n\t\t\t\t<div class=\"elementor-widget-container\">\n\t\t\t\t\t\t\t<div class=\"elementor-accordion\">\n\t\t\t\t\t\t\t<div class=\"elementor-accordion-item\">\n\t\t\t\t\t<h3 id=\"elementor-tab-title-1551\" class=\"elementor-tab-title\" data-tab=\"1\" role=\"button\" aria-controls=\"elementor-tab-content-1551\" aria-expanded=\"false\">\n\t\t\t\t\t\t\t\t\t\t\t\t\t<span class=\"elementor-accordion-icon elementor-accordion-icon-left\" aria-hidden=\"true\">\n\t\t\t\t\t\t\t\t\t\t\t\t\t\t\t<span class=\"elementor-accordion-icon-closed\"><svg class=\"e-font-icon-svg e-fas-caret-right\" viewBox=\"0 0 192 512\" xmlns=\"http:\/\/www.w3.org\/2000\/svg\"><path d=\"M0 384.662V127.338c0-17.818 21.543-26.741 34.142-14.142l128.662 128.662c7.81 7.81 7.81 20.474 0 28.284L34.142 398.804C21.543 411.404 0 402.48 0 384.662z\"><\/path><\/svg><\/span>\n\t\t\t\t\t\t\t\t<span class=\"elementor-accordion-icon-opened\"><svg class=\"e-font-icon-svg e-fas-caret-up\" viewBox=\"0 0 320 512\" xmlns=\"http:\/\/www.w3.org\/2000\/svg\"><path d=\"M288.662 352H31.338c-17.818 0-26.741-21.543-14.142-34.142l128.662-128.662c7.81-7.81 20.474-7.81 28.284 0l128.662 128.662c12.6 12.599 3.676 34.142-14.142 34.142z\"><\/path><\/svg><\/span>\n\t\t\t\t\t\t\t\t\t\t\t\t\t\t<\/span>\n\t\t\t\t\t\t\t\t\t\t\t\t<a class=\"elementor-accordion-title\" tabindex=\"0\">Combien co\u00fbte le placage stratifi\u00e9 ?<\/a>\n\t\t\t\t\t<\/h3>\n\t\t\t\t\t<div id=\"elementor-tab-content-1551\" class=\"elementor-tab-content elementor-clearfix\" data-tab=\"1\" role=\"region\" aria-labelledby=\"elementor-tab-title-1551\"><p>Le prix des facettes stratifi\u00e9es est d\u00e9termin\u00e9 en tenant compte de plusieurs facteurs. L&#8217;un des facteurs qui joue le plus grand r\u00f4le dans la d\u00e9termination des prix est la largeur de la zone d&#8217;application. Plus le nombre de dents sur lesquelles les <b>facettes stratifi\u00e9es<\/b> sont appliqu\u00e9es est \u00e9lev\u00e9, plus le co\u00fbt peut \u00eatre \u00e9lev\u00e9. En outre, le type de facettes stratifi\u00e9es peut \u00e9galement entra\u00eener une augmentation ou une diminution du prix. Le fait que le dentiste qui r\u00e9alise l&#8217;application des facettes stratifi\u00e9es soit exp\u00e9riment\u00e9 et r\u00e9put\u00e9 peut \u00e9galement augmenter le prix.<\/p><\/div>\n\t\t\t\t<\/div>\n\t\t\t\t\t\t\t<div class=\"elementor-accordion-item\">\n\t\t\t\t\t<h3 id=\"elementor-tab-title-1552\" class=\"elementor-tab-title\" data-tab=\"2\" role=\"button\" aria-controls=\"elementor-tab-content-1552\" aria-expanded=\"false\">\n\t\t\t\t\t\t\t\t\t\t\t\t\t<span class=\"elementor-accordion-icon elementor-accordion-icon-left\" aria-hidden=\"true\">\n\t\t\t\t\t\t\t\t\t\t\t\t\t\t\t<span class=\"elementor-accordion-icon-closed\"><svg class=\"e-font-icon-svg e-fas-caret-right\" viewBox=\"0 0 192 512\" xmlns=\"http:\/\/www.w3.org\/2000\/svg\"><path d=\"M0 384.662V127.338c0-17.818 21.543-26.741 34.142-14.142l128.662 128.662c7.81 7.81 7.81 20.474 0 28.284L34.142 398.804C21.543 411.404 0 402.48 0 384.662z\"><\/path><\/svg><\/span>\n\t\t\t\t\t\t\t\t<span class=\"elementor-accordion-icon-opened\"><svg class=\"e-font-icon-svg e-fas-caret-up\" viewBox=\"0 0 320 512\" xmlns=\"http:\/\/www.w3.org\/2000\/svg\"><path d=\"M288.662 352H31.338c-17.818 0-26.741-21.543-14.142-34.142l128.662-128.662c7.81-7.81 20.474-7.81 28.284 0l128.662 128.662c12.6 12.599 3.676 34.142-14.142 34.142z\"><\/path><\/svg><\/span>\n\t\t\t\t\t\t\t\t\t\t\t\t\t\t<\/span>\n\t\t\t\t\t\t\t\t\t\t\t\t<a class=\"elementor-accordion-title\" tabindex=\"0\">Le placage stratifi\u00e9 est-il douloureux ?<\/a>\n\t\t\t\t\t<\/h3>\n\t\t\t\t\t<div id=\"elementor-tab-content-1552\" class=\"elementor-tab-content elementor-clearfix\" data-tab=\"2\" role=\"region\" aria-labelledby=\"elementor-tab-title-1552\"><p>Les facettes lamin\u00e9es font partie des applications dentaires indolores. En particulier, les facettes lamin\u00e9es pos\u00e9es sans nettoyage des caries ni processus d&#8217;abrasion ne peuvent causer aucune douleur. Cependant, si des proc\u00e9dures telles que le nettoyage partiel des caries ou l&#8217;abrasion sont n\u00e9cessaires pour les facettes lamin\u00e9es, une douleur minime peut \u00eatre ressentie en raison de ces proc\u00e9dures. Dans ce cas, vous pouvez consulter votre dentiste et utiliser des analg\u00e9siques ou demander des injections anesth\u00e9siantes.<\/p><\/div>\n\t\t\t\t<\/div>\n\t\t\t\t\t\t\t\t<\/div>\n\t\t\t\t\t\t<\/div>\n\t\t\t\t<\/div>\n\t\t\t\t\t<\/div>\n\t\t<\/div>\n\t\t\t\t<div class=\"elementor-column elementor-col-50 elementor-inner-column elementor-element elementor-element-4866dc2b\" data-id=\"4866dc2b\" data-element_type=\"column\" data-e-type=\"column\">\n\t\t\t<div class=\"elementor-widget-wrap elementor-element-populated\">\n\t\t\t\t\t\t<div class=\"elementor-element elementor-element-1489550e elementor-widget elementor-widget-accordion\" data-id=\"1489550e\" data-element_type=\"widget\" data-e-type=\"widget\" data-widget_type=\"accordion.default\">\n\t\t\t\t<div class=\"elementor-widget-container\">\n\t\t\t\t\t\t\t<div class=\"elementor-accordion\">\n\t\t\t\t\t\t\t<div class=\"elementor-accordion-item\">\n\t\t\t\t\t<h3 id=\"elementor-tab-title-3441\" class=\"elementor-tab-title\" data-tab=\"1\" role=\"button\" aria-controls=\"elementor-tab-content-3441\" aria-expanded=\"false\">\n\t\t\t\t\t\t\t\t\t\t\t\t\t<span class=\"elementor-accordion-icon elementor-accordion-icon-left\" aria-hidden=\"true\">\n\t\t\t\t\t\t\t\t\t\t\t\t\t\t\t<span class=\"elementor-accordion-icon-closed\"><svg class=\"e-font-icon-svg e-fas-caret-right\" viewBox=\"0 0 192 512\" xmlns=\"http:\/\/www.w3.org\/2000\/svg\"><path d=\"M0 384.662V127.338c0-17.818 21.543-26.741 34.142-14.142l128.662 128.662c7.81 7.81 7.81 20.474 0 28.284L34.142 398.804C21.543 411.404 0 402.48 0 384.662z\"><\/path><\/svg><\/span>\n\t\t\t\t\t\t\t\t<span class=\"elementor-accordion-icon-opened\"><svg class=\"e-font-icon-svg e-fas-caret-up\" viewBox=\"0 0 320 512\" xmlns=\"http:\/\/www.w3.org\/2000\/svg\"><path d=\"M288.662 352H31.338c-17.818 0-26.741-21.543-14.142-34.142l128.662-128.662c7.81-7.81 20.474-7.81 28.284 0l128.662 128.662c12.6 12.599 3.676 34.142-14.142 34.142z\"><\/path><\/svg><\/span>\n\t\t\t\t\t\t\t\t\t\t\t\t\t\t<\/span>\n\t\t\t\t\t\t\t\t\t\t\t\t<a class=\"elementor-accordion-title\" tabindex=\"0\">Quelle est la dur\u00e9e de vie des facettes stratifi\u00e9es ?<\/a>\n\t\t\t\t\t<\/h3>\n\t\t\t\t\t<div id=\"elementor-tab-content-3441\" class=\"elementor-tab-content elementor-clearfix\" data-tab=\"1\" role=\"region\" aria-labelledby=\"elementor-tab-title-3441\"><p>La dur\u00e9e de vie des facettes stratifi\u00e9es d\u00e9pend de plusieurs facteurs. Les facteurs qui influent le plus sur leur durabilit\u00e9 sont les conditions dans lesquelles elles sont pos\u00e9es et l&#8217;attention que la personne accorde \u00e0 sa sant\u00e9 bucco-dentaire. Pos\u00e9es dans de bonnes conditions par un dentiste exp\u00e9riment\u00e9, les facettes stratifi\u00e9es peuvent durer jusqu&#8217;\u00e0 15 ans sans aucun probl\u00e8me si la personne est attentive \u00e0 sa sant\u00e9 dentaire.<\/p><\/div>\n\t\t\t\t<\/div>\n\t\t\t\t\t\t\t<div class=\"elementor-accordion-item\">\n\t\t\t\t\t<h3 id=\"elementor-tab-title-3442\" class=\"elementor-tab-title\" data-tab=\"2\" role=\"button\" aria-controls=\"elementor-tab-content-3442\" aria-expanded=\"false\">\n\t\t\t\t\t\t\t\t\t\t\t\t\t<span class=\"elementor-accordion-icon elementor-accordion-icon-left\" aria-hidden=\"true\">\n\t\t\t\t\t\t\t\t\t\t\t\t\t\t\t<span class=\"elementor-accordion-icon-closed\"><svg class=\"e-font-icon-svg e-fas-caret-right\" viewBox=\"0 0 192 512\" xmlns=\"http:\/\/www.w3.org\/2000\/svg\"><path d=\"M0 384.662V127.338c0-17.818 21.543-26.741 34.142-14.142l128.662 128.662c7.81 7.81 7.81 20.474 0 28.284L34.142 398.804C21.543 411.404 0 402.48 0 384.662z\"><\/path><\/svg><\/span>\n\t\t\t\t\t\t\t\t<span class=\"elementor-accordion-icon-opened\"><svg class=\"e-font-icon-svg e-fas-caret-up\" viewBox=\"0 0 320 512\" xmlns=\"http:\/\/www.w3.org\/2000\/svg\"><path d=\"M288.662 352H31.338c-17.818 0-26.741-21.543-14.142-34.142l128.662-128.662c7.81-7.81 20.474-7.81 28.284 0l128.662 128.662c12.6 12.599 3.676 34.142-14.142 34.142z\"><\/path><\/svg><\/span>\n\t\t\t\t\t\t\t\t\t\t\t\t\t\t<\/span>\n\t\t\t\t\t\t\t\t\t\t\t\t<a class=\"elementor-accordion-title\" tabindex=\"0\">Que se passe-t-il si la facette stratifi\u00e9e tombe ?<\/a>\n\t\t\t\t\t<\/h3>\n\t\t\t\t\t<div id=\"elementor-tab-content-3442\" class=\"elementor-tab-content elementor-clearfix\" data-tab=\"2\" role=\"region\" aria-labelledby=\"elementor-tab-title-3442\"><p>Il est rare qu&#8217;une facette stratifi\u00e9e se d\u00e9tache. Dans ce cas, vous devez d&#8217;abord v\u00e9rifier si la facette d\u00e9tach\u00e9e se trouve dans votre bouche. Si c&#8217;est le cas, vous devez la retirer sans l&#8217;avaler. Avaler le mat\u00e9riau de la facette peut entra\u00eener des probl\u00e8mes de sant\u00e9. Apr\u00e8s avoir retir\u00e9 le mat\u00e9riau de la facette stratifi\u00e9e de votre bouche, vous devez consulter imm\u00e9diatement votre dentiste. Selon la situation, votre dentiste pourra recoller la facette \u00e0 votre dent ou vous recommander une nouvelle facette. De plus, si le mat\u00e9riau de la facette ne se trouve pas dans votre bouche, c&#8217;est-\u00e0-dire si vous avez probablement aval\u00e9 le mat\u00e9riau de la facette, vous devez consulter imm\u00e9diatement un m\u00e9decin.<\/p><\/div>\n\t\t\t\t<\/div>\n\t\t\t\t\t\t\t\t<\/div>\n\t\t\t\t\t\t<\/div>\n\t\t\t\t<\/div>\n\t\t\t\t\t<\/div>\n\t\t<\/div>\n\t\t\t\t\t<\/div>\n\t\t<\/section>\n\t\t\t\t\t<\/div>\n\t\t<\/div>\n\t\t\t\t\t<\/div>\n\t\t<\/section>\n\t\t\t\t<section class=\"elementor-section elementor-top-section elementor-element elementor-element-20cd00d5 elementor-section-boxed elementor-section-height-default elementor-section-height-default\" data-id=\"20cd00d5\" data-element_type=\"section\" data-e-type=\"section\" id=\"get-free-consultation\" data-settings=\"{&quot;background_background&quot;:&quot;classic&quot;}\">\n\t\t\t\t\t\t<div class=\"elementor-container elementor-column-gap-default\">\n\t\t\t\t\t<div class=\"elementor-column elementor-col-100 elementor-top-column elementor-element elementor-element-4491011\" data-id=\"4491011\" data-element_type=\"column\" data-e-type=\"column\">\n\t\t\t<div class=\"elementor-widget-wrap elementor-element-populated\">\n\t\t\t\t\t\t<div class=\"elementor-element elementor-element-7b248b6 elementor-widget elementor-widget-template\" data-id=\"7b248b6\" data-element_type=\"widget\" data-e-type=\"widget\" data-widget_type=\"template.default\">\n\t\t\t\t<div class=\"elementor-widget-container\">\n\t\t\t\t\t\t\t<div class=\"elementor-template\">\n\t\t\t\t\t<div data-elementor-type=\"section\" data-elementor-id=\"2075\" class=\"elementor elementor-2075\" data-elementor-post-type=\"elementor_library\">\n\t\t\t\t\t<section class=\"elementor-section elementor-top-section elementor-element elementor-element-7807842c elementor-section-boxed elementor-section-height-default elementor-section-height-default\" data-id=\"7807842c\" data-element_type=\"section\" data-e-type=\"section\" id=\"get-free-consultation\" data-settings=\"{&quot;background_background&quot;:&quot;classic&quot;}\">\n\t\t\t\t\t\t<div class=\"elementor-container elementor-column-gap-default\">\n\t\t\t\t\t<div class=\"elementor-column elementor-col-50 elementor-top-column elementor-element elementor-element-4c82ea46\" data-id=\"4c82ea46\" data-element_type=\"column\" data-e-type=\"column\">\n\t\t\t<div class=\"elementor-widget-wrap elementor-element-populated\">\n\t\t\t\t\t\t<div class=\"elementor-element elementor-element-2fad7b34 elementor-widget elementor-widget-heading\" data-id=\"2fad7b34\" data-element_type=\"widget\" data-e-type=\"widget\" data-widget_type=\"heading.default\">\n\t\t\t\t<div class=\"elementor-widget-container\">\n\t\t\t\t\t<h2 class=\"elementor-heading-title elementor-size-default\">Demander une consultation gratuite<\/h2>\t\t\t\t<\/div>\n\t\t\t\t<\/div>\n\t\t\t\t<div class=\"elementor-element elementor-element-4e2ec374 elementor-widget elementor-widget-text-editor\" data-id=\"4e2ec374\" data-element_type=\"widget\" data-e-type=\"widget\" data-widget_type=\"text-editor.default\">\n\t\t\t\t<div class=\"elementor-widget-container\">\n\t\t\t\t\t\t\t\t\t<p>Vous pouvez nous contacter pour toute question sur la transplantation capillaire en Turquie ou pour obtenir une \u00e9valuation gratuite de la perte de cheveux. Notre \u00e9quipe d&#8217;experts vous fournira toutes les informations n\u00e9cessaires.<\/p>\t\t\t\t\t\t\t\t<\/div>\n\t\t\t\t<\/div>\n\t\t\t\t\t<\/div>\n\t\t<\/div>\n\t\t\t\t<div class=\"elementor-column elementor-col-50 elementor-top-column elementor-element elementor-element-6f4d4634\" data-id=\"6f4d4634\" data-element_type=\"column\" data-e-type=\"column\">\n\t\t\t<div class=\"elementor-widget-wrap elementor-element-populated\">\n\t\t\t\t\t\t<section class=\"elementor-section elementor-inner-section elementor-element elementor-element-b3ab593 elementor-section-boxed elementor-section-height-default elementor-section-height-default\" data-id=\"b3ab593\" data-element_type=\"section\" data-e-type=\"section\" data-settings=\"{&quot;background_background&quot;:&quot;classic&quot;}\">\n\t\t\t\t\t\t<div class=\"elementor-container elementor-column-gap-default\">\n\t\t\t\t\t<div class=\"elementor-column elementor-col-100 elementor-inner-column elementor-element elementor-element-03962bb\" data-id=\"03962bb\" data-element_type=\"column\" data-e-type=\"column\">\n\t\t\t<div class=\"elementor-widget-wrap elementor-element-populated\">\n\t\t\t\t\t\t<div class=\"elementor-element elementor-element-f823e43 elementor-widget elementor-widget-text-editor\" data-id=\"f823e43\" data-element_type=\"widget\" data-e-type=\"widget\" data-widget_type=\"text-editor.default\">\n\t\t\t\t<div class=\"elementor-widget-container\">\n\t\t\t\t\t\t\t\t\t<div class=\"elementor-element elementor-element-cc91fde elementor-widget elementor-widget-text-editor\" data-id=\"cc91fde\" data-element_type=\"widget\" data-widget_type=\"text-editor.default\"><div class=\"elementor-widget-container\"><p style=\"text-align: center;\">Obtenez une analyse capillaire gratuite et une consultation de nos experts en greffe de cheveux.<\/p><\/div><\/div><section class=\"elementor-section elementor-inner-section elementor-element elementor-element-f92dac2 elementor-section-boxed elementor-section-height-default elementor-section-height-default\" data-id=\"f92dac2\" data-element_type=\"section\"><div class=\"elementor-container elementor-column-gap-default\"><div class=\"elementor-column elementor-col-50 elementor-inner-column elementor-element elementor-element-20de702\" data-id=\"20de702\" data-element_type=\"column\"><div class=\"elementor-widget-wrap elementor-element-populated\"><div class=\"elementor-element elementor-element-29f6ebe elementor-widget elementor-widget-mf-listing-fname\" data-id=\"29f6ebe\" data-element_type=\"widget\" data-settings=\"{&quot;mf_input_name&quot;:&quot;mf-listing-fname&quot;}\" data-widget_type=\"mf-listing-fname.default\"><div class=\"elementor-widget-container\">\u00a0<\/div><\/div><\/div><\/div><\/div><\/section>\t\t\t\t\t\t\t\t<\/div>\n\t\t\t\t<\/div>\n\t\t\t\t<div class=\"elementor-element elementor-element-1c46888 elementor-widget elementor-widget-wpforms\" data-id=\"1c46888\" data-element_type=\"widget\" data-e-type=\"widget\" data-widget_type=\"wpforms.default\">\n\t\t\t\t<div class=\"elementor-widget-container\">\n\t\t\t\t\t<style id=\"wpforms-css-vars-elementor-widget-1c46888\">\n\t\t\t\t.elementor-widget-wpforms.elementor-element-1c46888 {\n\t\t\t\t--wpforms-field-border-radius: 10px;\n--wpforms-button-border-radius: 10px;\n\t\t\t}\n\t\t\t<\/style><div class=\"wpforms-container wpforms-container-full wpforms-render-modern\" id=\"wpforms-2740\"><form id=\"wpforms-form-2740\" class=\"wpforms-validate wpforms-form wpforms-ajax-form\" data-formid=\"2740\" method=\"post\" enctype=\"multipart\/form-data\" action=\"\/fr\/wp-json\/wp\/v2\/pages\/1337\" data-token=\"cfb3cfe6a562541acfe790c7ce5c1db0\" data-token-time=\"1777544257\"><noscript class=\"wpforms-error-noscript\">Bu formu bitirebilmek i\u00e7in taray\u0131c\u0131n\u0131zda JavaScript&#039;i etkinle\u015ftirin.<\/noscript><div id=\"wpforms-error-noscript\" style=\"display: none;\">Bu formu bitirebilmek i\u00e7in taray\u0131c\u0131n\u0131zda JavaScript&#039;i etkinle\u015ftirin.<\/div><div class=\"wpforms-field-container\"><div id=\"wpforms-2740-field_1-container\" class=\"wpforms-field wpforms-field-name\" data-field-id=\"1\"><fieldset><legend class=\"wpforms-field-label wpforms-label-hide\" aria-hidden=\"false\">Name Surname <span class=\"wpforms-required-label\" aria-hidden=\"true\">*<\/span><\/legend><div class=\"wpforms-field-row wpforms-field-large\"><div class=\"wpforms-field-row-block wpforms-first wpforms-one-half\"><input type=\"text\" id=\"wpforms-2740-field_1\" class=\"wpforms-field-name-first wpforms-field-required\" name=\"wpforms[fields][1][first]\" placeholder=\"Nom *\" aria-errormessage=\"wpforms-2740-field_1-error\" required><label for=\"wpforms-2740-field_1\" class=\"wpforms-field-sublabel after wpforms-sublabel-hide\">Ad<\/label><\/div><div class=\"wpforms-field-row-block wpforms-one-half\"><input type=\"text\" id=\"wpforms-2740-field_1-last\" class=\"wpforms-field-name-last wpforms-field-required\" name=\"wpforms[fields][1][last]\" placeholder=\"Nom de famille *\" aria-errormessage=\"wpforms-2740-field_1-last-error\" required><label for=\"wpforms-2740-field_1-last\" class=\"wpforms-field-sublabel after wpforms-sublabel-hide\">Soyad<\/label><\/div><\/div><\/fieldset><\/div><div id=\"wpforms-2740-field_2-container\" class=\"wpforms-field wpforms-field-email\" data-field-id=\"2\"><label class=\"wpforms-field-label wpforms-label-hide\" for=\"wpforms-2740-field_2\" aria-hidden=\"false\">E-mail  <span class=\"wpforms-required-label\" aria-hidden=\"true\">*<\/span><\/label><input type=\"email\" id=\"wpforms-2740-field_2\" class=\"wpforms-field-large wpforms-field-required\" name=\"wpforms[fields][2]\" placeholder=\"E-mail *\" spellcheck=\"false\" aria-errormessage=\"wpforms-2740-field_2-error\" required><\/div>\t\t<div id=\"wpforms-2740-field_5-container\"\n\t\t\tclass=\"wpforms-field wpforms-field-text\"\n\t\t\tdata-field-type=\"text\"\n\t\t\tdata-field-id=\"5\"\n\t\t\t>\n\t\t\t<label class=\"wpforms-field-label\" for=\"wpforms-2740-field_5\" >Phone  Treatment<\/label>\n\t\t\t<input type=\"text\" id=\"wpforms-2740-field_5\" class=\"wpforms-field-medium\" name=\"wpforms[fields][5]\" >\n\t\t<\/div>\n\t\t<div id=\"wpforms-2740-field_3-container\" class=\"wpforms-field wpforms-field-phone\" data-field-id=\"3\"><label class=\"wpforms-field-label wpforms-label-hide\" for=\"wpforms-2740-field_3\" aria-hidden=\"false\">Phone Number <span class=\"wpforms-required-label\" aria-hidden=\"true\">*<\/span><\/label><input type=\"tel\" id=\"wpforms-2740-field_3\" class=\"wpforms-field-large wpforms-field-required wpforms-smart-phone-field\" data-rule-smart-phone-field=\"true\" name=\"wpforms[fields][3]\" aria-label=\"Phone Number\" aria-errormessage=\"wpforms-2740-field_3-error\" required><\/div><div id=\"wpforms-2740-field_4-container\" class=\"wpforms-field wpforms-field-text\" data-field-id=\"4\"><label class=\"wpforms-field-label wpforms-label-hide\" for=\"wpforms-2740-field_4\" aria-hidden=\"false\">Treatment of Interest <span class=\"wpforms-required-label\" aria-hidden=\"true\">*<\/span><\/label><input type=\"text\" id=\"wpforms-2740-field_4\" class=\"wpforms-field-large wpforms-field-required\" name=\"wpforms[fields][4]\" placeholder=\"le Traitement qui Vous \u0130nt\u00e9resse * \" aria-errormessage=\"wpforms-2740-field_4-error\" required><\/div><script>\n\t\t\t\t( function() {\n\t\t\t\t\tconst style = document.createElement( 'style' );\n\t\t\t\t\tstyle.appendChild( document.createTextNode( '#wpforms-2740-field_5-container { position: absolute !important; overflow: hidden !important; display: inline !important; height: 1px !important; width: 1px !important; z-index: -1000 !important; padding: 0 !important; } #wpforms-2740-field_5-container input { visibility: hidden; } #wpforms-conversational-form-page #wpforms-2740-field_5-container label { counter-increment: none; }' ) );\n\t\t\t\t\tdocument.head.appendChild( style );\n\t\t\t\t\tdocument.currentScript?.remove();\n\t\t\t\t} )();\n\t\t\t<\/script><\/div><!-- .wpforms-field-container --><div class=\"wpforms-submit-container\" ><input type=\"hidden\" name=\"wpforms[id]\" value=\"2740\"><input type=\"hidden\" name=\"page_title\" value=\"\"><input type=\"hidden\" name=\"page_url\" value=\"https:\/\/www.hairtrans.net\/fr\/wp-json\/wp\/v2\/pages\/1337\"><input type=\"hidden\" name=\"url_referer\" value=\"\"><button type=\"submit\" name=\"wpforms[submit]\" id=\"wpforms-submit-2740\" class=\"wpforms-submit\" data-alt-text=\"Envoi...\" data-submit-text=\"Envoyer Maintenant !\" aria-live=\"assertive\" value=\"wpforms-submit\">Envoyer Maintenant !<\/button><img loading=\"lazy\" decoding=\"async\" src=\"https:\/\/www.hairtrans.net\/fr\/wp-content\/plugins\/wpforms\/assets\/images\/submit-spin.svg\" class=\"wpforms-submit-spinner\" style=\"display: none;\" width=\"26\" height=\"26\" alt=\"Y\u00fckleniyor\"><\/div><\/form><\/div>  <!-- .wpforms-container -->\t\t\t\t<\/div>\n\t\t\t\t<\/div>\n\t\t\t\t\t<\/div>\n\t\t<\/div>\n\t\t\t\t\t<\/div>\n\t\t<\/section>\n\t\t\t\t\t<\/div>\n\t\t<\/div>\n\t\t\t\t\t<\/div>\n\t\t<\/section>\n\t\t\t\t<\/div>\n\t\t\t\t<\/div>\n\t\t\t\t\t\t<\/div>\n\t\t\t\t<\/div>\n\t\t\t\t\t<\/div>\n\t\t<\/div>\n\t\t\t\t\t<\/div>\n\t\t<\/section>\n\t\t\t\t<\/div>\n\t\t","protected":false},"excerpt":{"rendered":"<p>T\u00f4le lamin\u00e9e Life Time Tratamientos dentales La plastie abdominale permet d&#8217;\u00e9liminer l&#8217;exc\u00e8s de graisse et le rel\u00e2chement de la peau [&hellip;]<\/p>\n","protected":false},"author":1,"featured_media":0,"parent":0,"menu_order":0,"comment_status":"closed","ping_status":"closed","template":"","meta":{"_uag_custom_page_level_css":"","site-sidebar-layout":"no-sidebar","site-content-layout":"","ast-site-content-layout":"full-width-container","site-content-style":"default","site-sidebar-style":"default","ast-global-header-display":"","ast-banner-title-visibility":"","ast-main-header-display":"","ast-hfb-above-header-display":"","ast-hfb-below-header-display":"","ast-hfb-mobile-header-display":"","site-post-title":"disabled","ast-breadcrumbs-content":"","ast-featured-img":"disabled","footer-sml-layout":"","ast-disable-related-posts":"","theme-transparent-header-meta":"","adv-header-id-meta":"","stick-header-meta":"","header-above-stick-meta":"","header-main-stick-meta":"","header-below-stick-meta":"","astra-migrate-meta-layouts":"default","ast-page-background-enabled":"default","ast-page-background-meta":{"desktop":{"background-color":"var(--ast-global-color-4)","background-image":"","background-repeat":"repeat","background-position":"center center","background-size":"auto","background-attachment":"scroll","background-type":"","background-media":"","overlay-type":"","overlay-color":"","overlay-opacity":"","overlay-gradient":""},"tablet":{"background-color":"","background-image":"","background-repeat":"repeat","background-position":"center center","background-size":"auto","background-attachment":"scroll","background-type":"","background-media":"","overlay-type":"","overlay-color":"","overlay-opacity":"","overlay-gradient":""},"mobile":{"background-color":"","background-image":"","background-repeat":"repeat","background-position":"center center","background-size":"auto","background-attachment":"scroll","background-type":"","background-media":"","overlay-type":"","overlay-color":"","overlay-opacity":"","overlay-gradient":""}},"ast-content-background-meta":{"desktop":{"background-color":"var(--ast-global-color-5)","background-image":"","background-repeat":"repeat","background-position":"center center","background-size":"auto","background-attachment":"scroll","background-type":"","background-media":"","overlay-type":"","overlay-color":"","overlay-opacity":"","overlay-gradient":""},"tablet":{"background-color":"var(--ast-global-color-5)","background-image":"","background-repeat":"repeat","background-position":"center center","background-size":"auto","background-attachment":"scroll","background-type":"","background-media":"","overlay-type":"","overlay-color":"","overlay-opacity":"","overlay-gradient":""},"mobile":{"background-color":"var(--ast-global-color-5)","background-image":"","background-repeat":"repeat","background-position":"center center","background-size":"auto","background-attachment":"scroll","background-type":"","background-media":"","overlay-type":"","overlay-color":"","overlay-opacity":"","overlay-gradient":""}},"footnotes":""},"categories":[13],"tags":[],"class_list":["post-1337","page","type-page","status-publish","hentry","category-dt"],"uagb_featured_image_src":{"full":false,"thumbnail":false,"medium":false,"medium_large":false,"large":false,"1536x1536":false,"2048x2048":false},"uagb_author_info":{"display_name":"lifetime","author_link":"https:\/\/www.hairtrans.net\/fr\/author\/lifetime\/"},"uagb_comment_info":0,"uagb_excerpt":"T\u00f4le lamin\u00e9e Life Time Tratamientos dentales La plastie abdominale permet d&#8217;\u00e9liminer l&#8217;exc\u00e8s de graisse et le rel\u00e2chement de la peau [&hellip;]","_links":{"self":[{"href":"https:\/\/www.hairtrans.net\/fr\/wp-json\/wp\/v2\/pages\/1337","targetHints":{"allow":["GET"]}}],"collection":[{"href":"https:\/\/www.hairtrans.net\/fr\/wp-json\/wp\/v2\/pages"}],"about":[{"href":"https:\/\/www.hairtrans.net\/fr\/wp-json\/wp\/v2\/types\/page"}],"author":[{"embeddable":true,"href":"https:\/\/www.hairtrans.net\/fr\/wp-json\/wp\/v2\/users\/1"}],"replies":[{"embeddable":true,"href":"https:\/\/www.hairtrans.net\/fr\/wp-json\/wp\/v2\/comments?post=1337"}],"version-history":[{"count":5,"href":"https:\/\/www.hairtrans.net\/fr\/wp-json\/wp\/v2\/pages\/1337\/revisions"}],"predecessor-version":[{"id":2970,"href":"https:\/\/www.hairtrans.net\/fr\/wp-json\/wp\/v2\/pages\/1337\/revisions\/2970"}],"wp:attachment":[{"href":"https:\/\/www.hairtrans.net\/fr\/wp-json\/wp\/v2\/media?parent=1337"}],"wp:term":[{"taxonomy":"category","embeddable":true,"href":"https:\/\/www.hairtrans.net\/fr\/wp-json\/wp\/v2\/categories?post=1337"},{"taxonomy":"post_tag","embeddable":true,"href":"https:\/\/www.hairtrans.net\/fr\/wp-json\/wp\/v2\/tags?post=1337"}],"curies":[{"name":"wp","href":"https:\/\/api.w.org\/{rel}","templated":true}]}}